{"id":3913,"date":"2013-08-18T15:41:31","date_gmt":"2013-08-18T15:41:31","guid":{"rendered":"http:\/\/localhost:8888\/test\/?page_id=650"},"modified":"2013-08-18T15:41:31","modified_gmt":"2013-08-18T15:41:31","slug":"products-2","status":"publish","type":"page","link":"https:\/\/editionslightmotiv.com\/en\/products-2\/","title":{"rendered":"Products"},"content":{"rendered":"<div class=\"banner has-hover\" id=\"banner-638446993\">\n          <div class=\"banner-inner fill\">\n        <div class=\"banner-bg fill\" >\n                                    <div class=\"overlay\"><\/div>            \n                    <\/div>\n\t\t\n        <div class=\"banner-layers container\">\n            <div class=\"fill banner-link\"><\/div>            \n   <div id=\"text-box-2113598158\" class=\"text-box banner-layer x50 md-x50 lg-x50 y50 md-y50 lg-y50 res-text\">\n              <div data-parallax=\"-4\" data-parallax-fade=\"true\">                  <div class=\"text-box-content text dark\">\n              \n              <div class=\"text-inner text-center\">\n                  \n<h2 class=\"uppercase\"><strong>Product Element<\/strong><\/h2>\n<p class=\"lead\">List products anywhere in a beautiful style. Choose between Slider, Rows, Grid and Masonry Style. Select products from a custom category or sort by sales, featured items or latest. You can also select custom products.<\/p>\n              <\/div>\n           <\/div>\n              <\/div>              \n<style>\n#text-box-2113598158 {\n  width: 66%;\n}\n#text-box-2113598158 .text-box-content {\n  font-size: 100%;\n}\n<\/style>\n    <\/div>\n \n        <\/div>\n      <\/div>\n\n            \n<style>\n#banner-638446993 {\n  padding-top: 451px;\n}\n#banner-638446993 .overlay {\n  background-color: rgba(0, 0, 0, 0.45);\n}\n<\/style>\n  <\/div>\n\n\n<div class=\"container section-title-container\" ><h3 class=\"section-title section-title-bold-center\"><b aria-hidden=\"true\"><\/b><span class=\"section-title-main\" >Simple Sale Slider<\/span><b aria-hidden=\"true\"><\/b><\/h3><\/div>\n\t\n  \n    <div class=\"row large-columns-4 medium-columns-3 small-columns-2 row-small slider row-slider slider-nav-reveal slider-nav-push\"  data-flickity-options='{&quot;imagesLoaded&quot;: true, &quot;groupCells&quot;: &quot;100%&quot;, &quot;dragThreshold&quot; : 5, &quot;cellAlign&quot;: &quot;left&quot;,&quot;wrapAround&quot;: true,&quot;prevNextButtons&quot;: true,&quot;percentPosition&quot;: true,&quot;pageDots&quot;: false, &quot;rightToLeft&quot;: false, &quot;autoPlay&quot; : false}' >\n\n  <\/div>\n<div class=\"container section-title-container\" ><h3 class=\"section-title section-title-bold-center\"><b aria-hidden=\"true\"><\/b><span class=\"section-title-main\" ><i class=\"icon-star\" aria-hidden=\"true\"><\/i>Featured Products Slider<\/span><b aria-hidden=\"true\"><\/b><\/h3><\/div>\n\t\n  \n    <div class=\"row large-columns-4 medium-columns-3 small-columns-2 row-small slider row-slider slider-nav-reveal slider-nav-push\"  data-flickity-options='{&quot;imagesLoaded&quot;: true, &quot;groupCells&quot;: &quot;100%&quot;, &quot;dragThreshold&quot; : 5, &quot;cellAlign&quot;: &quot;left&quot;,&quot;wrapAround&quot;: true,&quot;prevNextButtons&quot;: true,&quot;percentPosition&quot;: true,&quot;pageDots&quot;: false, &quot;rightToLeft&quot;: false, &quot;autoPlay&quot; : false}' >\n\n  <\/div>\n<div class=\"container section-title-container\" ><h3 class=\"section-title section-title-bold-center\"><b aria-hidden=\"true\"><\/b><span class=\"section-title-main\" ><i class=\"icon-heart\" aria-hidden=\"true\"><\/i>Best Selling Products<\/span><b aria-hidden=\"true\"><\/b><\/h3><\/div>\n\t\n  \n    <div class=\"row large-columns-4 medium-columns-3 small-columns-2 row-small slider row-slider slider-nav-reveal slider-nav-push\"  data-flickity-options='{&quot;imagesLoaded&quot;: true, &quot;groupCells&quot;: &quot;100%&quot;, &quot;dragThreshold&quot; : 5, &quot;cellAlign&quot;: &quot;left&quot;,&quot;wrapAround&quot;: true,&quot;prevNextButtons&quot;: true,&quot;percentPosition&quot;: true,&quot;pageDots&quot;: false, &quot;rightToLeft&quot;: false, &quot;autoPlay&quot; : false}' >\n\n  \n\t     <div class=\"product-small col has-hover product type-product post-2825 status-publish first instock product_cat-livre product_tag-argentique product_tag-black-and-white product_tag-black-and-white-photography product_tag-carnaval product_tag-carnival product_tag-espagne product_tag-film-photography product_tag-livre-photographique product_tag-mascarade product_tag-masquerade product_tag-medium-format product_tag-moyen-format product_tag-pagan product_tag-paganisme product_tag-paien product_tag-photobook product_tag-photographie-noir-et-blanc product_tag-portugal product_tag-ritual product_tag-rituel product_tag-spain product_tag-yannick-cormier has-post-thumbnail shipping-taxable purchasable product-type-simple\">\n\t<div class=\"col-inner\">\n\t\n<div class=\"badge-container absolute left top z-1\">\n\n<\/div>\n\t<div class=\"product-small box\">\n\t\t<div class=\"box-image\">\n\t\t\t<div class=\"image-zoom-fade\">\n\t\t\t\t<a href=\"https:\/\/editionslightmotiv.com\/en\/product\/tierra-magica\/\">\n\t\t\t\t\t<img loading=\"lazy\" decoding=\"async\" width=\"600\" height=\"720\" src=\"https:\/\/editionslightmotiv.com\/wp-content\/uploads\/2021\/11\/couvTMrecto_siteweb-600x720.jpg\" class=\"attachment-woocommerce_thumbnail size-woocommerce_thumbnail\" alt=\"Couverture du livre photographique TIERRA M\u00c1GICA de Yannick Cormier publi\u00e9 par les Editions Light Motiv en novembre 2021 sur les mascarades et rituels carnavalesques d&#039;Espagne\" \/>\t\t\t\t<\/a>\n\t\t\t<\/div>\n\t\t\t<div class=\"image-tools is-small top right show-on-hover\">\n\t\t\t\t\t\t\t<\/div>\n\t\t\t<div class=\"image-tools is-small hide-for-small bottom left show-on-hover\">\n\t\t\t\t\t\t\t<\/div>\n\t\t\t<div class=\"image-tools grid-tools text-center hide-for-small bottom hover-slide-in show-on-hover\">\n\t\t\t\t<a href=\"\/en\/wp-json\/wp\/v2\/pages\/3913?add-to-cart=2825\" aria-describedby=\"woocommerce_loop_add_to_cart_link_describedby_2825\" data-quantity=\"1\" class=\"add-to-cart-grid no-padding is-transparent product_type_simple add_to_cart_button ajax_add_to_cart\" data-product_id=\"2825\" data-product_sku=\"\" aria-label=\"Add to basket: \u201cTIERRA M\u00c1GICA\u201d\" rel=\"nofollow\" data-success_message=\"\u201cTIERRA M\u00c1GICA\u201d has been added to your basket\" role=\"button\" data-no-translation-aria-label=\"\" data-no-translation-data-success_message=\"\"><div class=\"cart-icon tooltip is-small\" title=\"Add to cart\" data-no-translation-title=\"\"><strong>+<\/strong><\/div><\/a>\t<span id=\"woocommerce_loop_add_to_cart_link_describedby_2825\" class=\"screen-reader-text\">\n\t\t\t<\/span>\n<a href=\"#quick-view\" class=\"quick-view\" role=\"button\" data-prod=\"2825\" aria-haspopup=\"dialog\" aria-expanded=\"false\" data-flatsome-role-button>Quick View<\/a>\t\t\t<\/div>\n\t\t\t\t\t<\/div>\n\n\t\t<div class=\"box-text box-text-products text-center grid-style-2\">\n\t\t\t<div class=\"title-wrapper\"><p class=\"name product-title woocommerce-loop-product__title\"><a href=\"https:\/\/editionslightmotiv.com\/en\/product\/tierra-magica\/\" class=\"woocommerce-LoopProduct-link woocommerce-loop-product__link\">TIERRA M\u00c1GICA<\/a><\/p><\/div><div class=\"price-wrapper\">\n\t<span class=\"price\"><span class=\"woocommerce-Price-amount amount\"><bdi>35,00<span class=\"woocommerce-Price-currencySymbol\">&euro;<\/span><\/bdi><\/span><\/span>\n<\/div>\t\t<\/div>\n\t<\/div>\n\t\t<\/div>\n<\/div><div class=\"product-small col has-hover out-of-stock product type-product post-2525 status-publish outofstock product_cat-livre product_tag-autonomie product_tag-autonomy product_tag-charles-delcourt product_tag-developpement-durable product_tag-ecologie product_tag-ecology product_tag-ecosse product_tag-eigg product_tag-energie product_tag-energy product_tag-english product_tag-environment product_tag-environnement product_tag-ile product_tag-island product_tag-islander product_tag-isle product_tag-livre-photographique product_tag-photobook product_tag-photobooks product_tag-photographie product_tag-photography product_tag-royaume-uni product_tag-scotland product_tag-stock product_tag-sustainable-development product_tag-sustainable-resources product_tag-united-kingdom has-post-thumbnail shipping-taxable purchasable product-type-simple\">\n\t<div class=\"col-inner\">\n\t\n<div class=\"badge-container absolute left top z-1\">\n\n<\/div>\n\t<div class=\"product-small box\">\n\t\t<div class=\"box-image\">\n\t\t\t<div class=\"image-zoom-fade\">\n\t\t\t\t<a href=\"https:\/\/editionslightmotiv.com\/en\/product\/isle-of-eigg\/\">\n\t\t\t\t\t<img loading=\"lazy\" decoding=\"async\" width=\"600\" height=\"720\" src=\"https:\/\/editionslightmotiv.com\/wp-content\/uploads\/2020\/09\/eigg_couv_lm_site-600x720.jpg\" class=\"attachment-woocommerce_thumbnail size-woocommerce_thumbnail\" alt=\"ISLE OF EIGG\" \/>\t\t\t\t<\/a>\n\t\t\t<\/div>\n\t\t\t<div class=\"image-tools is-small top right show-on-hover\">\n\t\t\t\t\t\t\t<\/div>\n\t\t\t<div class=\"image-tools is-small hide-for-small bottom left show-on-hover\">\n\t\t\t\t\t\t\t<\/div>\n\t\t\t<div class=\"image-tools grid-tools text-center hide-for-small bottom hover-slide-in show-on-hover\">\n\t\t\t\t<a href=\"https:\/\/editionslightmotiv.com\/en\/product\/isle-of-eigg\/\" aria-describedby=\"woocommerce_loop_add_to_cart_link_describedby_2525\" data-quantity=\"1\" class=\"add-to-cart-grid no-padding is-transparent product_type_simple\" data-product_id=\"2525\" data-product_sku=\"\" aria-label=\"Read more about \u201cISLE OF EIGG\u201d\" rel=\"nofollow\" data-success_message=\"\" data-no-translation-aria-label=\"\"><div class=\"cart-icon tooltip is-small\" title=\"Read more\" data-no-translation-title=\"\"><strong>+<\/strong><\/div><\/a>\t<span id=\"woocommerce_loop_add_to_cart_link_describedby_2525\" class=\"screen-reader-text\">\n\t\t\t<\/span>\n<a href=\"#quick-view\" class=\"quick-view\" role=\"button\" data-prod=\"2525\" aria-haspopup=\"dialog\" aria-expanded=\"false\" data-flatsome-role-button>Quick View<\/a>\t\t\t<\/div>\n\t\t\t<div class=\"out-of-stock-label\" data-no-translation=\"\" data-trp-gettext=\"\">OUT OF STOCK<\/div>\t\t<\/div>\n\n\t\t<div class=\"box-text box-text-products text-center grid-style-2\">\n\t\t\t<div class=\"title-wrapper\"><p class=\"name product-title woocommerce-loop-product__title\"><a href=\"https:\/\/editionslightmotiv.com\/en\/product\/isle-of-eigg\/\" class=\"woocommerce-LoopProduct-link woocommerce-loop-product__link\">ISLE OF EIGG<\/a><\/p><\/div><div class=\"price-wrapper\">\n\t<span class=\"price\"><span class=\"woocommerce-Price-amount amount\"><bdi>36,00<span class=\"woocommerce-Price-currencySymbol\">&euro;<\/span><\/bdi><\/span><\/span>\n<\/div>\t\t<\/div>\n\t<\/div>\n\t\t<\/div>\n<\/div><div class=\"product-small col has-hover out-of-stock product type-product post-58 status-publish outofstock product_cat-livre product_tag-bassin-minier product_tag-charbon product_tag-coal product_tag-editions-light-motiv product_tag-hauts-de-france product_tag-heaps product_tag-japan product_tag-japon product_tag-landscape product_tag-landscape-photography product_tag-light-motiv product_tag-livre-photographique product_tag-mine product_tag-mining-region product_tag-naoya-hatakeyama product_tag-nord product_tag-nord-pas-de-calais product_tag-north product_tag-northern-france product_tag-paysage product_tag-photobook product_tag-photographie product_tag-photographie-de-paysage product_tag-photography product_tag-slag-heap product_tag-terrils product_tag-unesco product_tag-waste-heap has-post-thumbnail sold-individually shipping-taxable purchasable product-type-simple\">\n\t<div class=\"col-inner\">\n\t\n<div class=\"badge-container absolute left top z-1\">\n\n<\/div>\n\t<div class=\"product-small box\">\n\t\t<div class=\"box-image\">\n\t\t\t<div class=\"image-zoom-fade\">\n\t\t\t\t<a href=\"https:\/\/editionslightmotiv.com\/en\/product\/terrils-naoya-hatakeyama\/\">\n\t\t\t\t\t<img loading=\"lazy\" decoding=\"async\" width=\"600\" height=\"720\" src=\"https:\/\/editionslightmotiv.com\/wp-content\/uploads\/2018\/02\/terrils_site-600x720.jpg\" class=\"attachment-woocommerce_thumbnail size-woocommerce_thumbnail\" alt=\"TERRILS\" \/>\t\t\t\t<\/a>\n\t\t\t<\/div>\n\t\t\t<div class=\"image-tools is-small top right show-on-hover\">\n\t\t\t\t\t\t\t<\/div>\n\t\t\t<div class=\"image-tools is-small hide-for-small bottom left show-on-hover\">\n\t\t\t\t\t\t\t<\/div>\n\t\t\t<div class=\"image-tools grid-tools text-center hide-for-small bottom hover-slide-in show-on-hover\">\n\t\t\t\t<a href=\"https:\/\/editionslightmotiv.com\/en\/product\/terrils-naoya-hatakeyama\/\" aria-describedby=\"woocommerce_loop_add_to_cart_link_describedby_58\" data-quantity=\"1\" class=\"add-to-cart-grid no-padding is-transparent product_type_simple\" data-product_id=\"58\" data-product_sku=\"\" aria-label=\"Read more about \u201cTERRILS\u201d\" rel=\"nofollow\" data-success_message=\"\" data-no-translation-aria-label=\"\"><div class=\"cart-icon tooltip is-small\" title=\"Read more\" data-no-translation-title=\"\"><strong>+<\/strong><\/div><\/a>\t<span id=\"woocommerce_loop_add_to_cart_link_describedby_58\" class=\"screen-reader-text\">\n\t\t\t<\/span>\n<a href=\"#quick-view\" class=\"quick-view\" role=\"button\" data-prod=\"58\" aria-haspopup=\"dialog\" aria-expanded=\"false\" data-flatsome-role-button>Quick View<\/a>\t\t\t<\/div>\n\t\t\t<div class=\"out-of-stock-label\" data-no-translation=\"\" data-trp-gettext=\"\">OUT OF STOCK<\/div>\t\t<\/div>\n\n\t\t<div class=\"box-text box-text-products text-center grid-style-2\">\n\t\t\t<div class=\"title-wrapper\"><p class=\"name product-title woocommerce-loop-product__title\"><a href=\"https:\/\/editionslightmotiv.com\/en\/product\/terrils-naoya-hatakeyama\/\" class=\"woocommerce-LoopProduct-link woocommerce-loop-product__link\">TERRILS<\/a><\/p><\/div><div class=\"price-wrapper\">\n\t<span class=\"price\"><span class=\"woocommerce-Price-amount amount\"><bdi>35,00<span class=\"woocommerce-Price-currencySymbol\">&euro;<\/span><\/bdi><\/span><\/span>\n<\/div>\t\t<\/div>\n\t<\/div>\n\t\t<\/div>\n<\/div><div class=\"product-small col has-hover product type-product post-3492 status-publish last instock product_cat-livre product_tag-absence product_tag-annie-ernaux product_tag-artistique product_tag-autobiographie product_tag-autre-fille product_tag-dcumentaire product_tag-death product_tag-famille product_tag-femme product_tag-fiction product_tag-fille product_tag-girl product_tag-lautre product_tag-lautre-fille product_tag-life product_tag-literature product_tag-litterature product_tag-mort product_tag-photographie product_tag-photography product_tag-portrait product_tag-presence product_tag-recit-photographique product_tag-relative product_tag-singulieres product_tag-vie product_tag-woman has-post-thumbnail shipping-taxable purchasable product-type-simple\">\n\t<div class=\"col-inner\">\n\t\n<div class=\"badge-container absolute left top z-1\">\n\n<\/div>\n\t<div class=\"product-small box\">\n\t\t<div class=\"box-image\">\n\t\t\t<div class=\"image-zoom-fade\">\n\t\t\t\t<a href=\"https:\/\/editionslightmotiv.com\/en\/product\/lautre-fille\/\">\n\t\t\t\t\t<img loading=\"lazy\" decoding=\"async\" width=\"600\" height=\"720\" src=\"https:\/\/editionslightmotiv.com\/wp-content\/uploads\/2023\/01\/COUV_LAF_bandeau_cadre_site2-600x720.jpg\" class=\"attachment-woocommerce_thumbnail size-woocommerce_thumbnail\" alt=\"Couverture du livre L&#039;autre fille de Nad\u00e8ge Fagoo et d&#039;Annie Ernaux\" \/>\t\t\t\t<\/a>\n\t\t\t<\/div>\n\t\t\t<div class=\"image-tools is-small top right show-on-hover\">\n\t\t\t\t\t\t\t<\/div>\n\t\t\t<div class=\"image-tools is-small hide-for-small bottom left show-on-hover\">\n\t\t\t\t\t\t\t<\/div>\n\t\t\t<div class=\"image-tools grid-tools text-center hide-for-small bottom hover-slide-in show-on-hover\">\n\t\t\t\t<a href=\"\/en\/wp-json\/wp\/v2\/pages\/3913?add-to-cart=3492\" aria-describedby=\"woocommerce_loop_add_to_cart_link_describedby_3492\" data-quantity=\"1\" class=\"add-to-cart-grid no-padding is-transparent product_type_simple add_to_cart_button ajax_add_to_cart\" data-product_id=\"3492\" data-product_sku=\"\" aria-label=\"Add to basket: \u201cL&#039;AUTRE FILLE\u201d\" rel=\"nofollow\" data-success_message=\"\u201cL&#039;AUTRE FILLE\u201d has been added to your basket\" role=\"button\" data-no-translation-aria-label=\"\" data-no-translation-data-success_message=\"\"><div class=\"cart-icon tooltip is-small\" title=\"Add to cart\" data-no-translation-title=\"\"><strong>+<\/strong><\/div><\/a>\t<span id=\"woocommerce_loop_add_to_cart_link_describedby_3492\" class=\"screen-reader-text\">\n\t\t\t<\/span>\n<a href=\"#quick-view\" class=\"quick-view\" role=\"button\" data-prod=\"3492\" aria-haspopup=\"dialog\" aria-expanded=\"false\" data-flatsome-role-button>Quick View<\/a>\t\t\t<\/div>\n\t\t\t\t\t<\/div>\n\n\t\t<div class=\"box-text box-text-products text-center grid-style-2\">\n\t\t\t<div class=\"title-wrapper\"><p class=\"name product-title woocommerce-loop-product__title\"><a href=\"https:\/\/editionslightmotiv.com\/en\/product\/lautre-fille\/\" class=\"woocommerce-LoopProduct-link woocommerce-loop-product__link\">L'AUTRE FILLE<\/a><\/p><\/div><div class=\"price-wrapper\">\n\t<span class=\"price\"><span class=\"woocommerce-Price-amount amount\"><bdi>23,00<span class=\"woocommerce-Price-currencySymbol\">&euro;<\/span><\/bdi><\/span><\/span>\n<\/div>\t\t<\/div>\n\t<\/div>\n\t\t<\/div>\n<\/div><div class=\"product-small col has-hover product type-product post-2059 status-publish first instock product_cat-livre product_tag-bassin-minier product_tag-documentary-photography product_tag-hauts-de-france product_tag-kasimir-zgorecki product_tag-livre-photographique product_tag-louvre-lens product_tag-mine product_tag-mineur product_tag-monde-ouvrier product_tag-nord product_tag-nord-livre-photographique product_tag-paysage product_tag-photographie-documentaire product_tag-pologne product_tag-polonais product_tag-vie-quotidienne has-post-thumbnail shipping-taxable purchasable product-type-simple\">\n\t<div class=\"col-inner\">\n\t\n<div class=\"badge-container absolute left top z-1\">\n\n<\/div>\n\t<div class=\"product-small box\">\n\t\t<div class=\"box-image\">\n\t\t\t<div class=\"image-zoom-fade\">\n\t\t\t\t<a href=\"https:\/\/editionslightmotiv.com\/en\/product\/kasimir-zgorecki\/\">\n\t\t\t\t\t<img loading=\"lazy\" decoding=\"async\" width=\"600\" height=\"720\" src=\"https:\/\/editionslightmotiv.com\/wp-content\/uploads\/2019\/08\/zgorecki_site-600x720.jpg\" class=\"attachment-woocommerce_thumbnail size-woocommerce_thumbnail\" alt=\"KASIMIR ZGORECKI\" \/>\t\t\t\t<\/a>\n\t\t\t<\/div>\n\t\t\t<div class=\"image-tools is-small top right show-on-hover\">\n\t\t\t\t\t\t\t<\/div>\n\t\t\t<div class=\"image-tools is-small hide-for-small bottom left show-on-hover\">\n\t\t\t\t\t\t\t<\/div>\n\t\t\t<div class=\"image-tools grid-tools text-center hide-for-small bottom hover-slide-in show-on-hover\">\n\t\t\t\t<a href=\"\/en\/wp-json\/wp\/v2\/pages\/3913?add-to-cart=2059\" aria-describedby=\"woocommerce_loop_add_to_cart_link_describedby_2059\" data-quantity=\"1\" class=\"add-to-cart-grid no-padding is-transparent product_type_simple add_to_cart_button ajax_add_to_cart\" data-product_id=\"2059\" data-product_sku=\"\" aria-label=\"Add to basket: \u201cKASIMIR ZGORECKI\u201d\" rel=\"nofollow\" data-success_message=\"\u201cKASIMIR ZGORECKI\u201d has been added to your basket\" role=\"button\" data-no-translation-aria-label=\"\" data-no-translation-data-success_message=\"\"><div class=\"cart-icon tooltip is-small\" title=\"Add to cart\" data-no-translation-title=\"\"><strong>+<\/strong><\/div><\/a>\t<span id=\"woocommerce_loop_add_to_cart_link_describedby_2059\" class=\"screen-reader-text\">\n\t\t\t<\/span>\n<a href=\"#quick-view\" class=\"quick-view\" role=\"button\" data-prod=\"2059\" aria-haspopup=\"dialog\" aria-expanded=\"false\" data-flatsome-role-button>Quick View<\/a>\t\t\t<\/div>\n\t\t\t\t\t<\/div>\n\n\t\t<div class=\"box-text box-text-products text-center grid-style-2\">\n\t\t\t<div class=\"title-wrapper\"><p class=\"name product-title woocommerce-loop-product__title\"><a href=\"https:\/\/editionslightmotiv.com\/en\/product\/kasimir-zgorecki\/\" class=\"woocommerce-LoopProduct-link woocommerce-loop-product__link\">KASIMIR ZGORECKI<\/a><\/p><\/div><div class=\"price-wrapper\">\n\t<span class=\"price\"><span class=\"woocommerce-Price-amount amount\"><bdi>23,00<span class=\"woocommerce-Price-currencySymbol\">&euro;<\/span><\/bdi><\/span><\/span>\n<\/div>\t\t<\/div>\n\t<\/div>\n\t\t<\/div>\n<\/div><div class=\"product-small col has-hover product type-product post-1518 status-publish instock product_cat-livre product_tag-carnaval product_tag-carnaval-de-dunkerque product_tag-carnival product_tag-documentary-photography product_tag-dunkerque product_tag-hauts-de-france product_tag-livre-photographique product_tag-ludovic-bertin product_tag-marie-genel product_tag-nord product_tag-pascal-dessaint product_tag-photobook product_tag-photographie-documentaire product_tag-pierre-volot has-post-thumbnail shipping-taxable purchasable product-type-simple\">\n\t<div class=\"col-inner\">\n\t\n<div class=\"badge-container absolute left top z-1\">\n\n<\/div>\n\t<div class=\"product-small box\">\n\t\t<div class=\"box-image\">\n\t\t\t<div class=\"image-zoom-fade\">\n\t\t\t\t<a href=\"https:\/\/editionslightmotiv.com\/en\/product\/quand-vient-le-carnaval\/\">\n\t\t\t\t\t<img loading=\"lazy\" decoding=\"async\" width=\"600\" height=\"720\" src=\"https:\/\/editionslightmotiv.com\/wp-content\/uploads\/2015\/08\/Carnaval_STD_site-600x720.jpg\" class=\"attachment-woocommerce_thumbnail size-woocommerce_thumbnail\" alt=\"QUAND VIENT LE CARNAVAL\" \/>\t\t\t\t<\/a>\n\t\t\t<\/div>\n\t\t\t<div class=\"image-tools is-small top right show-on-hover\">\n\t\t\t\t\t\t\t<\/div>\n\t\t\t<div class=\"image-tools is-small hide-for-small bottom left show-on-hover\">\n\t\t\t\t\t\t\t<\/div>\n\t\t\t<div class=\"image-tools grid-tools text-center hide-for-small bottom hover-slide-in show-on-hover\">\n\t\t\t\t<a href=\"\/en\/wp-json\/wp\/v2\/pages\/3913?add-to-cart=1518\" aria-describedby=\"woocommerce_loop_add_to_cart_link_describedby_1518\" data-quantity=\"1\" class=\"add-to-cart-grid no-padding is-transparent product_type_simple add_to_cart_button ajax_add_to_cart\" data-product_id=\"1518\" data-product_sku=\"\" aria-label=\"Add to basket: \u201cQUAND VIENT LE CARNAVAL\u201d\" rel=\"nofollow\" data-success_message=\"\u201cQUAND VIENT LE CARNAVAL\u201d has been added to your basket\" role=\"button\" data-no-translation-aria-label=\"\" data-no-translation-data-success_message=\"\"><div class=\"cart-icon tooltip is-small\" title=\"Add to cart\" data-no-translation-title=\"\"><strong>+<\/strong><\/div><\/a>\t<span id=\"woocommerce_loop_add_to_cart_link_describedby_1518\" class=\"screen-reader-text\">\n\t\t\t<\/span>\n<a href=\"#quick-view\" class=\"quick-view\" role=\"button\" data-prod=\"1518\" aria-haspopup=\"dialog\" aria-expanded=\"false\" data-flatsome-role-button>Quick View<\/a>\t\t\t<\/div>\n\t\t\t\t\t<\/div>\n\n\t\t<div class=\"box-text box-text-products text-center grid-style-2\">\n\t\t\t<div class=\"title-wrapper\"><p class=\"name product-title woocommerce-loop-product__title\"><a href=\"https:\/\/editionslightmotiv.com\/en\/product\/quand-vient-le-carnaval\/\" class=\"woocommerce-LoopProduct-link woocommerce-loop-product__link\">QUAND VIENT LE CARNAVAL<\/a><\/p><\/div><div class=\"price-wrapper\">\n\t<span class=\"price\"><span class=\"woocommerce-Price-amount amount\"><bdi>29,50<span class=\"woocommerce-Price-currencySymbol\">&euro;<\/span><\/bdi><\/span><\/span>\n<\/div>\t\t<\/div>\n\t<\/div>\n\t\t<\/div>\n<\/div><div class=\"product-small col has-hover product type-product post-1916 status-publish instock product_cat-livre product_tag-bassin-minier product_tag-documentary-photography product_tag-hauts-de-france product_tag-livre-photographique product_tag-monde-ouvrier product_tag-nord product_tag-nord-livre-photographique product_tag-patrimoine-mondial-de-lunesco product_tag-paysage product_tag-photographie-documentaire product_tag-terrils product_tag-thierry-girard product_tag-vie-quotidienne has-post-thumbnail shipping-taxable purchasable product-type-simple\">\n\t<div class=\"col-inner\">\n\t\n<div class=\"badge-container absolute left top z-1\">\n\n<\/div>\n\t<div class=\"product-small box\">\n\t\t<div class=\"box-image\">\n\t\t\t<div class=\"image-zoom-fade\">\n\t\t\t\t<a href=\"https:\/\/editionslightmotiv.com\/en\/product\/le-monde-dapres\/\">\n\t\t\t\t\t<img loading=\"lazy\" decoding=\"async\" width=\"600\" height=\"720\" src=\"https:\/\/editionslightmotiv.com\/wp-content\/uploads\/2019\/04\/mondeapres_site-600x720.jpg\" class=\"attachment-woocommerce_thumbnail size-woocommerce_thumbnail\" alt=\"Couverture du livre photographique LE MONDE D&#039;APR\u00c8S avec les photographies et textes de Thierry Girard et une postface d&#039;Ari J. Blatt paru aux Editions Light Motiv en 2019\" \/>\t\t\t\t<\/a>\n\t\t\t<\/div>\n\t\t\t<div class=\"image-tools is-small top right show-on-hover\">\n\t\t\t\t\t\t\t<\/div>\n\t\t\t<div class=\"image-tools is-small hide-for-small bottom left show-on-hover\">\n\t\t\t\t\t\t\t<\/div>\n\t\t\t<div class=\"image-tools grid-tools text-center hide-for-small bottom hover-slide-in show-on-hover\">\n\t\t\t\t<a href=\"\/en\/wp-json\/wp\/v2\/pages\/3913?add-to-cart=1916\" aria-describedby=\"woocommerce_loop_add_to_cart_link_describedby_1916\" data-quantity=\"1\" class=\"add-to-cart-grid no-padding is-transparent product_type_simple add_to_cart_button ajax_add_to_cart\" data-product_id=\"1916\" data-product_sku=\"\" aria-label=\"Add to basket: \u201cLE MONDE D&#039;APR\u00c8S\u201d\" rel=\"nofollow\" data-success_message=\"\u201cLE MONDE D&#039;APR\u00c8S\u201d has been added to your basket\" role=\"button\" data-no-translation-aria-label=\"\" data-no-translation-data-success_message=\"\"><div class=\"cart-icon tooltip is-small\" title=\"Add to cart\" data-no-translation-title=\"\"><strong>+<\/strong><\/div><\/a>\t<span id=\"woocommerce_loop_add_to_cart_link_describedby_1916\" class=\"screen-reader-text\">\n\t\t\t<\/span>\n<a href=\"#quick-view\" class=\"quick-view\" role=\"button\" data-prod=\"1916\" aria-haspopup=\"dialog\" aria-expanded=\"false\" data-flatsome-role-button>Quick View<\/a>\t\t\t<\/div>\n\t\t\t\t\t<\/div>\n\n\t\t<div class=\"box-text box-text-products text-center grid-style-2\">\n\t\t\t<div class=\"title-wrapper\"><p class=\"name product-title woocommerce-loop-product__title\"><a href=\"https:\/\/editionslightmotiv.com\/en\/product\/le-monde-dapres\/\" class=\"woocommerce-LoopProduct-link woocommerce-loop-product__link\">LE MONDE D&rsquo;APR\u00c8S<\/a><\/p><\/div><div class=\"price-wrapper\">\n\t<span class=\"price\"><span class=\"woocommerce-Price-amount amount\"><bdi>39,00<span class=\"woocommerce-Price-currencySymbol\">&euro;<\/span><\/bdi><\/span><\/span>\n<\/div>\t\t<\/div>\n\t<\/div>\n\t\t<\/div>\n<\/div><div class=\"product-small col has-hover product type-product post-4869 status-publish last instock product_cat-livre product_tag-celebrites product_tag-commande product_tag-corentin-fohlen product_tag-coulisses product_tag-dany-boon product_tag-dany-laferriere product_tag-elodie-gossuin product_tag-herve-le-tellier product_tag-medias product_tag-melvin-boomer product_tag-people product_tag-personnalites product_tag-philippe-besson product_tag-photobook product_tag-photographie product_tag-photography product_tag-portrait product_tag-presse product_tag-public product_tag-regard product_tag-regardez-ici-pour-voir product_tag-sandrine-kiberlain product_tag-stars product_tag-theo-curin has-post-thumbnail shipping-taxable purchasable product-type-simple\">\n\t<div class=\"col-inner\">\n\t\n<div class=\"badge-container absolute left top z-1\">\n\n<\/div>\n\t<div class=\"product-small box\">\n\t\t<div class=\"box-image\">\n\t\t\t<div class=\"image-zoom-fade\">\n\t\t\t\t<a href=\"https:\/\/editionslightmotiv.com\/en\/product\/regardez-ici-pour-voir\/\">\n\t\t\t\t\t<img loading=\"lazy\" decoding=\"async\" width=\"600\" height=\"720\" src=\"https:\/\/editionslightmotiv.com\/wp-content\/uploads\/2025\/06\/COUV_Regardezicipourvoir_V4_BDsite-600x720.jpg\" class=\"attachment-woocommerce_thumbnail size-woocommerce_thumbnail\" alt=\"Couverture du livre REGARDEZ ICI POUR VOIR du photojournaliste Corentin Fohlen publi\u00e9 aux Editions Light Motiv en octobre 2025, avec un portrait de Dany Laferri\u00e8re en 1\u00e8re de couverture. Ce livre recense 50 portrait de c\u00e9l\u00e9brit\u00e9s fran\u00e7aises et internationales photographi\u00e9es par Corentin Fohlen.\" \/>\t\t\t\t<\/a>\n\t\t\t<\/div>\n\t\t\t<div class=\"image-tools is-small top right show-on-hover\">\n\t\t\t\t\t\t\t<\/div>\n\t\t\t<div class=\"image-tools is-small hide-for-small bottom left show-on-hover\">\n\t\t\t\t\t\t\t<\/div>\n\t\t\t<div class=\"image-tools grid-tools text-center hide-for-small bottom hover-slide-in show-on-hover\">\n\t\t\t\t<a href=\"\/en\/wp-json\/wp\/v2\/pages\/3913?add-to-cart=4869\" aria-describedby=\"woocommerce_loop_add_to_cart_link_describedby_4869\" data-quantity=\"1\" class=\"add-to-cart-grid no-padding is-transparent product_type_simple add_to_cart_button ajax_add_to_cart\" data-product_id=\"4869\" data-product_sku=\"\" aria-label=\"Add to basket: \u201cREGARDEZ ICI POUR VOIR\u201d\" rel=\"nofollow\" data-success_message=\"\u201cREGARDEZ ICI POUR VOIR\u201d has been added to your basket\" role=\"button\" data-no-translation-aria-label=\"\" data-no-translation-data-success_message=\"\"><div class=\"cart-icon tooltip is-small\" title=\"Add to cart\" data-no-translation-title=\"\"><strong>+<\/strong><\/div><\/a>\t<span id=\"woocommerce_loop_add_to_cart_link_describedby_4869\" class=\"screen-reader-text\">\n\t\t\t<\/span>\n<a href=\"#quick-view\" class=\"quick-view\" role=\"button\" data-prod=\"4869\" aria-haspopup=\"dialog\" aria-expanded=\"false\" data-flatsome-role-button>Quick View<\/a>\t\t\t<\/div>\n\t\t\t\t\t<\/div>\n\n\t\t<div class=\"box-text box-text-products text-center grid-style-2\">\n\t\t\t<div class=\"title-wrapper\"><p class=\"name product-title woocommerce-loop-product__title\"><a href=\"https:\/\/editionslightmotiv.com\/en\/product\/regardez-ici-pour-voir\/\" class=\"woocommerce-LoopProduct-link woocommerce-loop-product__link\">REGARDEZ ICI POUR VOIR<\/a><\/p><\/div><div class=\"price-wrapper\">\n\t<span class=\"price\"><span class=\"woocommerce-Price-amount amount\"><bdi>29,00<span class=\"woocommerce-Price-currencySymbol\">&euro;<\/span><\/bdi><\/span><\/span>\n<\/div>\t\t<\/div>\n\t<\/div>\n\t\t<\/div>\n<\/div><\/div>\n<div class=\"container section-title-container\" ><h3 class=\"section-title section-title-bold-center\"><b aria-hidden=\"true\"><\/b><span class=\"section-title-main\" >Lookbook style<\/span><b aria-hidden=\"true\"><\/b><\/h3><\/div>\n\t\n  \n    <div class=\"row large-columns-4 medium-columns-3 small-columns-1 row-normal has-shadow row-box-shadow-1 row-box-shadow-5-hover slider row-slider slider-nav-circle\"  data-flickity-options='{&quot;imagesLoaded&quot;: true, &quot;groupCells&quot;: &quot;100%&quot;, &quot;dragThreshold&quot; : 5, &quot;cellAlign&quot;: &quot;left&quot;,&quot;wrapAround&quot;: true,&quot;prevNextButtons&quot;: true,&quot;percentPosition&quot;: true,&quot;pageDots&quot;: false, &quot;rightToLeft&quot;: false, &quot;autoPlay&quot; : false}' >\n\n  <\/div>\n<div class=\"container section-title-container\" ><h3 class=\"section-title section-title-bold-center\"><b aria-hidden=\"true\"><\/b><span class=\"section-title-main\" >Lookbook style 2<\/span><b aria-hidden=\"true\"><\/b><\/h3><\/div>\n\t\n  \n    <div class=\"row large-columns-6 medium-columns-3 small-columns-1 row-collapse row-full-width slider row-slider slider-nav-circle\"  data-flickity-options='{&quot;imagesLoaded&quot;: true, &quot;groupCells&quot;: &quot;100%&quot;, &quot;dragThreshold&quot; : 5, &quot;cellAlign&quot;: &quot;left&quot;,&quot;wrapAround&quot;: true,&quot;prevNextButtons&quot;: true,&quot;percentPosition&quot;: true,&quot;pageDots&quot;: false, &quot;rightToLeft&quot;: false, &quot;autoPlay&quot; : false}' >\n\n  <\/div>\n<div class=\"container section-title-container\" style=\"margin-top:16px;\"><h3 class=\"section-title section-title-bold-center\"><b aria-hidden=\"true\"><\/b><span class=\"section-title-main\" >Grid Style<\/span><b aria-hidden=\"true\"><\/b><\/h3><\/div>\n\t  <style>\n    #product-grid-864512094 .grid-col-1{height: 650px}\n    #product-grid-864512094 .grid-col-1-2{height: 325px}\n    #product-grid-864512094 .grid-col-1-3{height:216.66666666667px}\n    #product-grid-864512094 .grid-col-2-3{height: 433.33333333333px}\n    #product-grid-864512094 .grid-col-1-4{height: 162.5px}\n    #product-grid-864512094 .grid-col-3-4{height: 487.5px}\n\n\n        \/* Tablet *\/\n    @media (max-width: 850px){\n      #product-grid-864512094 .grid-col-1{height: 433.33333333333px}\n      #product-grid-864512094 .grid-col-1-2{height: 216.66666666667px}\n      #product-grid-864512094 .grid-col-1-3{height:144.44444444444px}\n      #product-grid-864512094 .grid-col-2-3{height: 288.88888888889px}\n      #product-grid-864512094 .grid-col-1-4{height: 108.33333333333px}\n      #product-grid-864512094 .grid-col-3-4{height: 325px}\n    }\n    \n        \/* Mobile *\/\n    @media (max-width: 550px){\n      #product-grid-864512094 .grid-col-1{height: 433.33333333333px}\n      #product-grid-864512094 .grid-col-1-2{height: 216.66666666667px}\n      #product-grid-864512094 .grid-col-1-3{height:144.44444444444px}\n      #product-grid-864512094 .grid-col-2-3{height: 288.88888888889px}\n      #product-grid-864512094 .grid-col-1-4{height: 108.33333333333px}\n      #product-grid-864512094 .grid-col-3-4{height: 325px}\n    }\n    \n\n  <\/style>\n  \n  \n    <div id=\"product-grid-864512094\" class=\"row row-small row-grid\" data-packery-options='{\"itemSelector\": \".col\", \"gutter\": 0, \"presentageWidth\" : true}'>\n\n  <\/div>\n<div class=\"container section-title-container\" ><h3 class=\"section-title section-title-bold-center\"><b aria-hidden=\"true\"><\/b><span class=\"section-title-main\" >Masonery Style<\/span><b aria-hidden=\"true\"><\/b><\/h3><\/div>\n\t\n  \n    <div id=\"product-grid-1321206070\" class=\"row large-columns-4 medium-columns-3 small-columns-2 row-small row-masonry\" data-packery-options='{\"itemSelector\": \".col\", \"gutter\": 0, \"presentageWidth\" : true}'>\n\n  \n\t     <div class=\"product-small col has-hover product type-product post-5090 status-publish first instock product_cat-livre product_tag-arbres product_tag-catastrophe-naturelle product_tag-classic product_tag-climate product_tag-coast product_tag-cote product_tag-death product_tag-digue product_tag-dyke product_tag-earth product_tag-environment product_tag-environnement product_tag-equilibre product_tag-espace product_tag-forest product_tag-foret product_tag-green product_tag-humain product_tag-human-being product_tag-japan product_tag-japon product_tag-kesengawa product_tag-landscape product_tag-leaf product_tag-light-motiv product_tag-living-being product_tag-livre product_tag-mer product_tag-mort product_tag-naoya-hatakeyama product_tag-nature product_tag-ocean product_tag-paysage product_tag-people product_tag-perte product_tag-photobook product_tag-photographie product_tag-photography product_tag-rebirth product_tag-reconstruction product_tag-renaissance product_tag-resilience product_tag-rikuzentakata product_tag-seawall product_tag-shore product_tag-terre product_tag-trees product_tag-tsunami product_tag-tsunami-trees product_tag-vague product_tag-vegetal product_tag-vivant has-post-thumbnail shipping-taxable purchasable product-type-simple\">\n\t<div class=\"col-inner\">\n\t\n<div class=\"badge-container absolute left top z-1\">\n\n<div class=\"badge callout badge-circle\"><div class=\"badge-inner callout-new-bg is-small new-bubble\">NEW<\/div><\/div><\/div>\n\t<div class=\"product-small box\">\n\t\t<div class=\"box-image\">\n\t\t\t<div class=\"image-zoom-fade\">\n\t\t\t\t<a href=\"https:\/\/editionslightmotiv.com\/en\/product\/tsunami-trees\/\">\n\t\t\t\t\t<img loading=\"lazy\" decoding=\"async\" width=\"600\" height=\"720\" src=\"https:\/\/editionslightmotiv.com\/wp-content\/uploads\/2026\/01\/couv_TsunamiTrees_v2BDsite-600x720.jpg\" class=\"attachment-woocommerce_thumbnail size-woocommerce_thumbnail\" alt=\"Couverture du livre TSUNAMI TREES du photographe Naoya Hatakeyama publi\u00e9 aux Editions Light Motiv en 2026, sur la disparition et la renaissance des arbres \u00e0 la suite du tsunami dayant touch\u00e9 les c\u00f4tes du Japon le 11 mars 2011.\" \/>\t\t\t\t<\/a>\n\t\t\t<\/div>\n\t\t\t<div class=\"image-tools is-small top right show-on-hover\">\n\t\t\t\t\t\t\t<\/div>\n\t\t\t<div class=\"image-tools is-small hide-for-small bottom left show-on-hover\">\n\t\t\t\t\t\t\t<\/div>\n\t\t\t<div class=\"image-tools grid-tools text-center hide-for-small bottom hover-slide-in show-on-hover\">\n\t\t\t\t<a href=\"\/en\/wp-json\/wp\/v2\/pages\/3913?add-to-cart=5090\" aria-describedby=\"woocommerce_loop_add_to_cart_link_describedby_5090\" data-quantity=\"1\" class=\"add-to-cart-grid no-padding is-transparent product_type_simple add_to_cart_button ajax_add_to_cart\" data-product_id=\"5090\" data-product_sku=\"\" aria-label=\"Add to basket: \u201cTsunami Trees\u201d\" rel=\"nofollow\" data-success_message=\"\u201cTsunami Trees\u201d has been added to your basket\" role=\"button\" data-no-translation-aria-label=\"\" data-no-translation-data-success_message=\"\"><div class=\"cart-icon tooltip is-small\" title=\"Add to cart\" data-no-translation-title=\"\"><strong>+<\/strong><\/div><\/a>\t<span id=\"woocommerce_loop_add_to_cart_link_describedby_5090\" class=\"screen-reader-text\">\n\t\t\t<\/span>\n<a href=\"#quick-view\" class=\"quick-view\" role=\"button\" data-prod=\"5090\" aria-haspopup=\"dialog\" aria-expanded=\"false\" data-flatsome-role-button>Quick View<\/a>\t\t\t<\/div>\n\t\t\t\t\t<\/div>\n\n\t\t<div class=\"box-text box-text-products text-center grid-style-2\">\n\t\t\t<div class=\"title-wrapper\"><p class=\"name product-title woocommerce-loop-product__title\"><a href=\"https:\/\/editionslightmotiv.com\/en\/product\/tsunami-trees\/\" class=\"woocommerce-LoopProduct-link woocommerce-loop-product__link\">Tsunami Trees<\/a><\/p><\/div><div class=\"price-wrapper\">\n\t<span class=\"price\"><span class=\"woocommerce-Price-amount amount\"><bdi>45,00<span class=\"woocommerce-Price-currencySymbol\">&euro;<\/span><\/bdi><\/span><\/span>\n<\/div>\t\t<\/div>\n\t<\/div>\n\t\t<\/div>\n<\/div><div class=\"product-small col has-hover product type-product post-4869 status-publish instock product_cat-livre product_tag-celebrites product_tag-commande product_tag-corentin-fohlen product_tag-coulisses product_tag-dany-boon product_tag-dany-laferriere product_tag-elodie-gossuin product_tag-herve-le-tellier product_tag-medias product_tag-melvin-boomer product_tag-people product_tag-personnalites product_tag-philippe-besson product_tag-photobook product_tag-photographie product_tag-photography product_tag-portrait product_tag-presse product_tag-public product_tag-regard product_tag-regardez-ici-pour-voir product_tag-sandrine-kiberlain product_tag-stars product_tag-theo-curin has-post-thumbnail shipping-taxable purchasable product-type-simple\">\n\t<div class=\"col-inner\">\n\t\n<div class=\"badge-container absolute left top z-1\">\n\n<\/div>\n\t<div class=\"product-small box\">\n\t\t<div class=\"box-image\">\n\t\t\t<div class=\"image-zoom-fade\">\n\t\t\t\t<a href=\"https:\/\/editionslightmotiv.com\/en\/product\/regardez-ici-pour-voir\/\">\n\t\t\t\t\t<img loading=\"lazy\" decoding=\"async\" width=\"600\" height=\"720\" src=\"https:\/\/editionslightmotiv.com\/wp-content\/uploads\/2025\/06\/COUV_Regardezicipourvoir_V4_BDsite-600x720.jpg\" class=\"attachment-woocommerce_thumbnail size-woocommerce_thumbnail\" alt=\"Couverture du livre REGARDEZ ICI POUR VOIR du photojournaliste Corentin Fohlen publi\u00e9 aux Editions Light Motiv en octobre 2025, avec un portrait de Dany Laferri\u00e8re en 1\u00e8re de couverture. Ce livre recense 50 portrait de c\u00e9l\u00e9brit\u00e9s fran\u00e7aises et internationales photographi\u00e9es par Corentin Fohlen.\" \/>\t\t\t\t<\/a>\n\t\t\t<\/div>\n\t\t\t<div class=\"image-tools is-small top right show-on-hover\">\n\t\t\t\t\t\t\t<\/div>\n\t\t\t<div class=\"image-tools is-small hide-for-small bottom left show-on-hover\">\n\t\t\t\t\t\t\t<\/div>\n\t\t\t<div class=\"image-tools grid-tools text-center hide-for-small bottom hover-slide-in show-on-hover\">\n\t\t\t\t<a href=\"\/en\/wp-json\/wp\/v2\/pages\/3913?add-to-cart=4869\" aria-describedby=\"woocommerce_loop_add_to_cart_link_describedby_4869\" data-quantity=\"1\" class=\"add-to-cart-grid no-padding is-transparent product_type_simple add_to_cart_button ajax_add_to_cart\" data-product_id=\"4869\" data-product_sku=\"\" aria-label=\"Add to basket: \u201cREGARDEZ ICI POUR VOIR\u201d\" rel=\"nofollow\" data-success_message=\"\u201cREGARDEZ ICI POUR VOIR\u201d has been added to your basket\" role=\"button\" data-no-translation-aria-label=\"\" data-no-translation-data-success_message=\"\"><div class=\"cart-icon tooltip is-small\" title=\"Add to cart\" data-no-translation-title=\"\"><strong>+<\/strong><\/div><\/a>\t<span id=\"woocommerce_loop_add_to_cart_link_describedby_4869\" class=\"screen-reader-text\">\n\t\t\t<\/span>\n<a href=\"#quick-view\" class=\"quick-view\" role=\"button\" data-prod=\"4869\" aria-haspopup=\"dialog\" aria-expanded=\"false\" data-flatsome-role-button>Quick View<\/a>\t\t\t<\/div>\n\t\t\t\t\t<\/div>\n\n\t\t<div class=\"box-text box-text-products text-center grid-style-2\">\n\t\t\t<div class=\"title-wrapper\"><p class=\"name product-title woocommerce-loop-product__title\"><a href=\"https:\/\/editionslightmotiv.com\/en\/product\/regardez-ici-pour-voir\/\" class=\"woocommerce-LoopProduct-link woocommerce-loop-product__link\">REGARDEZ ICI POUR VOIR<\/a><\/p><\/div><div class=\"price-wrapper\">\n\t<span class=\"price\"><span class=\"woocommerce-Price-amount amount\"><bdi>29,00<span class=\"woocommerce-Price-currencySymbol\">&euro;<\/span><\/bdi><\/span><\/span>\n<\/div>\t\t<\/div>\n\t<\/div>\n\t\t<\/div>\n<\/div><div class=\"product-small col has-hover product type-product post-4476 status-publish instock product_cat-livre-avec-tirage product_tag-abstraction product_tag-aerien product_tag-book product_tag-carriere product_tag-chantier product_tag-classic product_tag-dust product_tag-field product_tag-fieldwork product_tag-fleuve product_tag-friche product_tag-industrie product_tag-jeremie-lenoir product_tag-livre product_tag-marges product_tag-nord product_tag-painting product_tag-paysage product_tag-peinture product_tag-photobook product_tag-photographie product_tag-photography product_tag-platitude product_tag-print product_tag-river product_tag-riviere product_tag-seine product_tag-stockage product_tag-symbole product_tag-tirage product_tag-tirage-limite product_tag-toiture product_tag-usine has-post-thumbnail shipping-taxable purchasable product-type-variable\">\n\t<div class=\"col-inner\">\n\t\n<div class=\"badge-container absolute left top z-1\">\n\n<div class=\"badge callout badge-circle\"><div class=\"badge-inner callout-new-bg is-small new-bubble\">NEW<\/div><\/div><\/div>\n\t<div class=\"product-small box\">\n\t\t<div class=\"box-image\">\n\t\t\t<div class=\"image-zoom-fade\">\n\t\t\t\t<a href=\"https:\/\/editionslightmotiv.com\/en\/product\/marges-avec-tirage\/\">\n\t\t\t\t\t<img loading=\"lazy\" decoding=\"async\" width=\"600\" height=\"720\" src=\"https:\/\/editionslightmotiv.com\/wp-content\/uploads\/2025\/01\/couverture_MARGES_BD_Site-600x720.jpg\" class=\"attachment-woocommerce_thumbnail size-woocommerce_thumbnail\" alt=\"Couverture du livre photographique MARGES de J\u00e9r\u00e9mie Lenoir publi\u00e9 par les Editions Light Motiv en janvier 2025, sur son travail de paysages a\u00e9riens r\u00e9alis\u00e9 le long de la Seine depuis sa confluence avec l\u2019Yonne jusqu\u2019\u00e0 son embouchure au Havre\" \/>\t\t\t\t<\/a>\n\t\t\t<\/div>\n\t\t\t<div class=\"image-tools is-small top right show-on-hover\">\n\t\t\t\t\t\t\t<\/div>\n\t\t\t<div class=\"image-tools is-small hide-for-small bottom left show-on-hover\">\n\t\t\t\t\t\t\t<\/div>\n\t\t\t<div class=\"image-tools grid-tools text-center hide-for-small bottom hover-slide-in show-on-hover\">\n\t\t\t\t<a href=\"https:\/\/editionslightmotiv.com\/en\/product\/marges-avec-tirage\/\" aria-describedby=\"woocommerce_loop_add_to_cart_link_describedby_4476\" data-quantity=\"1\" class=\"add-to-cart-grid no-padding is-transparent product_type_variable add_to_cart_button\" data-product_id=\"4476\" data-product_sku=\"\" aria-label=\"Select options for \u201cMARGES avec tirage\u201d\" rel=\"nofollow\" data-no-translation-aria-label=\"\"><div class=\"cart-icon tooltip is-small\" title=\"Select options\" data-no-translation-title=\"\"><strong>+<\/strong><\/div><\/a>\t<span id=\"woocommerce_loop_add_to_cart_link_describedby_4476\" class=\"screen-reader-text\">\n\t\tThis product has multiple variants. The options may be chosen on the product page\t<\/span>\n<a href=\"#quick-view\" class=\"quick-view\" role=\"button\" data-prod=\"4476\" aria-haspopup=\"dialog\" aria-expanded=\"false\" data-flatsome-role-button>Quick View<\/a>\t\t\t<\/div>\n\t\t\t\t\t<\/div>\n\n\t\t<div class=\"box-text box-text-products text-center grid-style-2\">\n\t\t\t<div class=\"title-wrapper\"><p class=\"name product-title woocommerce-loop-product__title\"><a href=\"https:\/\/editionslightmotiv.com\/en\/product\/marges-avec-tirage\/\" class=\"woocommerce-LoopProduct-link woocommerce-loop-product__link\">MARGES avec tirage<\/a><\/p><\/div><div class=\"price-wrapper\">\n\t<span class=\"price\"><span class=\"woocommerce-Price-amount amount\"><bdi>180,00<span class=\"woocommerce-Price-currencySymbol\">&euro;<\/span><\/bdi><\/span><\/span>\n<\/div>\t\t<\/div>\n\t<\/div>\n\t\t<\/div>\n<\/div><div class=\"product-small col has-hover product type-product post-4448 status-publish last instock product_cat-livre product_tag-abstraction product_tag-aerien product_tag-book product_tag-carriere product_tag-chantier product_tag-classic product_tag-dust product_tag-field product_tag-fieldwork product_tag-fleuve product_tag-friche product_tag-industrie product_tag-jeremie-lenoir product_tag-light-motiv product_tag-livre product_tag-marges product_tag-marges-jeremie-lenoir product_tag-nord product_tag-painting product_tag-paysage product_tag-peinture product_tag-photobook product_tag-photographie product_tag-photography product_tag-platitude product_tag-seine product_tag-stockage product_tag-toiture product_tag-usine has-post-thumbnail shipping-taxable purchasable product-type-simple\">\n\t<div class=\"col-inner\">\n\t\n<div class=\"badge-container absolute left top z-1\">\n\n<\/div>\n\t<div class=\"product-small box\">\n\t\t<div class=\"box-image\">\n\t\t\t<div class=\"image-zoom-fade\">\n\t\t\t\t<a href=\"https:\/\/editionslightmotiv.com\/en\/product\/marges\/\">\n\t\t\t\t\t<img loading=\"lazy\" decoding=\"async\" width=\"600\" height=\"720\" src=\"https:\/\/editionslightmotiv.com\/wp-content\/uploads\/2025\/01\/couverture_MARGES_BD_Site-600x720.jpg\" class=\"attachment-woocommerce_thumbnail size-woocommerce_thumbnail\" alt=\"Couverture du livre photographique MARGES de J\u00e9r\u00e9mie Lenoir publi\u00e9 par les Editions Light Motiv en janvier 2025, sur son travail de paysages a\u00e9riens r\u00e9alis\u00e9 le long de la Seine depuis sa confluence avec l\u2019Yonne jusqu\u2019\u00e0 son embouchure au Havre\" \/>\t\t\t\t<\/a>\n\t\t\t<\/div>\n\t\t\t<div class=\"image-tools is-small top right show-on-hover\">\n\t\t\t\t\t\t\t<\/div>\n\t\t\t<div class=\"image-tools is-small hide-for-small bottom left show-on-hover\">\n\t\t\t\t\t\t\t<\/div>\n\t\t\t<div class=\"image-tools grid-tools text-center hide-for-small bottom hover-slide-in show-on-hover\">\n\t\t\t\t<a href=\"\/en\/wp-json\/wp\/v2\/pages\/3913?add-to-cart=4448\" aria-describedby=\"woocommerce_loop_add_to_cart_link_describedby_4448\" data-quantity=\"1\" class=\"add-to-cart-grid no-padding is-transparent product_type_simple add_to_cart_button ajax_add_to_cart\" data-product_id=\"4448\" data-product_sku=\"\" aria-label=\"Add to basket: \u201cMARGES\u201d\" rel=\"nofollow\" data-success_message=\"\u201cMARGES\u201d has been added to your basket\" role=\"button\" data-no-translation-aria-label=\"\" data-no-translation-data-success_message=\"\"><div class=\"cart-icon tooltip is-small\" title=\"Add to cart\" data-no-translation-title=\"\"><strong>+<\/strong><\/div><\/a>\t<span id=\"woocommerce_loop_add_to_cart_link_describedby_4448\" class=\"screen-reader-text\">\n\t\t\t<\/span>\n<a href=\"#quick-view\" class=\"quick-view\" role=\"button\" data-prod=\"4448\" aria-haspopup=\"dialog\" aria-expanded=\"false\" data-flatsome-role-button>Quick View<\/a>\t\t\t<\/div>\n\t\t\t\t\t<\/div>\n\n\t\t<div class=\"box-text box-text-products text-center grid-style-2\">\n\t\t\t<div class=\"title-wrapper\"><p class=\"name product-title woocommerce-loop-product__title\"><a href=\"https:\/\/editionslightmotiv.com\/en\/product\/marges\/\" class=\"woocommerce-LoopProduct-link woocommerce-loop-product__link\">MARGES<\/a><\/p><\/div><div class=\"price-wrapper\">\n\t<span class=\"price\"><span class=\"woocommerce-Price-amount amount\"><bdi>44,00<span class=\"woocommerce-Price-currencySymbol\">&euro;<\/span><\/bdi><\/span><\/span>\n<\/div>\t\t<\/div>\n\t<\/div>\n\t\t<\/div>\n<\/div><div class=\"product-small col has-hover product type-product post-4393 status-publish first instock product_cat-livre-avec-tirage product_tag-athletes product_tag-co-edition product_tag-documentaire product_tag-gym product_tag-gymnastique product_tag-livre product_tag-musee product_tag-museum product_tag-ouvrage-dart product_tag-photographie product_tag-photography product_tag-societe product_tag-sport has-post-thumbnail sold-individually shipping-taxable purchasable product-type-variable\">\n\t<div class=\"col-inner\">\n\t\n<div class=\"badge-container absolute left top z-1\">\n\n<\/div>\n\t<div class=\"product-small box\">\n\t\t<div class=\"box-image\">\n\t\t\t<div class=\"image-zoom-fade\">\n\t\t\t\t<a href=\"https:\/\/editionslightmotiv.com\/en\/product\/our-son-my-moon-avec-tirage\/\">\n\t\t\t\t\t<img loading=\"lazy\" decoding=\"async\" width=\"600\" height=\"720\" src=\"https:\/\/editionslightmotiv.com\/wp-content\/uploads\/2024\/08\/CouvMeskhi_OKBD_siteinternet-scaled-600x720.webp\" class=\"attachment-woocommerce_thumbnail size-woocommerce_thumbnail\" alt=\"Couverture du livre OUR SON, MY MOON du photographe David Meskhi en co-\u00e9dition avec le Mus\u00e9e d&#039;Art Moderne et Contemporain de Saint Etienne (MAMC+)\" \/>\t\t\t\t<\/a>\n\t\t\t<\/div>\n\t\t\t<div class=\"image-tools is-small top right show-on-hover\">\n\t\t\t\t\t\t\t<\/div>\n\t\t\t<div class=\"image-tools is-small hide-for-small bottom left show-on-hover\">\n\t\t\t\t\t\t\t<\/div>\n\t\t\t<div class=\"image-tools grid-tools text-center hide-for-small bottom hover-slide-in show-on-hover\">\n\t\t\t\t<a href=\"https:\/\/editionslightmotiv.com\/en\/product\/our-son-my-moon-avec-tirage\/\" aria-describedby=\"woocommerce_loop_add_to_cart_link_describedby_4393\" data-quantity=\"1\" class=\"add-to-cart-grid no-padding is-transparent product_type_variable add_to_cart_button\" data-product_id=\"4393\" data-product_sku=\"\" aria-label=\"Select options for \u201cOUR SON, MY MOON avec tirage\u201d\" rel=\"nofollow\" data-no-translation-aria-label=\"\"><div class=\"cart-icon tooltip is-small\" title=\"Select options\" data-no-translation-title=\"\"><strong>+<\/strong><\/div><\/a>\t<span id=\"woocommerce_loop_add_to_cart_link_describedby_4393\" class=\"screen-reader-text\">\n\t\tThis product has multiple variants. The options may be chosen on the product page\t<\/span>\n<a href=\"#quick-view\" class=\"quick-view\" role=\"button\" data-prod=\"4393\" aria-haspopup=\"dialog\" aria-expanded=\"false\" data-flatsome-role-button>Quick View<\/a>\t\t\t<\/div>\n\t\t\t\t\t<\/div>\n\n\t\t<div class=\"box-text box-text-products text-center grid-style-2\">\n\t\t\t<div class=\"title-wrapper\"><p class=\"name product-title woocommerce-loop-product__title\"><a href=\"https:\/\/editionslightmotiv.com\/en\/product\/our-son-my-moon-avec-tirage\/\" class=\"woocommerce-LoopProduct-link woocommerce-loop-product__link\">OUR SON, MY MOON avec tirage<\/a><\/p><\/div><div class=\"price-wrapper\">\n\t<span class=\"price\"><span class=\"woocommerce-Price-amount amount\"><bdi>150,00<span class=\"woocommerce-Price-currencySymbol\">&euro;<\/span><\/bdi><\/span><\/span>\n<\/div>\t\t<\/div>\n\t<\/div>\n\t\t<\/div>\n<\/div><div class=\"product-small col has-hover product type-product post-4356 status-publish instock product_cat-livre-avec-tirage product_tag-autonomie product_tag-camping product_tag-co-edition product_tag-documentaire product_tag-documentary product_tag-feu product_tag-fire product_tag-freedom product_tag-guillaume-perret product_tag-lausanne product_tag-lauzanne product_tag-liberte product_tag-livre product_tag-lux product_tag-luxe product_tag-marginal product_tag-ouvrage-dart product_tag-paix product_tag-peace product_tag-photographie product_tag-photography product_tag-pra-collet product_tag-precarite product_tag-societe product_tag-suisse product_tag-vaud has-post-thumbnail shipping-taxable purchasable product-type-variable\">\n\t<div class=\"col-inner\">\n\t\n<div class=\"badge-container absolute left top z-1\">\n\n<\/div>\n\t<div class=\"product-small box\">\n\t\t<div class=\"box-image\">\n\t\t\t<div class=\"image-zoom-fade\">\n\t\t\t\t<a href=\"https:\/\/editionslightmotiv.com\/en\/product\/lux-avec-tirage\/\">\n\t\t\t\t\t<img loading=\"lazy\" decoding=\"async\" width=\"600\" height=\"720\" src=\"https:\/\/editionslightmotiv.com\/wp-content\/uploads\/2024\/08\/CouvertureLUX_BD_site4-600x720.jpg\" class=\"attachment-woocommerce_thumbnail size-woocommerce_thumbnail\" alt=\"Couverture du livre photographique LUX de Guillaume Perret publi\u00e9 par les Editions Light Motiv en novembre 2024 sur des r\u00e9sidents vivant \u00e0 l&#039;ann\u00e9e dans un camping en Suisse\" srcset=\"https:\/\/editionslightmotiv.com\/wp-content\/uploads\/2024\/08\/CouvertureLUX_BD_site4-600x720.jpg 600w, https:\/\/editionslightmotiv.com\/wp-content\/uploads\/2024\/08\/CouvertureLUX_BD_site4-11x12.jpg 11w\" sizes=\"auto, (max-width: 600px) 100vw, 600px\" \/>\t\t\t\t<\/a>\n\t\t\t<\/div>\n\t\t\t<div class=\"image-tools is-small top right show-on-hover\">\n\t\t\t\t\t\t\t<\/div>\n\t\t\t<div class=\"image-tools is-small hide-for-small bottom left show-on-hover\">\n\t\t\t\t\t\t\t<\/div>\n\t\t\t<div class=\"image-tools grid-tools text-center hide-for-small bottom hover-slide-in show-on-hover\">\n\t\t\t\t<a href=\"https:\/\/editionslightmotiv.com\/en\/product\/lux-avec-tirage\/\" aria-describedby=\"woocommerce_loop_add_to_cart_link_describedby_4356\" data-quantity=\"1\" class=\"add-to-cart-grid no-padding is-transparent product_type_variable add_to_cart_button\" data-product_id=\"4356\" data-product_sku=\"\" aria-label=\"Select options for \u201cLUX avec tirage\u201d\" rel=\"nofollow\" data-no-translation-aria-label=\"\"><div class=\"cart-icon tooltip is-small\" title=\"Select options\" data-no-translation-title=\"\"><strong>+<\/strong><\/div><\/a>\t<span id=\"woocommerce_loop_add_to_cart_link_describedby_4356\" class=\"screen-reader-text\">\n\t\tThis product has multiple variants. The options may be chosen on the product page\t<\/span>\n<a href=\"#quick-view\" class=\"quick-view\" role=\"button\" data-prod=\"4356\" aria-haspopup=\"dialog\" aria-expanded=\"false\" data-flatsome-role-button>Quick View<\/a>\t\t\t<\/div>\n\t\t\t\t\t<\/div>\n\n\t\t<div class=\"box-text box-text-products text-center grid-style-2\">\n\t\t\t<div class=\"title-wrapper\"><p class=\"name product-title woocommerce-loop-product__title\"><a href=\"https:\/\/editionslightmotiv.com\/en\/product\/lux-avec-tirage\/\" class=\"woocommerce-LoopProduct-link woocommerce-loop-product__link\">LUX avec tirage<\/a><\/p><\/div><div class=\"price-wrapper\">\n\t<span class=\"price\"><span class=\"woocommerce-Price-amount amount\"><bdi>120,00<span class=\"woocommerce-Price-currencySymbol\">&euro;<\/span><\/bdi><\/span><\/span>\n<\/div>\t\t<\/div>\n\t<\/div>\n\t\t<\/div>\n<\/div><div class=\"product-small col has-hover product type-product post-4258 status-publish instock product_cat-livre product_tag-autonomie product_tag-camping product_tag-co-edition product_tag-documentaire product_tag-documentary product_tag-feu product_tag-fire product_tag-freedom product_tag-guillaume-perret product_tag-lausanne product_tag-lauzanne product_tag-liberte product_tag-livre product_tag-lux product_tag-luxe product_tag-marginal product_tag-ouvrage-dart product_tag-paix product_tag-peace product_tag-photographie product_tag-photography product_tag-pra-collet product_tag-precarite product_tag-societe product_tag-suisse product_tag-vaud has-post-thumbnail shipping-taxable purchasable product-type-simple\">\n\t<div class=\"col-inner\">\n\t\n<div class=\"badge-container absolute left top z-1\">\n\n<\/div>\n\t<div class=\"product-small box\">\n\t\t<div class=\"box-image\">\n\t\t\t<div class=\"image-zoom-fade\">\n\t\t\t\t<a href=\"https:\/\/editionslightmotiv.com\/en\/product\/lux\/\">\n\t\t\t\t\t<img loading=\"lazy\" decoding=\"async\" width=\"600\" height=\"720\" src=\"https:\/\/editionslightmotiv.com\/wp-content\/uploads\/2024\/08\/CouvertureLUX_BD_site4-600x720.jpg\" class=\"attachment-woocommerce_thumbnail size-woocommerce_thumbnail\" alt=\"Couverture du livre photographique LUX de Guillaume Perret publi\u00e9 par les Editions Light Motiv en novembre 2024 sur des r\u00e9sidents vivant \u00e0 l&#039;ann\u00e9e dans un camping en Suisse\" srcset=\"https:\/\/editionslightmotiv.com\/wp-content\/uploads\/2024\/08\/CouvertureLUX_BD_site4-600x720.jpg 600w, https:\/\/editionslightmotiv.com\/wp-content\/uploads\/2024\/08\/CouvertureLUX_BD_site4-11x12.jpg 11w\" sizes=\"auto, (max-width: 600px) 100vw, 600px\" \/>\t\t\t\t<\/a>\n\t\t\t<\/div>\n\t\t\t<div class=\"image-tools is-small top right show-on-hover\">\n\t\t\t\t\t\t\t<\/div>\n\t\t\t<div class=\"image-tools is-small hide-for-small bottom left show-on-hover\">\n\t\t\t\t\t\t\t<\/div>\n\t\t\t<div class=\"image-tools grid-tools text-center hide-for-small bottom hover-slide-in show-on-hover\">\n\t\t\t\t<a href=\"\/en\/wp-json\/wp\/v2\/pages\/3913?add-to-cart=4258\" aria-describedby=\"woocommerce_loop_add_to_cart_link_describedby_4258\" data-quantity=\"1\" class=\"add-to-cart-grid no-padding is-transparent product_type_simple add_to_cart_button ajax_add_to_cart\" data-product_id=\"4258\" data-product_sku=\"\" aria-label=\"Add to basket: \u201cLUX\u201d\" rel=\"nofollow\" data-success_message=\"\u201cLUX\u201d has been added to your basket\" role=\"button\" data-no-translation-aria-label=\"\" data-no-translation-data-success_message=\"\"><div class=\"cart-icon tooltip is-small\" title=\"Add to cart\" data-no-translation-title=\"\"><strong>+<\/strong><\/div><\/a>\t<span id=\"woocommerce_loop_add_to_cart_link_describedby_4258\" class=\"screen-reader-text\">\n\t\t\t<\/span>\n<a href=\"#quick-view\" class=\"quick-view\" role=\"button\" data-prod=\"4258\" aria-haspopup=\"dialog\" aria-expanded=\"false\" data-flatsome-role-button>Quick View<\/a>\t\t\t<\/div>\n\t\t\t\t\t<\/div>\n\n\t\t<div class=\"box-text box-text-products text-center grid-style-2\">\n\t\t\t<div class=\"title-wrapper\"><p class=\"name product-title woocommerce-loop-product__title\"><a href=\"https:\/\/editionslightmotiv.com\/en\/product\/lux\/\" class=\"woocommerce-LoopProduct-link woocommerce-loop-product__link\">LUX<\/a><\/p><\/div><div class=\"price-wrapper\">\n\t<span class=\"price\"><span class=\"woocommerce-Price-amount amount\"><bdi>38,00<span class=\"woocommerce-Price-currencySymbol\">&euro;<\/span><\/bdi><\/span><\/span>\n<\/div>\t\t<\/div>\n\t<\/div>\n\t\t<\/div>\n<\/div><div class=\"product-small col has-hover product type-product post-4240 status-publish last instock product_cat-livre product_tag-athletes product_tag-co-edition product_tag-documentaire product_tag-gym product_tag-gymnastique product_tag-livre product_tag-musee product_tag-museum product_tag-ouvrage-dart product_tag-photographie product_tag-photography product_tag-societe product_tag-sport has-post-thumbnail shipping-taxable purchasable product-type-simple\">\n\t<div class=\"col-inner\">\n\t\n<div class=\"badge-container absolute left top z-1\">\n\n<\/div>\n\t<div class=\"product-small box\">\n\t\t<div class=\"box-image\">\n\t\t\t<div class=\"image-zoom-fade\">\n\t\t\t\t<a href=\"https:\/\/editionslightmotiv.com\/en\/product\/our-son-my-moon\/\">\n\t\t\t\t\t<img loading=\"lazy\" decoding=\"async\" width=\"600\" height=\"720\" src=\"https:\/\/editionslightmotiv.com\/wp-content\/uploads\/2024\/08\/CouvMeskhi_OKBD_siteinternet-600x720.jpg\" class=\"attachment-woocommerce_thumbnail size-woocommerce_thumbnail\" alt=\"Couverture du livre photographique Our Son, My Moon de David Meskhi r\u00e9alis\u00e9 en co-\u00e9dition par Light Motiv et le MAMC+ (Mus\u00e9e d&#039;Art Moderne et Contemporain de Saint Etienne) paru le 7 novembre 2024, d\u00e9di\u00e9 aux athl\u00e8tes et gymnastes.\" \/>\t\t\t\t<\/a>\n\t\t\t<\/div>\n\t\t\t<div class=\"image-tools is-small top right show-on-hover\">\n\t\t\t\t\t\t\t<\/div>\n\t\t\t<div class=\"image-tools is-small hide-for-small bottom left show-on-hover\">\n\t\t\t\t\t\t\t<\/div>\n\t\t\t<div class=\"image-tools grid-tools text-center hide-for-small bottom hover-slide-in show-on-hover\">\n\t\t\t\t<a href=\"\/en\/wp-json\/wp\/v2\/pages\/3913?add-to-cart=4240\" aria-describedby=\"woocommerce_loop_add_to_cart_link_describedby_4240\" data-quantity=\"1\" class=\"add-to-cart-grid no-padding is-transparent product_type_simple add_to_cart_button ajax_add_to_cart\" data-product_id=\"4240\" data-product_sku=\"\" aria-label=\"Add to basket: \u201cOUR SON, MY MOON\u201d\" rel=\"nofollow\" data-success_message=\"\u201cOUR SON, MY MOON\u201d has been added to your basket\" role=\"button\" data-no-translation-aria-label=\"\" data-no-translation-data-success_message=\"\"><div class=\"cart-icon tooltip is-small\" title=\"Add to cart\" data-no-translation-title=\"\"><strong>+<\/strong><\/div><\/a>\t<span id=\"woocommerce_loop_add_to_cart_link_describedby_4240\" class=\"screen-reader-text\">\n\t\t\t<\/span>\n<a href=\"#quick-view\" class=\"quick-view\" role=\"button\" data-prod=\"4240\" aria-haspopup=\"dialog\" aria-expanded=\"false\" data-flatsome-role-button>Quick View<\/a>\t\t\t<\/div>\n\t\t\t\t\t<\/div>\n\n\t\t<div class=\"box-text box-text-products text-center grid-style-2\">\n\t\t\t<div class=\"title-wrapper\"><p class=\"name product-title woocommerce-loop-product__title\"><a href=\"https:\/\/editionslightmotiv.com\/en\/product\/our-son-my-moon\/\" class=\"woocommerce-LoopProduct-link woocommerce-loop-product__link\">OUR SON, MY MOON<\/a><\/p><\/div><div class=\"price-wrapper\">\n\t<span class=\"price\"><span class=\"woocommerce-Price-amount amount\"><bdi>35,00<span class=\"woocommerce-Price-currencySymbol\">&euro;<\/span><\/bdi><\/span><\/span>\n<\/div>\t\t<\/div>\n\t<\/div>\n\t\t<\/div>\n<\/div><\/div>\n<div class=\"container section-title-container\" ><h3 class=\"section-title section-title-bold-center\"><b aria-hidden=\"true\"><\/b><span class=\"section-title-main\" >Mix and match styles<\/span><b aria-hidden=\"true\"><\/b><\/h3><\/div>\n\t\n  \n    <div class=\"row large-columns-4 medium-columns-3 small-columns-1 row-small slider row-slider slider-nav-reveal\"  data-flickity-options='{&quot;imagesLoaded&quot;: true, &quot;groupCells&quot;: &quot;100%&quot;, &quot;dragThreshold&quot; : 5, &quot;cellAlign&quot;: &quot;left&quot;,&quot;wrapAround&quot;: true,&quot;prevNextButtons&quot;: true,&quot;percentPosition&quot;: true,&quot;pageDots&quot;: false, &quot;rightToLeft&quot;: false, &quot;autoPlay&quot; : false}' >\n\n  \n\t     <div class=\"col\" >\n\t\t\t\t\t\t<div class=\"col-inner\">\n\t\t\t\t\t\t\n<div class=\"badge-container absolute left top z-1\">\n\n<div class=\"badge callout badge-circle\"><div class=\"badge-inner callout-new-bg is-small new-bubble\">NEW<\/div><\/div><\/div>\n\t\t\t\t\t\t<div class=\"product-small box has-hover box-overlay dark box-text-bottom\">\n\t\t\t\t\t\t\t<div class=\"box-image\" >\n\t\t\t\t\t\t\t\t<div class=\"image-color image-overlay-remove-50 image-cover\" style=\"padding-top:169%;\">\n\t\t\t\t\t\t\t\t\t<a href=\"https:\/\/editionslightmotiv.com\/en\/product\/tsunami-trees\/\" aria-label=\"Tsunami Trees\">\n\t\t\t\t\t\t\t\t\t\t<img loading=\"lazy\" decoding=\"async\" width=\"2560\" height=\"2560\" src=\"https:\/\/editionslightmotiv.com\/wp-content\/uploads\/2026\/01\/couv_TsunamiTrees_v2BDsite-scaled.jpg\" class=\"attachment-medium size-medium\" alt=\"Couverture du livre TSUNAMI TREES du photographe Naoya Hatakeyama publi\u00e9 aux Editions Light Motiv en 2026, sur la disparition et la renaissance des arbres \u00e0 la suite du tsunami dayant touch\u00e9 les c\u00f4tes du Japon le 11 mars 2011.\" srcset=\"https:\/\/editionslightmotiv.com\/wp-content\/uploads\/2026\/01\/couv_TsunamiTrees_v2BDsite-scaled.jpg 2560w, https:\/\/editionslightmotiv.com\/wp-content\/uploads\/2026\/01\/couv_TsunamiTrees_v2BDsite-800x800.jpg 800w, https:\/\/editionslightmotiv.com\/wp-content\/uploads\/2026\/01\/couv_TsunamiTrees_v2BDsite-280x280.jpg 280w, https:\/\/editionslightmotiv.com\/wp-content\/uploads\/2026\/01\/couv_TsunamiTrees_v2BDsite-768x768.jpg 768w, https:\/\/editionslightmotiv.com\/wp-content\/uploads\/2026\/01\/couv_TsunamiTrees_v2BDsite-1536x1536.jpg 1536w, https:\/\/editionslightmotiv.com\/wp-content\/uploads\/2026\/01\/couv_TsunamiTrees_v2BDsite-2048x2048.jpg 2048w, https:\/\/editionslightmotiv.com\/wp-content\/uploads\/2026\/01\/couv_TsunamiTrees_v2BDsite-12x12.jpg 12w, https:\/\/editionslightmotiv.com\/wp-content\/uploads\/2026\/01\/couv_TsunamiTrees_v2BDsite-900x900.jpg 900w, https:\/\/editionslightmotiv.com\/wp-content\/uploads\/2026\/01\/couv_TsunamiTrees_v2BDsite-100x100.jpg 100w\" sizes=\"auto, (max-width: 2560px) 100vw, 2560px\" \/>\t\t\t\t\t\t\t\t\t<\/a>\n\t\t\t\t\t\t\t\t\t<div class=\"overlay fill\" style=\"background-color: rgba(0, 0, 0, 0.67)\"><\/div>\t\t\t\t\t\t\t\t\t \t\t\t\t\t\t\t\t<\/div>\n\t\t\t\t\t\t\t\t<div class=\"image-tools top right show-on-hover\">\n\t\t\t\t\t\t\t\t\t\t\t\t\t\t\t\t\t<\/div>\n\t\t\t\t\t\t\t\t\t\t\t\t\t\t\t\t\t\t\t\t\t\t\t<\/div>\n\n\t\t\t\t\t\t\t<div class=\"box-text text-center is-large\" >\n\t\t\t\t\t\t\t\t<div class=\"title-wrapper\"><p class=\"name product-title woocommerce-loop-product__title\"><a href=\"https:\/\/editionslightmotiv.com\/en\/product\/tsunami-trees\/\" class=\"woocommerce-LoopProduct-link woocommerce-loop-product__link\">Tsunami Trees<\/a><\/p><\/div><div class=\"price-wrapper\">\n\t<span class=\"price\"><span class=\"woocommerce-Price-amount amount\"><bdi>45,00<span class=\"woocommerce-Price-currencySymbol\">&euro;<\/span><\/bdi><\/span><\/span>\n<\/div><div class=\"overlay-tools\"><a href=\"\/en\/wp-json\/wp\/v2\/pages\/3913?add-to-cart=5090\" aria-describedby=\"woocommerce_loop_add_to_cart_link_describedby_5090\" data-quantity=\"1\" class=\"add-to-cart-grid no-padding is-transparent product_type_simple add_to_cart_button ajax_add_to_cart\" data-product_id=\"5090\" data-product_sku=\"\" aria-label=\"Add to basket: \u201cTsunami Trees\u201d\" rel=\"nofollow\" data-success_message=\"\u201cTsunami Trees\u201d has been added to your basket\" role=\"button\" data-no-translation-aria-label=\"\" data-no-translation-data-success_message=\"\"><div class=\"cart-icon tooltip is-small\" title=\"Add to cart\" data-no-translation-title=\"\"><strong>+<\/strong><\/div><\/a>\t<span id=\"woocommerce_loop_add_to_cart_link_describedby_5090\" class=\"screen-reader-text\">\n\t\t\t<\/span>\n<a href=\"#quick-view\" class=\"quick-view\" role=\"button\" data-prod=\"5090\" aria-haspopup=\"dialog\" aria-expanded=\"false\" data-flatsome-role-button>Quick View<\/a><\/div>\t\t\t\t\t\t\t<\/div>\n\t\t\t\t\t\t<\/div>\n\t\t\t\t\t\t<\/div>\n\t\t\t\t\t<\/div><div class=\"col\" >\n\t\t\t\t\t\t<div class=\"col-inner\">\n\t\t\t\t\t\t\n<div class=\"badge-container absolute left top z-1\">\n\n<\/div>\n\t\t\t\t\t\t<div class=\"product-small box has-hover box-overlay dark box-text-bottom\">\n\t\t\t\t\t\t\t<div class=\"box-image\" >\n\t\t\t\t\t\t\t\t<div class=\"image-color image-overlay-remove-50 image-cover\" style=\"padding-top:169%;\">\n\t\t\t\t\t\t\t\t\t<a href=\"https:\/\/editionslightmotiv.com\/en\/product\/regardez-ici-pour-voir\/\" aria-label=\"REGARDEZ ICI POUR VOIR\">\n\t\t\t\t\t\t\t\t\t\t<img loading=\"lazy\" decoding=\"async\" width=\"1851\" height=\"1851\" src=\"https:\/\/editionslightmotiv.com\/wp-content\/uploads\/2025\/06\/COUV_Regardezicipourvoir_V4_BDsite.jpg\" class=\"attachment-medium size-medium\" alt=\"Couverture du livre REGARDEZ ICI POUR VOIR du photojournaliste Corentin Fohlen publi\u00e9 aux Editions Light Motiv en octobre 2025, avec un portrait de Dany Laferri\u00e8re en 1\u00e8re de couverture. Ce livre recense 50 portrait de c\u00e9l\u00e9brit\u00e9s fran\u00e7aises et internationales photographi\u00e9es par Corentin Fohlen.\" srcset=\"https:\/\/editionslightmotiv.com\/wp-content\/uploads\/2025\/06\/COUV_Regardezicipourvoir_V4_BDsite.jpg 1851w, https:\/\/editionslightmotiv.com\/wp-content\/uploads\/2025\/06\/COUV_Regardezicipourvoir_V4_BDsite-800x800.jpg 800w, https:\/\/editionslightmotiv.com\/wp-content\/uploads\/2025\/06\/COUV_Regardezicipourvoir_V4_BDsite-280x280.jpg 280w, https:\/\/editionslightmotiv.com\/wp-content\/uploads\/2025\/06\/COUV_Regardezicipourvoir_V4_BDsite-768x768.jpg 768w, https:\/\/editionslightmotiv.com\/wp-content\/uploads\/2025\/06\/COUV_Regardezicipourvoir_V4_BDsite-1536x1536.jpg 1536w, https:\/\/editionslightmotiv.com\/wp-content\/uploads\/2025\/06\/COUV_Regardezicipourvoir_V4_BDsite-12x12.jpg 12w, https:\/\/editionslightmotiv.com\/wp-content\/uploads\/2025\/06\/COUV_Regardezicipourvoir_V4_BDsite-900x900.jpg 900w, https:\/\/editionslightmotiv.com\/wp-content\/uploads\/2025\/06\/COUV_Regardezicipourvoir_V4_BDsite-100x100.jpg 100w\" sizes=\"auto, (max-width: 1851px) 100vw, 1851px\" \/>\t\t\t\t\t\t\t\t\t<\/a>\n\t\t\t\t\t\t\t\t\t<div class=\"overlay fill\" style=\"background-color: rgba(0, 0, 0, 0.67)\"><\/div>\t\t\t\t\t\t\t\t\t \t\t\t\t\t\t\t\t<\/div>\n\t\t\t\t\t\t\t\t<div class=\"image-tools top right show-on-hover\">\n\t\t\t\t\t\t\t\t\t\t\t\t\t\t\t\t\t<\/div>\n\t\t\t\t\t\t\t\t\t\t\t\t\t\t\t\t\t\t\t\t\t\t\t<\/div>\n\n\t\t\t\t\t\t\t<div class=\"box-text text-center is-large\" >\n\t\t\t\t\t\t\t\t<div class=\"title-wrapper\"><p class=\"name product-title woocommerce-loop-product__title\"><a href=\"https:\/\/editionslightmotiv.com\/en\/product\/regardez-ici-pour-voir\/\" class=\"woocommerce-LoopProduct-link woocommerce-loop-product__link\">REGARDEZ ICI POUR VOIR<\/a><\/p><\/div><div class=\"price-wrapper\">\n\t<span class=\"price\"><span class=\"woocommerce-Price-amount amount\"><bdi>29,00<span class=\"woocommerce-Price-currencySymbol\">&euro;<\/span><\/bdi><\/span><\/span>\n<\/div><div class=\"overlay-tools\"><a href=\"\/en\/wp-json\/wp\/v2\/pages\/3913?add-to-cart=4869\" aria-describedby=\"woocommerce_loop_add_to_cart_link_describedby_4869\" data-quantity=\"1\" class=\"add-to-cart-grid no-padding is-transparent product_type_simple add_to_cart_button ajax_add_to_cart\" data-product_id=\"4869\" data-product_sku=\"\" aria-label=\"Add to basket: \u201cREGARDEZ ICI POUR VOIR\u201d\" rel=\"nofollow\" data-success_message=\"\u201cREGARDEZ ICI POUR VOIR\u201d has been added to your basket\" role=\"button\" data-no-translation-aria-label=\"\" data-no-translation-data-success_message=\"\"><div class=\"cart-icon tooltip is-small\" title=\"Add to cart\" data-no-translation-title=\"\"><strong>+<\/strong><\/div><\/a>\t<span id=\"woocommerce_loop_add_to_cart_link_describedby_4869\" class=\"screen-reader-text\">\n\t\t\t<\/span>\n<a href=\"#quick-view\" class=\"quick-view\" role=\"button\" data-prod=\"4869\" aria-haspopup=\"dialog\" aria-expanded=\"false\" data-flatsome-role-button>Quick View<\/a><\/div>\t\t\t\t\t\t\t<\/div>\n\t\t\t\t\t\t<\/div>\n\t\t\t\t\t\t<\/div>\n\t\t\t\t\t<\/div><div class=\"col\" >\n\t\t\t\t\t\t<div class=\"col-inner\">\n\t\t\t\t\t\t\n<div class=\"badge-container absolute left top z-1\">\n\n<div class=\"badge callout badge-circle\"><div class=\"badge-inner callout-new-bg is-small new-bubble\">NEW<\/div><\/div><\/div>\n\t\t\t\t\t\t<div class=\"product-small box has-hover box-overlay dark box-text-bottom\">\n\t\t\t\t\t\t\t<div class=\"box-image\" >\n\t\t\t\t\t\t\t\t<div class=\"image-color image-overlay-remove-50 image-cover\" style=\"padding-top:169%;\">\n\t\t\t\t\t\t\t\t\t<a href=\"https:\/\/editionslightmotiv.com\/en\/product\/marges-avec-tirage\/\" aria-label=\"MARGES avec tirage\">\n\t\t\t\t\t\t\t\t\t\t<img loading=\"lazy\" decoding=\"async\" width=\"400\" height=\"400\" src=\"https:\/\/editionslightmotiv.com\/wp-content\/uploads\/2025\/01\/couverture_MARGES_BD_Site-400x400.jpg\" class=\"attachment-medium size-medium\" alt=\"Couverture du livre photographique MARGES de J\u00e9r\u00e9mie Lenoir publi\u00e9 par les Editions Light Motiv en janvier 2025, sur son travail de paysages a\u00e9riens r\u00e9alis\u00e9 le long de la Seine depuis sa confluence avec l\u2019Yonne jusqu\u2019\u00e0 son embouchure au Havre\" srcset=\"https:\/\/editionslightmotiv.com\/wp-content\/uploads\/2025\/01\/couverture_MARGES_BD_Site-400x400.jpg 400w, https:\/\/editionslightmotiv.com\/wp-content\/uploads\/2025\/01\/couverture_MARGES_BD_Site-800x800.jpg 800w, https:\/\/editionslightmotiv.com\/wp-content\/uploads\/2025\/01\/couverture_MARGES_BD_Site-280x280.jpg 280w, https:\/\/editionslightmotiv.com\/wp-content\/uploads\/2025\/01\/couverture_MARGES_BD_Site-768x768.jpg 768w, https:\/\/editionslightmotiv.com\/wp-content\/uploads\/2025\/01\/couverture_MARGES_BD_Site-1536x1536.jpg 1536w, https:\/\/editionslightmotiv.com\/wp-content\/uploads\/2025\/01\/couverture_MARGES_BD_Site-12x12.jpg 12w, https:\/\/editionslightmotiv.com\/wp-content\/uploads\/2025\/01\/couverture_MARGES_BD_Site-900x900.jpg 900w, https:\/\/editionslightmotiv.com\/wp-content\/uploads\/2025\/01\/couverture_MARGES_BD_Site-100x100.jpg 100w, https:\/\/editionslightmotiv.com\/wp-content\/uploads\/2025\/01\/couverture_MARGES_BD_Site.jpg 1978w\" sizes=\"auto, (max-width: 400px) 100vw, 400px\" \/>\t\t\t\t\t\t\t\t\t<\/a>\n\t\t\t\t\t\t\t\t\t<div class=\"overlay fill\" style=\"background-color: rgba(0, 0, 0, 0.67)\"><\/div>\t\t\t\t\t\t\t\t\t \t\t\t\t\t\t\t\t<\/div>\n\t\t\t\t\t\t\t\t<div class=\"image-tools top right show-on-hover\">\n\t\t\t\t\t\t\t\t\t\t\t\t\t\t\t\t\t<\/div>\n\t\t\t\t\t\t\t\t\t\t\t\t\t\t\t\t\t\t\t\t\t\t\t<\/div>\n\n\t\t\t\t\t\t\t<div class=\"box-text text-center is-large\" >\n\t\t\t\t\t\t\t\t<div class=\"title-wrapper\"><p class=\"name product-title woocommerce-loop-product__title\"><a href=\"https:\/\/editionslightmotiv.com\/en\/product\/marges-avec-tirage\/\" class=\"woocommerce-LoopProduct-link woocommerce-loop-product__link\">MARGES avec tirage<\/a><\/p><\/div><div class=\"price-wrapper\">\n\t<span class=\"price\"><span class=\"woocommerce-Price-amount amount\"><bdi>180,00<span class=\"woocommerce-Price-currencySymbol\">&euro;<\/span><\/bdi><\/span><\/span>\n<\/div><div class=\"overlay-tools\"><a href=\"https:\/\/editionslightmotiv.com\/en\/product\/marges-avec-tirage\/\" aria-describedby=\"woocommerce_loop_add_to_cart_link_describedby_4476\" data-quantity=\"1\" class=\"add-to-cart-grid no-padding is-transparent product_type_variable add_to_cart_button\" data-product_id=\"4476\" data-product_sku=\"\" aria-label=\"Select options for \u201cMARGES avec tirage\u201d\" rel=\"nofollow\" data-no-translation-aria-label=\"\"><div class=\"cart-icon tooltip is-small\" title=\"Select options\" data-no-translation-title=\"\"><strong>+<\/strong><\/div><\/a>\t<span id=\"woocommerce_loop_add_to_cart_link_describedby_4476\" class=\"screen-reader-text\">\n\t\tThis product has multiple variants. The options may be chosen on the product page\t<\/span>\n<a href=\"#quick-view\" class=\"quick-view\" role=\"button\" data-prod=\"4476\" aria-haspopup=\"dialog\" aria-expanded=\"false\" data-flatsome-role-button>Quick View<\/a><\/div>\t\t\t\t\t\t\t<\/div>\n\t\t\t\t\t\t<\/div>\n\t\t\t\t\t\t<\/div>\n\t\t\t\t\t<\/div><div class=\"col\" >\n\t\t\t\t\t\t<div class=\"col-inner\">\n\t\t\t\t\t\t\n<div class=\"badge-container absolute left top z-1\">\n\n<\/div>\n\t\t\t\t\t\t<div class=\"product-small box has-hover box-overlay dark box-text-bottom\">\n\t\t\t\t\t\t\t<div class=\"box-image\" >\n\t\t\t\t\t\t\t\t<div class=\"image-color image-overlay-remove-50 image-cover\" style=\"padding-top:169%;\">\n\t\t\t\t\t\t\t\t\t<a href=\"https:\/\/editionslightmotiv.com\/en\/product\/marges\/\" aria-label=\"MARGES\">\n\t\t\t\t\t\t\t\t\t\t<img loading=\"lazy\" decoding=\"async\" width=\"400\" height=\"400\" src=\"https:\/\/editionslightmotiv.com\/wp-content\/uploads\/2025\/01\/couverture_MARGES_BD_Site-400x400.jpg\" class=\"attachment-medium size-medium\" alt=\"Couverture du livre photographique MARGES de J\u00e9r\u00e9mie Lenoir publi\u00e9 par les Editions Light Motiv en janvier 2025, sur son travail de paysages a\u00e9riens r\u00e9alis\u00e9 le long de la Seine depuis sa confluence avec l\u2019Yonne jusqu\u2019\u00e0 son embouchure au Havre\" srcset=\"https:\/\/editionslightmotiv.com\/wp-content\/uploads\/2025\/01\/couverture_MARGES_BD_Site-400x400.jpg 400w, https:\/\/editionslightmotiv.com\/wp-content\/uploads\/2025\/01\/couverture_MARGES_BD_Site-800x800.jpg 800w, https:\/\/editionslightmotiv.com\/wp-content\/uploads\/2025\/01\/couverture_MARGES_BD_Site-280x280.jpg 280w, https:\/\/editionslightmotiv.com\/wp-content\/uploads\/2025\/01\/couverture_MARGES_BD_Site-768x768.jpg 768w, https:\/\/editionslightmotiv.com\/wp-content\/uploads\/2025\/01\/couverture_MARGES_BD_Site-1536x1536.jpg 1536w, https:\/\/editionslightmotiv.com\/wp-content\/uploads\/2025\/01\/couverture_MARGES_BD_Site-12x12.jpg 12w, https:\/\/editionslightmotiv.com\/wp-content\/uploads\/2025\/01\/couverture_MARGES_BD_Site-900x900.jpg 900w, https:\/\/editionslightmotiv.com\/wp-content\/uploads\/2025\/01\/couverture_MARGES_BD_Site-100x100.jpg 100w, https:\/\/editionslightmotiv.com\/wp-content\/uploads\/2025\/01\/couverture_MARGES_BD_Site.jpg 1978w\" sizes=\"auto, (max-width: 400px) 100vw, 400px\" \/>\t\t\t\t\t\t\t\t\t<\/a>\n\t\t\t\t\t\t\t\t\t<div class=\"overlay fill\" style=\"background-color: rgba(0, 0, 0, 0.67)\"><\/div>\t\t\t\t\t\t\t\t\t \t\t\t\t\t\t\t\t<\/div>\n\t\t\t\t\t\t\t\t<div class=\"image-tools top right show-on-hover\">\n\t\t\t\t\t\t\t\t\t\t\t\t\t\t\t\t\t<\/div>\n\t\t\t\t\t\t\t\t\t\t\t\t\t\t\t\t\t\t\t\t\t\t\t<\/div>\n\n\t\t\t\t\t\t\t<div class=\"box-text text-center is-large\" >\n\t\t\t\t\t\t\t\t<div class=\"title-wrapper\"><p class=\"name product-title woocommerce-loop-product__title\"><a href=\"https:\/\/editionslightmotiv.com\/en\/product\/marges\/\" class=\"woocommerce-LoopProduct-link woocommerce-loop-product__link\">MARGES<\/a><\/p><\/div><div class=\"price-wrapper\">\n\t<span class=\"price\"><span class=\"woocommerce-Price-amount amount\"><bdi>44,00<span class=\"woocommerce-Price-currencySymbol\">&euro;<\/span><\/bdi><\/span><\/span>\n<\/div><div class=\"overlay-tools\"><a href=\"\/en\/wp-json\/wp\/v2\/pages\/3913?add-to-cart=4448\" aria-describedby=\"woocommerce_loop_add_to_cart_link_describedby_4448\" data-quantity=\"1\" class=\"add-to-cart-grid no-padding is-transparent product_type_simple add_to_cart_button ajax_add_to_cart\" data-product_id=\"4448\" data-product_sku=\"\" aria-label=\"Add to basket: \u201cMARGES\u201d\" rel=\"nofollow\" data-success_message=\"\u201cMARGES\u201d has been added to your basket\" role=\"button\" data-no-translation-aria-label=\"\" data-no-translation-data-success_message=\"\"><div class=\"cart-icon tooltip is-small\" title=\"Add to cart\" data-no-translation-title=\"\"><strong>+<\/strong><\/div><\/a>\t<span id=\"woocommerce_loop_add_to_cart_link_describedby_4448\" class=\"screen-reader-text\">\n\t\t\t<\/span>\n<a href=\"#quick-view\" class=\"quick-view\" role=\"button\" data-prod=\"4448\" aria-haspopup=\"dialog\" aria-expanded=\"false\" data-flatsome-role-button>Quick View<\/a><\/div>\t\t\t\t\t\t\t<\/div>\n\t\t\t\t\t\t<\/div>\n\t\t\t\t\t\t<\/div>\n\t\t\t\t\t<\/div><div class=\"col\" >\n\t\t\t\t\t\t<div class=\"col-inner\">\n\t\t\t\t\t\t\n<div class=\"badge-container absolute left top z-1\">\n\n<\/div>\n\t\t\t\t\t\t<div class=\"product-small box has-hover box-overlay dark box-text-bottom\">\n\t\t\t\t\t\t\t<div class=\"box-image\" >\n\t\t\t\t\t\t\t\t<div class=\"image-color image-overlay-remove-50 image-cover\" style=\"padding-top:169%;\">\n\t\t\t\t\t\t\t\t\t<a href=\"https:\/\/editionslightmotiv.com\/en\/product\/our-son-my-moon-avec-tirage\/\" aria-label=\"OUR SON, MY MOON avec tirage\">\n\t\t\t\t\t\t\t\t\t\t<img loading=\"lazy\" decoding=\"async\" width=\"400\" height=\"400\" src=\"https:\/\/editionslightmotiv.com\/wp-content\/uploads\/2024\/08\/CouvMeskhi_OKBD_siteinternet-scaled-400x400.webp\" class=\"attachment-medium size-medium\" alt=\"Couverture du livre OUR SON, MY MOON du photographe David Meskhi en co-\u00e9dition avec le Mus\u00e9e d&#039;Art Moderne et Contemporain de Saint Etienne (MAMC+)\" srcset=\"https:\/\/editionslightmotiv.com\/wp-content\/uploads\/2024\/08\/CouvMeskhi_OKBD_siteinternet-scaled-400x400.webp 400w, https:\/\/editionslightmotiv.com\/wp-content\/uploads\/2024\/08\/CouvMeskhi_OKBD_siteinternet-scaled-800x800.webp 800w, https:\/\/editionslightmotiv.com\/wp-content\/uploads\/2024\/08\/CouvMeskhi_OKBD_siteinternet-scaled-280x280.webp 280w, https:\/\/editionslightmotiv.com\/wp-content\/uploads\/2024\/08\/CouvMeskhi_OKBD_siteinternet-scaled-768x768.webp 768w, https:\/\/editionslightmotiv.com\/wp-content\/uploads\/2024\/08\/CouvMeskhi_OKBD_siteinternet-scaled-1536x1536.webp 1536w, https:\/\/editionslightmotiv.com\/wp-content\/uploads\/2024\/08\/CouvMeskhi_OKBD_siteinternet-scaled-2048x2048.webp 2048w, https:\/\/editionslightmotiv.com\/wp-content\/uploads\/2024\/08\/CouvMeskhi_OKBD_siteinternet-scaled-12x12.webp 12w, https:\/\/editionslightmotiv.com\/wp-content\/uploads\/2024\/08\/CouvMeskhi_OKBD_siteinternet-scaled-900x900.webp 900w, https:\/\/editionslightmotiv.com\/wp-content\/uploads\/2024\/08\/CouvMeskhi_OKBD_siteinternet-scaled-100x100.webp 100w\" sizes=\"auto, (max-width: 400px) 100vw, 400px\" \/>\t\t\t\t\t\t\t\t\t<\/a>\n\t\t\t\t\t\t\t\t\t<div class=\"overlay fill\" style=\"background-color: rgba(0, 0, 0, 0.67)\"><\/div>\t\t\t\t\t\t\t\t\t \t\t\t\t\t\t\t\t<\/div>\n\t\t\t\t\t\t\t\t<div class=\"image-tools top right show-on-hover\">\n\t\t\t\t\t\t\t\t\t\t\t\t\t\t\t\t\t<\/div>\n\t\t\t\t\t\t\t\t\t\t\t\t\t\t\t\t\t\t\t\t\t\t\t<\/div>\n\n\t\t\t\t\t\t\t<div class=\"box-text text-center is-large\" >\n\t\t\t\t\t\t\t\t<div class=\"title-wrapper\"><p class=\"name product-title woocommerce-loop-product__title\"><a href=\"https:\/\/editionslightmotiv.com\/en\/product\/our-son-my-moon-avec-tirage\/\" class=\"woocommerce-LoopProduct-link woocommerce-loop-product__link\">OUR SON, MY MOON avec tirage<\/a><\/p><\/div><div class=\"price-wrapper\">\n\t<span class=\"price\"><span class=\"woocommerce-Price-amount amount\"><bdi>150,00<span class=\"woocommerce-Price-currencySymbol\">&euro;<\/span><\/bdi><\/span><\/span>\n<\/div><div class=\"overlay-tools\"><a href=\"https:\/\/editionslightmotiv.com\/en\/product\/our-son-my-moon-avec-tirage\/\" aria-describedby=\"woocommerce_loop_add_to_cart_link_describedby_4393\" data-quantity=\"1\" class=\"add-to-cart-grid no-padding is-transparent product_type_variable add_to_cart_button\" data-product_id=\"4393\" data-product_sku=\"\" aria-label=\"Select options for \u201cOUR SON, MY MOON avec tirage\u201d\" rel=\"nofollow\" data-no-translation-aria-label=\"\"><div class=\"cart-icon tooltip is-small\" title=\"Select options\" data-no-translation-title=\"\"><strong>+<\/strong><\/div><\/a>\t<span id=\"woocommerce_loop_add_to_cart_link_describedby_4393\" class=\"screen-reader-text\">\n\t\tThis product has multiple variants. The options may be chosen on the product page\t<\/span>\n<a href=\"#quick-view\" class=\"quick-view\" role=\"button\" data-prod=\"4393\" aria-haspopup=\"dialog\" aria-expanded=\"false\" data-flatsome-role-button>Quick View<\/a><\/div>\t\t\t\t\t\t\t<\/div>\n\t\t\t\t\t\t<\/div>\n\t\t\t\t\t\t<\/div>\n\t\t\t\t\t<\/div><div class=\"col\" >\n\t\t\t\t\t\t<div class=\"col-inner\">\n\t\t\t\t\t\t\n<div class=\"badge-container absolute left top z-1\">\n\n<\/div>\n\t\t\t\t\t\t<div class=\"product-small box has-hover box-overlay dark box-text-bottom\">\n\t\t\t\t\t\t\t<div class=\"box-image\" >\n\t\t\t\t\t\t\t\t<div class=\"image-color image-overlay-remove-50 image-cover\" style=\"padding-top:169%;\">\n\t\t\t\t\t\t\t\t\t<a href=\"https:\/\/editionslightmotiv.com\/en\/product\/lux-avec-tirage\/\" aria-label=\"LUX avec tirage\">\n\t\t\t\t\t\t\t\t\t\t<img loading=\"lazy\" decoding=\"async\" width=\"373\" height=\"400\" src=\"https:\/\/editionslightmotiv.com\/wp-content\/uploads\/2024\/08\/CouvertureLUX_BD_site4-373x400.jpg\" class=\"attachment-medium size-medium\" alt=\"Couverture du livre photographique LUX de Guillaume Perret publi\u00e9 par les Editions Light Motiv en novembre 2024 sur des r\u00e9sidents vivant \u00e0 l&#039;ann\u00e9e dans un camping en Suisse\" srcset=\"https:\/\/editionslightmotiv.com\/wp-content\/uploads\/2024\/08\/CouvertureLUX_BD_site4-373x400.jpg 373w, https:\/\/editionslightmotiv.com\/wp-content\/uploads\/2024\/08\/CouvertureLUX_BD_site4-747x800.jpg 747w, https:\/\/editionslightmotiv.com\/wp-content\/uploads\/2024\/08\/CouvertureLUX_BD_site4-768x823.jpg 768w, https:\/\/editionslightmotiv.com\/wp-content\/uploads\/2024\/08\/CouvertureLUX_BD_site4-1433x1536.jpg 1433w, https:\/\/editionslightmotiv.com\/wp-content\/uploads\/2024\/08\/CouvertureLUX_BD_site4-1911x2048.jpg 1911w, https:\/\/editionslightmotiv.com\/wp-content\/uploads\/2024\/08\/CouvertureLUX_BD_site4-11x12.jpg 11w, https:\/\/editionslightmotiv.com\/wp-content\/uploads\/2024\/08\/CouvertureLUX_BD_site4-900x964.jpg 900w, https:\/\/editionslightmotiv.com\/wp-content\/uploads\/2024\/08\/CouvertureLUX_BD_site4.jpg 1984w\" sizes=\"auto, (max-width: 373px) 100vw, 373px\" \/>\t\t\t\t\t\t\t\t\t<\/a>\n\t\t\t\t\t\t\t\t\t<div class=\"overlay fill\" style=\"background-color: rgba(0, 0, 0, 0.67)\"><\/div>\t\t\t\t\t\t\t\t\t \t\t\t\t\t\t\t\t<\/div>\n\t\t\t\t\t\t\t\t<div class=\"image-tools top right show-on-hover\">\n\t\t\t\t\t\t\t\t\t\t\t\t\t\t\t\t\t<\/div>\n\t\t\t\t\t\t\t\t\t\t\t\t\t\t\t\t\t\t\t\t\t\t\t<\/div>\n\n\t\t\t\t\t\t\t<div class=\"box-text text-center is-large\" >\n\t\t\t\t\t\t\t\t<div class=\"title-wrapper\"><p class=\"name product-title woocommerce-loop-product__title\"><a href=\"https:\/\/editionslightmotiv.com\/en\/product\/lux-avec-tirage\/\" class=\"woocommerce-LoopProduct-link woocommerce-loop-product__link\">LUX avec tirage<\/a><\/p><\/div><div class=\"price-wrapper\">\n\t<span class=\"price\"><span class=\"woocommerce-Price-amount amount\"><bdi>120,00<span class=\"woocommerce-Price-currencySymbol\">&euro;<\/span><\/bdi><\/span><\/span>\n<\/div><div class=\"overlay-tools\"><a href=\"https:\/\/editionslightmotiv.com\/en\/product\/lux-avec-tirage\/\" aria-describedby=\"woocommerce_loop_add_to_cart_link_describedby_4356\" data-quantity=\"1\" class=\"add-to-cart-grid no-padding is-transparent product_type_variable add_to_cart_button\" data-product_id=\"4356\" data-product_sku=\"\" aria-label=\"Select options for \u201cLUX avec tirage\u201d\" rel=\"nofollow\" data-no-translation-aria-label=\"\"><div class=\"cart-icon tooltip is-small\" title=\"Select options\" data-no-translation-title=\"\"><strong>+<\/strong><\/div><\/a>\t<span id=\"woocommerce_loop_add_to_cart_link_describedby_4356\" class=\"screen-reader-text\">\n\t\tThis product has multiple variants. The options may be chosen on the product page\t<\/span>\n<a href=\"#quick-view\" class=\"quick-view\" role=\"button\" data-prod=\"4356\" aria-haspopup=\"dialog\" aria-expanded=\"false\" data-flatsome-role-button>Quick View<\/a><\/div>\t\t\t\t\t\t\t<\/div>\n\t\t\t\t\t\t<\/div>\n\t\t\t\t\t\t<\/div>\n\t\t\t\t\t<\/div><div class=\"col\" >\n\t\t\t\t\t\t<div class=\"col-inner\">\n\t\t\t\t\t\t\n<div class=\"badge-container absolute left top z-1\">\n\n<\/div>\n\t\t\t\t\t\t<div class=\"product-small box has-hover box-overlay dark box-text-bottom\">\n\t\t\t\t\t\t\t<div class=\"box-image\" >\n\t\t\t\t\t\t\t\t<div class=\"image-color image-overlay-remove-50 image-cover\" style=\"padding-top:169%;\">\n\t\t\t\t\t\t\t\t\t<a href=\"https:\/\/editionslightmotiv.com\/en\/product\/lux\/\" aria-label=\"LUX\">\n\t\t\t\t\t\t\t\t\t\t<img loading=\"lazy\" decoding=\"async\" width=\"373\" height=\"400\" src=\"https:\/\/editionslightmotiv.com\/wp-content\/uploads\/2024\/08\/CouvertureLUX_BD_site4-373x400.jpg\" class=\"attachment-medium size-medium\" alt=\"Couverture du livre photographique LUX de Guillaume Perret publi\u00e9 par les Editions Light Motiv en novembre 2024 sur des r\u00e9sidents vivant \u00e0 l&#039;ann\u00e9e dans un camping en Suisse\" srcset=\"https:\/\/editionslightmotiv.com\/wp-content\/uploads\/2024\/08\/CouvertureLUX_BD_site4-373x400.jpg 373w, https:\/\/editionslightmotiv.com\/wp-content\/uploads\/2024\/08\/CouvertureLUX_BD_site4-747x800.jpg 747w, https:\/\/editionslightmotiv.com\/wp-content\/uploads\/2024\/08\/CouvertureLUX_BD_site4-768x823.jpg 768w, https:\/\/editionslightmotiv.com\/wp-content\/uploads\/2024\/08\/CouvertureLUX_BD_site4-1433x1536.jpg 1433w, https:\/\/editionslightmotiv.com\/wp-content\/uploads\/2024\/08\/CouvertureLUX_BD_site4-1911x2048.jpg 1911w, https:\/\/editionslightmotiv.com\/wp-content\/uploads\/2024\/08\/CouvertureLUX_BD_site4-11x12.jpg 11w, https:\/\/editionslightmotiv.com\/wp-content\/uploads\/2024\/08\/CouvertureLUX_BD_site4-900x964.jpg 900w, https:\/\/editionslightmotiv.com\/wp-content\/uploads\/2024\/08\/CouvertureLUX_BD_site4.jpg 1984w\" sizes=\"auto, (max-width: 373px) 100vw, 373px\" \/>\t\t\t\t\t\t\t\t\t<\/a>\n\t\t\t\t\t\t\t\t\t<div class=\"overlay fill\" style=\"background-color: rgba(0, 0, 0, 0.67)\"><\/div>\t\t\t\t\t\t\t\t\t \t\t\t\t\t\t\t\t<\/div>\n\t\t\t\t\t\t\t\t<div class=\"image-tools top right show-on-hover\">\n\t\t\t\t\t\t\t\t\t\t\t\t\t\t\t\t\t<\/div>\n\t\t\t\t\t\t\t\t\t\t\t\t\t\t\t\t\t\t\t\t\t\t\t<\/div>\n\n\t\t\t\t\t\t\t<div class=\"box-text text-center is-large\" >\n\t\t\t\t\t\t\t\t<div class=\"title-wrapper\"><p class=\"name product-title woocommerce-loop-product__title\"><a href=\"https:\/\/editionslightmotiv.com\/en\/product\/lux\/\" class=\"woocommerce-LoopProduct-link woocommerce-loop-product__link\">LUX<\/a><\/p><\/div><div class=\"price-wrapper\">\n\t<span class=\"price\"><span class=\"woocommerce-Price-amount amount\"><bdi>38,00<span class=\"woocommerce-Price-currencySymbol\">&euro;<\/span><\/bdi><\/span><\/span>\n<\/div><div class=\"overlay-tools\"><a href=\"\/en\/wp-json\/wp\/v2\/pages\/3913?add-to-cart=4258\" aria-describedby=\"woocommerce_loop_add_to_cart_link_describedby_4258\" data-quantity=\"1\" class=\"add-to-cart-grid no-padding is-transparent product_type_simple add_to_cart_button ajax_add_to_cart\" data-product_id=\"4258\" data-product_sku=\"\" aria-label=\"Add to basket: \u201cLUX\u201d\" rel=\"nofollow\" data-success_message=\"\u201cLUX\u201d has been added to your basket\" role=\"button\" data-no-translation-aria-label=\"\" data-no-translation-data-success_message=\"\"><div class=\"cart-icon tooltip is-small\" title=\"Add to cart\" data-no-translation-title=\"\"><strong>+<\/strong><\/div><\/a>\t<span id=\"woocommerce_loop_add_to_cart_link_describedby_4258\" class=\"screen-reader-text\">\n\t\t\t<\/span>\n<a href=\"#quick-view\" class=\"quick-view\" role=\"button\" data-prod=\"4258\" aria-haspopup=\"dialog\" aria-expanded=\"false\" data-flatsome-role-button>Quick View<\/a><\/div>\t\t\t\t\t\t\t<\/div>\n\t\t\t\t\t\t<\/div>\n\t\t\t\t\t\t<\/div>\n\t\t\t\t\t<\/div><div class=\"col\" >\n\t\t\t\t\t\t<div class=\"col-inner\">\n\t\t\t\t\t\t\n<div class=\"badge-container absolute left top z-1\">\n\n<\/div>\n\t\t\t\t\t\t<div class=\"product-small box has-hover box-overlay dark box-text-bottom\">\n\t\t\t\t\t\t\t<div class=\"box-image\" >\n\t\t\t\t\t\t\t\t<div class=\"image-color image-overlay-remove-50 image-cover\" style=\"padding-top:169%;\">\n\t\t\t\t\t\t\t\t\t<a href=\"https:\/\/editionslightmotiv.com\/en\/product\/our-son-my-moon\/\" aria-label=\"OUR SON, MY MOON\">\n\t\t\t\t\t\t\t\t\t\t<img loading=\"lazy\" decoding=\"async\" width=\"400\" height=\"400\" src=\"https:\/\/editionslightmotiv.com\/wp-content\/uploads\/2024\/08\/CouvMeskhi_OKBD_siteinternet-400x400.jpg\" class=\"attachment-medium size-medium\" alt=\"Couverture du livre photographique Our Son, My Moon de David Meskhi r\u00e9alis\u00e9 en co-\u00e9dition par Light Motiv et le MAMC+ (Mus\u00e9e d&#039;Art Moderne et Contemporain de Saint Etienne) paru le 7 novembre 2024, d\u00e9di\u00e9 aux athl\u00e8tes et gymnastes.\" srcset=\"https:\/\/editionslightmotiv.com\/wp-content\/uploads\/2024\/08\/CouvMeskhi_OKBD_siteinternet-400x400.jpg 400w, https:\/\/editionslightmotiv.com\/wp-content\/uploads\/2024\/08\/CouvMeskhi_OKBD_siteinternet-800x800.jpg 800w, https:\/\/editionslightmotiv.com\/wp-content\/uploads\/2024\/08\/CouvMeskhi_OKBD_siteinternet-280x280.jpg 280w, https:\/\/editionslightmotiv.com\/wp-content\/uploads\/2024\/08\/CouvMeskhi_OKBD_siteinternet-768x768.jpg 768w, https:\/\/editionslightmotiv.com\/wp-content\/uploads\/2024\/08\/CouvMeskhi_OKBD_siteinternet-1536x1536.jpg 1536w, https:\/\/editionslightmotiv.com\/wp-content\/uploads\/2024\/08\/CouvMeskhi_OKBD_siteinternet-2048x2048.jpg 2048w, https:\/\/editionslightmotiv.com\/wp-content\/uploads\/2024\/08\/CouvMeskhi_OKBD_siteinternet-12x12.jpg 12w, https:\/\/editionslightmotiv.com\/wp-content\/uploads\/2024\/08\/CouvMeskhi_OKBD_siteinternet-900x900.jpg 900w, https:\/\/editionslightmotiv.com\/wp-content\/uploads\/2024\/08\/CouvMeskhi_OKBD_siteinternet-100x100.jpg 100w\" sizes=\"auto, (max-width: 400px) 100vw, 400px\" \/>\t\t\t\t\t\t\t\t\t<\/a>\n\t\t\t\t\t\t\t\t\t<div class=\"overlay fill\" style=\"background-color: rgba(0, 0, 0, 0.67)\"><\/div>\t\t\t\t\t\t\t\t\t \t\t\t\t\t\t\t\t<\/div>\n\t\t\t\t\t\t\t\t<div class=\"image-tools top right show-on-hover\">\n\t\t\t\t\t\t\t\t\t\t\t\t\t\t\t\t\t<\/div>\n\t\t\t\t\t\t\t\t\t\t\t\t\t\t\t\t\t\t\t\t\t\t\t<\/div>\n\n\t\t\t\t\t\t\t<div class=\"box-text text-center is-large\" >\n\t\t\t\t\t\t\t\t<div class=\"title-wrapper\"><p class=\"name product-title woocommerce-loop-product__title\"><a href=\"https:\/\/editionslightmotiv.com\/en\/product\/our-son-my-moon\/\" class=\"woocommerce-LoopProduct-link woocommerce-loop-product__link\">OUR SON, MY MOON<\/a><\/p><\/div><div class=\"price-wrapper\">\n\t<span class=\"price\"><span class=\"woocommerce-Price-amount amount\"><bdi>35,00<span class=\"woocommerce-Price-currencySymbol\">&euro;<\/span><\/bdi><\/span><\/span>\n<\/div><div class=\"overlay-tools\"><a href=\"\/en\/wp-json\/wp\/v2\/pages\/3913?add-to-cart=4240\" aria-describedby=\"woocommerce_loop_add_to_cart_link_describedby_4240\" data-quantity=\"1\" class=\"add-to-cart-grid no-padding is-transparent product_type_simple add_to_cart_button ajax_add_to_cart\" data-product_id=\"4240\" data-product_sku=\"\" aria-label=\"Add to basket: \u201cOUR SON, MY MOON\u201d\" rel=\"nofollow\" data-success_message=\"\u201cOUR SON, MY MOON\u201d has been added to your basket\" role=\"button\" data-no-translation-aria-label=\"\" data-no-translation-data-success_message=\"\"><div class=\"cart-icon tooltip is-small\" title=\"Add to cart\" data-no-translation-title=\"\"><strong>+<\/strong><\/div><\/a>\t<span id=\"woocommerce_loop_add_to_cart_link_describedby_4240\" class=\"screen-reader-text\">\n\t\t\t<\/span>\n<a href=\"#quick-view\" class=\"quick-view\" role=\"button\" data-prod=\"4240\" aria-haspopup=\"dialog\" aria-expanded=\"false\" data-flatsome-role-button>Quick View<\/a><\/div>\t\t\t\t\t\t\t<\/div>\n\t\t\t\t\t\t<\/div>\n\t\t\t\t\t\t<\/div>\n\t\t\t\t\t<\/div><\/div>","protected":false},"excerpt":{"rendered":"","protected":false},"author":1,"featured_media":0,"parent":0,"menu_order":23,"comment_status":"closed","ping_status":"closed","template":"page-blank.php","meta":{"footnotes":""},"class_list":["post-3913","page","type-page","status-publish","hentry"],"_links":{"self":[{"href":"https:\/\/editionslightmotiv.com\/en\/wp-json\/wp\/v2\/pages\/3913","targetHints":{"allow":["GET"]}}],"collection":[{"href":"https:\/\/editionslightmotiv.com\/en\/wp-json\/wp\/v2\/pages"}],"about":[{"href":"https:\/\/editionslightmotiv.com\/en\/wp-json\/wp\/v2\/types\/page"}],"author":[{"embeddable":true,"href":"https:\/\/editionslightmotiv.com\/en\/wp-json\/wp\/v2\/users\/1"}],"replies":[{"embeddable":true,"href":"https:\/\/editionslightmotiv.com\/en\/wp-json\/wp\/v2\/comments?post=3913"}],"version-history":[{"count":0,"href":"https:\/\/editionslightmotiv.com\/en\/wp-json\/wp\/v2\/pages\/3913\/revisions"}],"wp:attachment":[{"href":"https:\/\/editionslightmotiv.com\/en\/wp-json\/wp\/v2\/media?parent=3913"}],"curies":[{"name":"wp","href":"https:\/\/api.w.org\/{rel}","templated":true}]}}