{"id":181,"date":"2016-08-31T09:25:18","date_gmt":"2016-08-31T09:25:18","guid":{"rendered":"http:\/\/flatsome.dev\/?page_id=9165"},"modified":"2023-10-09T10:35:50","modified_gmt":"2023-10-09T08:35:50","slug":"flip-book","status":"publish","type":"page","link":"https:\/\/editionslightmotiv.com\/en\/elements\/flip-book\/","title":{"rendered":"Flip Book"},"content":{"rendered":"<section class=\"section\" id=\"section_1996627318\">\n\t\t<div class=\"section-bg fill\" >\n\t\t\t\t\t\t\t\t\t\n\t\t\t\n\n\t\t<\/div>\n\n\t\t\n\n\t\t<div class=\"section-content relative\">\n\t\t\t\n<div class=\"container section-title-container\" ><h3 class=\"section-title section-title-center\"><b aria-hidden=\"true\"><\/b><span class=\"section-title-main\" >Flip book element<\/span><b aria-hidden=\"true\"><\/b><\/h3><\/div>\n            <div class=\"row\"><div class=\"large-12 col\">\n          <div style=\"background-color:#FFF;\" class=\"slider flipContainer slider-nav-circle slide box-shadow-2\"\n            data-flickity-options='{              \"cellAlign\": \"center\",              \"wrapAround\": true,              \"percentPosition\": true,              \"imagesLoaded\": true,              \"pageDots\": true,              \"contain\": true          }'>\n                        <div class=\"slide\" style=\"background-color:#FFF;\">  <div class=\"row row-collapse align-middle flip-slide\" style=\"width:100%\">\n        <div class=\"large-6 col flip-page-one\">\n        <div class=\"featured-product col-inner\">\n          <a href=\"https:\/\/editionslightmotiv.com\/en\/product\/tsunami-trees\/\">\n                <div class=\"product-image relative\">\n                   <div class=\"front-image\">\n                    <img loading=\"lazy\" decoding=\"async\" width=\"900\" height=\"900\" src=\"https:\/\/editionslightmotiv.com\/wp-content\/uploads\/2026\/01\/couv_TsunamiTrees_v2BDsite-900x900.jpg\" class=\"attachment-woocommerce_single size-woocommerce_single wp-post-image\" alt=\"Couverture du livre TSUNAMI TREES du photographe Naoya Hatakeyama publi\u00e9 aux Editions Light Motiv en 2026, sur la disparition et la renaissance des arbres \u00e0 la suite du tsunami dayant touch\u00e9 les c\u00f4tes du Japon le 11 mars 2011.\" srcset=\"https:\/\/editionslightmotiv.com\/wp-content\/uploads\/2026\/01\/couv_TsunamiTrees_v2BDsite-900x900.jpg 900w, https:\/\/editionslightmotiv.com\/wp-content\/uploads\/2026\/01\/couv_TsunamiTrees_v2BDsite-800x800.jpg 800w, https:\/\/editionslightmotiv.com\/wp-content\/uploads\/2026\/01\/couv_TsunamiTrees_v2BDsite-280x280.jpg 280w, https:\/\/editionslightmotiv.com\/wp-content\/uploads\/2026\/01\/couv_TsunamiTrees_v2BDsite-768x768.jpg 768w, https:\/\/editionslightmotiv.com\/wp-content\/uploads\/2026\/01\/couv_TsunamiTrees_v2BDsite-1536x1536.jpg 1536w, https:\/\/editionslightmotiv.com\/wp-content\/uploads\/2026\/01\/couv_TsunamiTrees_v2BDsite-2048x2048.jpg 2048w, https:\/\/editionslightmotiv.com\/wp-content\/uploads\/2026\/01\/couv_TsunamiTrees_v2BDsite-12x12.jpg 12w, https:\/\/editionslightmotiv.com\/wp-content\/uploads\/2026\/01\/couv_TsunamiTrees_v2BDsite-100x100.jpg 100w\" sizes=\"auto, (max-width: 900px) 100vw, 900px\" \/>                  <\/div>\n                  \n<div class=\"badge-container absolute left top z-1\">\n\n<div class=\"badge callout badge-circle\"><div class=\"badge-inner callout-new-bg is-small new-bubble\">NEW<\/div><\/div><\/div>\n                <\/div>\n          <\/a>\n        <\/div>\n        <\/div>\n       <div class=\"large-6 col flip-page-two\">\n        <div class=\"product-info col-inner inner-padding\">\n              <h1 class=\"entry-title\"><a href=\"https:\/\/editionslightmotiv.com\/en\/product\/tsunami-trees\/\">Tsunami Trees<\/a><\/h1>\n              <div class=\"is-divider medium\"><\/div>\n              <div class=\"price-wrapper\">\n\t<p class=\"price product-page-price\">\n  <span class=\"woocommerce-Price-amount amount\"><bdi>45,00<span class=\"woocommerce-Price-currencySymbol\">&euro;<\/span><\/bdi><\/span><\/p>\n<\/div>\n<div class=\"product-short-description\">\n\t<p><em>Naoya Hatakeyama<br \/>\n<\/em><\/p>\n<h4><\/h4>\n<p>&nbsp;<\/p>\n<\/div>\n<div class=\"product_meta\">\n\n\t\n\t\n\t<span class=\"posted_in\">Category: <a href=\"https:\/\/editionslightmotiv.com\/en\/product-category\/livre\/\" rel=\"tag\">Books<\/a><\/span>\n\t<span class=\"tagged_as\">Tags: <a href=\"https:\/\/editionslightmotiv.com\/en\/product-tag\/arbres\/\" rel=\"tag\">arbres<\/a>, <a href=\"https:\/\/editionslightmotiv.com\/en\/product-tag\/catastrophe-naturelle\/\" rel=\"tag\">catastrophe naturelle<\/a>, <a href=\"https:\/\/editionslightmotiv.com\/en\/product-tag\/classic\/\" rel=\"tag\">classic<\/a>, <a href=\"https:\/\/editionslightmotiv.com\/en\/product-tag\/climate\/\" rel=\"tag\">climate<\/a>, <a href=\"https:\/\/editionslightmotiv.com\/en\/product-tag\/coast\/\" rel=\"tag\">coast<\/a>, <a href=\"https:\/\/editionslightmotiv.com\/en\/product-tag\/cote\/\" rel=\"tag\">c\u00f4te<\/a>, <a href=\"https:\/\/editionslightmotiv.com\/en\/product-tag\/death\/\" rel=\"tag\">death<\/a>, <a href=\"https:\/\/editionslightmotiv.com\/en\/product-tag\/digue\/\" rel=\"tag\">digue<\/a>, <a href=\"https:\/\/editionslightmotiv.com\/en\/product-tag\/dyke\/\" rel=\"tag\">dyke<\/a>, <a href=\"https:\/\/editionslightmotiv.com\/en\/product-tag\/earth\/\" rel=\"tag\">earth<\/a>, <a href=\"https:\/\/editionslightmotiv.com\/en\/product-tag\/environment\/\" rel=\"tag\">environment<\/a>, <a href=\"https:\/\/editionslightmotiv.com\/en\/product-tag\/environnement\/\" rel=\"tag\">environnement<\/a>, <a href=\"https:\/\/editionslightmotiv.com\/en\/product-tag\/equilibre\/\" rel=\"tag\">\u00e9quilibre<\/a>, <a href=\"https:\/\/editionslightmotiv.com\/en\/product-tag\/espace\/\" rel=\"tag\">espace<\/a>, <a href=\"https:\/\/editionslightmotiv.com\/en\/product-tag\/forest\/\" rel=\"tag\">forest<\/a>, <a href=\"https:\/\/editionslightmotiv.com\/en\/product-tag\/foret\/\" rel=\"tag\">for\u00eat<\/a>, <a href=\"https:\/\/editionslightmotiv.com\/en\/product-tag\/green\/\" rel=\"tag\">green<\/a>, <a href=\"https:\/\/editionslightmotiv.com\/en\/product-tag\/humain\/\" rel=\"tag\">humain<\/a>, <a href=\"https:\/\/editionslightmotiv.com\/en\/product-tag\/human-being\/\" rel=\"tag\">human being<\/a>, <a href=\"https:\/\/editionslightmotiv.com\/en\/product-tag\/japan\/\" rel=\"tag\">Japan<\/a>, <a href=\"https:\/\/editionslightmotiv.com\/en\/product-tag\/japon\/\" rel=\"tag\">Japon<\/a>, <a href=\"https:\/\/editionslightmotiv.com\/en\/product-tag\/kesengawa\/\" rel=\"tag\">Kesengawa<\/a>, <a href=\"https:\/\/editionslightmotiv.com\/en\/product-tag\/landscape\/\" rel=\"tag\">landscape<\/a>, <a href=\"https:\/\/editionslightmotiv.com\/en\/product-tag\/leaf\/\" rel=\"tag\">leaf<\/a>, <a href=\"https:\/\/editionslightmotiv.com\/en\/product-tag\/light-motiv\/\" rel=\"tag\">light motiv<\/a>, <a href=\"https:\/\/editionslightmotiv.com\/en\/product-tag\/living-being\/\" rel=\"tag\">living being<\/a>, <a href=\"https:\/\/editionslightmotiv.com\/en\/product-tag\/livre\/\" rel=\"tag\">livre<\/a>, <a href=\"https:\/\/editionslightmotiv.com\/en\/product-tag\/mer\/\" rel=\"tag\">Mer<\/a>, <a href=\"https:\/\/editionslightmotiv.com\/en\/product-tag\/mort\/\" rel=\"tag\">mort<\/a>, <a href=\"https:\/\/editionslightmotiv.com\/en\/product-tag\/naoya-hatakeyama\/\" rel=\"tag\">Naoya Hatakeyama<\/a>, <a href=\"https:\/\/editionslightmotiv.com\/en\/product-tag\/nature\/\" rel=\"tag\">nature<\/a>, <a href=\"https:\/\/editionslightmotiv.com\/en\/product-tag\/ocean\/\" rel=\"tag\">oc\u00e9an<\/a>, <a href=\"https:\/\/editionslightmotiv.com\/en\/product-tag\/paysage\/\" rel=\"tag\">paysage<\/a>, <a href=\"https:\/\/editionslightmotiv.com\/en\/product-tag\/people\/\" rel=\"tag\">people<\/a>, <a href=\"https:\/\/editionslightmotiv.com\/en\/product-tag\/perte\/\" rel=\"tag\">perte<\/a>, <a href=\"https:\/\/editionslightmotiv.com\/en\/product-tag\/photobook\/\" rel=\"tag\">photobook<\/a>, <a href=\"https:\/\/editionslightmotiv.com\/en\/product-tag\/photographie\/\" rel=\"tag\">photographie<\/a>, <a href=\"https:\/\/editionslightmotiv.com\/en\/product-tag\/photography\/\" rel=\"tag\">photography<\/a>, <a href=\"https:\/\/editionslightmotiv.com\/en\/product-tag\/rebirth\/\" rel=\"tag\">rebirth<\/a>, <a href=\"https:\/\/editionslightmotiv.com\/en\/product-tag\/reconstruction\/\" rel=\"tag\">reconstruction<\/a>, <a href=\"https:\/\/editionslightmotiv.com\/en\/product-tag\/renaissance\/\" rel=\"tag\">renaissance<\/a>, <a href=\"https:\/\/editionslightmotiv.com\/en\/product-tag\/resilience\/\" rel=\"tag\">r\u00e9silience<\/a>, <a href=\"https:\/\/editionslightmotiv.com\/en\/product-tag\/rikuzentakata\/\" rel=\"tag\">Rikuzentakata<\/a>, <a href=\"https:\/\/editionslightmotiv.com\/en\/product-tag\/seawall\/\" rel=\"tag\">seawall<\/a>, <a href=\"https:\/\/editionslightmotiv.com\/en\/product-tag\/shore\/\" rel=\"tag\">shore<\/a>, <a href=\"https:\/\/editionslightmotiv.com\/en\/product-tag\/terre\/\" rel=\"tag\">terre<\/a>, <a href=\"https:\/\/editionslightmotiv.com\/en\/product-tag\/trees\/\" rel=\"tag\">trees<\/a>, <a href=\"https:\/\/editionslightmotiv.com\/en\/product-tag\/tsunami\/\" rel=\"tag\">tsunami<\/a>, <a href=\"https:\/\/editionslightmotiv.com\/en\/product-tag\/tsunami-trees\/\" rel=\"tag\">Tsunami Trees<\/a>, <a href=\"https:\/\/editionslightmotiv.com\/en\/product-tag\/vague\/\" rel=\"tag\">vague<\/a>, <a href=\"https:\/\/editionslightmotiv.com\/en\/product-tag\/vegetal\/\" rel=\"tag\">vegetal<\/a>, <a href=\"https:\/\/editionslightmotiv.com\/en\/product-tag\/vivant\/\" rel=\"tag\">vivant<\/a><\/span>\n\t\n<\/div>\n              <a href=\"https:\/\/editionslightmotiv.com\/en\/product\/tsunami-trees\/\" class=\"button\" data-no-translation=\"\" data-trp-gettext=\"\">Read more<\/a>\n         <\/div>\n        <\/div>\n<\/div>\n<\/div>\n                        <div class=\"slide\" style=\"background-color:#FFF;\">  <div class=\"row row-collapse align-middle flip-slide\" style=\"width:100%\">\n        <div class=\"large-6 col flip-page-one\">\n        <div class=\"featured-product col-inner\">\n          <a href=\"https:\/\/editionslightmotiv.com\/en\/product\/regardez-ici-pour-voir\/\">\n                <div class=\"product-image relative\">\n                   <div class=\"front-image\">\n                    <img loading=\"lazy\" decoding=\"async\" width=\"900\" height=\"900\" src=\"https:\/\/editionslightmotiv.com\/wp-content\/uploads\/2025\/06\/COUV_Regardezicipourvoir_V4_BDsite-900x900.jpg\" class=\"attachment-woocommerce_single size-woocommerce_single wp-post-image\" alt=\"Couverture du livre REGARDEZ ICI POUR VOIR du photojournaliste Corentin Fohlen publi\u00e9 aux Editions Light Motiv en octobre 2025, avec un portrait de Dany Laferri\u00e8re en 1\u00e8re de couverture. Ce livre recense 50 portrait de c\u00e9l\u00e9brit\u00e9s fran\u00e7aises et internationales photographi\u00e9es par Corentin Fohlen.\" srcset=\"https:\/\/editionslightmotiv.com\/wp-content\/uploads\/2025\/06\/COUV_Regardezicipourvoir_V4_BDsite-900x900.jpg 900w, https:\/\/editionslightmotiv.com\/wp-content\/uploads\/2025\/06\/COUV_Regardezicipourvoir_V4_BDsite-800x800.jpg 800w, https:\/\/editionslightmotiv.com\/wp-content\/uploads\/2025\/06\/COUV_Regardezicipourvoir_V4_BDsite-280x280.jpg 280w, https:\/\/editionslightmotiv.com\/wp-content\/uploads\/2025\/06\/COUV_Regardezicipourvoir_V4_BDsite-768x768.jpg 768w, https:\/\/editionslightmotiv.com\/wp-content\/uploads\/2025\/06\/COUV_Regardezicipourvoir_V4_BDsite-1536x1536.jpg 1536w, https:\/\/editionslightmotiv.com\/wp-content\/uploads\/2025\/06\/COUV_Regardezicipourvoir_V4_BDsite-12x12.jpg 12w, https:\/\/editionslightmotiv.com\/wp-content\/uploads\/2025\/06\/COUV_Regardezicipourvoir_V4_BDsite-100x100.jpg 100w, https:\/\/editionslightmotiv.com\/wp-content\/uploads\/2025\/06\/COUV_Regardezicipourvoir_V4_BDsite.jpg 1851w\" sizes=\"auto, (max-width: 900px) 100vw, 900px\" \/>                  <\/div>\n                  \n<div class=\"badge-container absolute left top z-1\">\n\n<\/div>\n                <\/div>\n          <\/a>\n        <\/div>\n        <\/div>\n       <div class=\"large-6 col flip-page-two\">\n        <div class=\"product-info col-inner inner-padding\">\n              <h1 class=\"entry-title\"><a href=\"https:\/\/editionslightmotiv.com\/en\/product\/regardez-ici-pour-voir\/\">REGARDEZ ICI POUR VOIR<\/a><\/h1>\n              <div class=\"is-divider medium\"><\/div>\n              <div class=\"price-wrapper\">\n\t<p class=\"price product-page-price\">\n  <span class=\"woocommerce-Price-amount amount\"><bdi>29,00<span class=\"woocommerce-Price-currencySymbol\">&euro;<\/span><\/bdi><\/span><\/p>\n<\/div>\n<div class=\"product-short-description\">\n\t<p><em>Corentin Fohlen<br \/>\n<\/em><\/p>\n<h4><\/h4>\n<p>&nbsp;<\/p>\n<\/div>\n<div class=\"product_meta\">\n\n\t\n\t\n\t<span class=\"posted_in\">Category: <a href=\"https:\/\/editionslightmotiv.com\/en\/product-category\/livre\/\" rel=\"tag\">Books<\/a><\/span>\n\t<span class=\"tagged_as\">Tags: <a href=\"https:\/\/editionslightmotiv.com\/en\/product-tag\/celebrites\/\" rel=\"tag\">c\u00e9l\u00e9brit\u00e9s<\/a>, <a href=\"https:\/\/editionslightmotiv.com\/en\/product-tag\/commande\/\" rel=\"tag\">commande<\/a>, <a href=\"https:\/\/editionslightmotiv.com\/en\/product-tag\/corentin-fohlen\/\" rel=\"tag\">Corentin Fohlen<\/a>, <a href=\"https:\/\/editionslightmotiv.com\/en\/product-tag\/coulisses\/\" rel=\"tag\">coulisses<\/a>, <a href=\"https:\/\/editionslightmotiv.com\/en\/product-tag\/dany-boon\/\" rel=\"tag\">Dany Boon<\/a>, <a href=\"https:\/\/editionslightmotiv.com\/en\/product-tag\/dany-laferriere\/\" rel=\"tag\">Dany Laferri\u00e8re<\/a>, <a href=\"https:\/\/editionslightmotiv.com\/en\/product-tag\/elodie-gossuin\/\" rel=\"tag\">Elodie Gossuin<\/a>, <a href=\"https:\/\/editionslightmotiv.com\/en\/product-tag\/herve-le-tellier\/\" rel=\"tag\">Herv\u00e9 Le Tellier<\/a>, <a href=\"https:\/\/editionslightmotiv.com\/en\/product-tag\/medias\/\" rel=\"tag\">m\u00e9dias<\/a>, <a href=\"https:\/\/editionslightmotiv.com\/en\/product-tag\/melvin-boomer\/\" rel=\"tag\">Melvin Boomer<\/a>, <a href=\"https:\/\/editionslightmotiv.com\/en\/product-tag\/people\/\" rel=\"tag\">people<\/a>, <a href=\"https:\/\/editionslightmotiv.com\/en\/product-tag\/personnalites\/\" rel=\"tag\">personnalit\u00e9s<\/a>, <a href=\"https:\/\/editionslightmotiv.com\/en\/product-tag\/philippe-besson\/\" rel=\"tag\">Philippe Besson<\/a>, <a href=\"https:\/\/editionslightmotiv.com\/en\/product-tag\/photobook\/\" rel=\"tag\">photobook<\/a>, <a href=\"https:\/\/editionslightmotiv.com\/en\/product-tag\/photographie\/\" rel=\"tag\">photographie<\/a>, <a href=\"https:\/\/editionslightmotiv.com\/en\/product-tag\/photography\/\" rel=\"tag\">photography<\/a>, <a href=\"https:\/\/editionslightmotiv.com\/en\/product-tag\/portrait\/\" rel=\"tag\">portrait<\/a>, <a href=\"https:\/\/editionslightmotiv.com\/en\/product-tag\/presse\/\" rel=\"tag\">presse<\/a>, <a href=\"https:\/\/editionslightmotiv.com\/en\/product-tag\/public\/\" rel=\"tag\">public<\/a>, <a href=\"https:\/\/editionslightmotiv.com\/en\/product-tag\/regard\/\" rel=\"tag\">regard<\/a>, <a href=\"https:\/\/editionslightmotiv.com\/en\/product-tag\/regardez-ici-pour-voir\/\" rel=\"tag\">Regardez ici pour voir<\/a>, <a href=\"https:\/\/editionslightmotiv.com\/en\/product-tag\/sandrine-kiberlain\/\" rel=\"tag\">Sandrine Kiberlain<\/a>, <a href=\"https:\/\/editionslightmotiv.com\/en\/product-tag\/stars\/\" rel=\"tag\">stars<\/a>, <a href=\"https:\/\/editionslightmotiv.com\/en\/product-tag\/theo-curin\/\" rel=\"tag\">Th\u00e9o Curin<\/a><\/span>\n\t\n<\/div>\n              <a href=\"https:\/\/editionslightmotiv.com\/en\/product\/regardez-ici-pour-voir\/\" class=\"button\" data-no-translation=\"\" data-trp-gettext=\"\">Read more<\/a>\n         <\/div>\n        <\/div>\n<\/div>\n<\/div>\n                        <div class=\"slide\" style=\"background-color:#FFF;\">  <div class=\"row row-collapse align-middle flip-slide\" style=\"width:100%\">\n        <div class=\"large-6 col flip-page-one\">\n        <div class=\"featured-product col-inner\">\n          <a href=\"https:\/\/editionslightmotiv.com\/en\/product\/marges-avec-tirage\/\">\n                <div class=\"product-image relative\">\n                   <div class=\"front-image\">\n                    <img loading=\"lazy\" decoding=\"async\" width=\"900\" height=\"900\" src=\"https:\/\/editionslightmotiv.com\/wp-content\/uploads\/2025\/01\/couverture_MARGES_BD_Site-900x900.jpg\" class=\"attachment-woocommerce_single size-woocommerce_single wp-post-image\" alt=\"Couverture du livre photographique MARGES de J\u00e9r\u00e9mie Lenoir publi\u00e9 par les Editions Light Motiv en janvier 2025, sur son travail de paysages a\u00e9riens r\u00e9alis\u00e9 le long de la Seine depuis sa confluence avec l\u2019Yonne jusqu\u2019\u00e0 son embouchure au Havre\" srcset=\"https:\/\/editionslightmotiv.com\/wp-content\/uploads\/2025\/01\/couverture_MARGES_BD_Site-900x900.jpg 900w, https:\/\/editionslightmotiv.com\/wp-content\/uploads\/2025\/01\/couverture_MARGES_BD_Site-400x400.jpg 400w, https:\/\/editionslightmotiv.com\/wp-content\/uploads\/2025\/01\/couverture_MARGES_BD_Site-800x800.jpg 800w, https:\/\/editionslightmotiv.com\/wp-content\/uploads\/2025\/01\/couverture_MARGES_BD_Site-280x280.jpg 280w, https:\/\/editionslightmotiv.com\/wp-content\/uploads\/2025\/01\/couverture_MARGES_BD_Site-768x768.jpg 768w, https:\/\/editionslightmotiv.com\/wp-content\/uploads\/2025\/01\/couverture_MARGES_BD_Site-1536x1536.jpg 1536w, https:\/\/editionslightmotiv.com\/wp-content\/uploads\/2025\/01\/couverture_MARGES_BD_Site-12x12.jpg 12w, https:\/\/editionslightmotiv.com\/wp-content\/uploads\/2025\/01\/couverture_MARGES_BD_Site-100x100.jpg 100w, https:\/\/editionslightmotiv.com\/wp-content\/uploads\/2025\/01\/couverture_MARGES_BD_Site.jpg 1978w\" sizes=\"auto, (max-width: 900px) 100vw, 900px\" \/>                  <\/div>\n                  \n<div class=\"badge-container absolute left top z-1\">\n\n<div class=\"badge callout badge-circle\"><div class=\"badge-inner callout-new-bg is-small new-bubble\">NEW<\/div><\/div><\/div>\n                <\/div>\n          <\/a>\n        <\/div>\n        <\/div>\n       <div class=\"large-6 col flip-page-two\">\n        <div class=\"product-info col-inner inner-padding\">\n              <h1 class=\"entry-title\"><a href=\"https:\/\/editionslightmotiv.com\/en\/product\/marges-avec-tirage\/\">MARGES avec tirage<\/a><\/h1>\n              <div class=\"is-divider medium\"><\/div>\n              <div class=\"price-wrapper\">\n\t<p class=\"price product-page-price\">\n  <span class=\"woocommerce-Price-amount amount\"><bdi>180,00<span class=\"woocommerce-Price-currencySymbol\">&euro;<\/span><\/bdi><\/span><\/p>\n<\/div>\n<div class=\"product-short-description\">\n\t<p><em>J\u00e9r\u00e9mie Lenoir<\/em><\/p>\n<\/div>\n<div class=\"product_meta\">\n\n\t\n\t\n\t\t<span class=\"sku_wrapper\">SKU: <span class=\"sku\" data-no-translation=\"\" data-trp-gettext=\"\">N\/A<\/span><\/span>\n\n\t\n\t<span class=\"posted_in\">Category: <a href=\"https:\/\/editionslightmotiv.com\/en\/product-category\/livre-avec-tirage\/\" rel=\"tag\">Books with limited print<\/a><\/span>\n\t<span class=\"tagged_as\">Tags: <a href=\"https:\/\/editionslightmotiv.com\/en\/product-tag\/abstraction\/\" rel=\"tag\">abstraction<\/a>, <a href=\"https:\/\/editionslightmotiv.com\/en\/product-tag\/aerien\/\" rel=\"tag\">a\u00e9rien<\/a>, <a href=\"https:\/\/editionslightmotiv.com\/en\/product-tag\/book\/\" rel=\"tag\">book<\/a>, <a href=\"https:\/\/editionslightmotiv.com\/en\/product-tag\/carriere\/\" rel=\"tag\">carri\u00e8re<\/a>, <a href=\"https:\/\/editionslightmotiv.com\/en\/product-tag\/chantier\/\" rel=\"tag\">chantier<\/a>, <a href=\"https:\/\/editionslightmotiv.com\/en\/product-tag\/classic\/\" rel=\"tag\">classic<\/a>, <a href=\"https:\/\/editionslightmotiv.com\/en\/product-tag\/dust\/\" rel=\"tag\">DUST<\/a>, <a href=\"https:\/\/editionslightmotiv.com\/en\/product-tag\/field\/\" rel=\"tag\">field<\/a>, <a href=\"https:\/\/editionslightmotiv.com\/en\/product-tag\/fieldwork\/\" rel=\"tag\">fieldwork<\/a>, <a href=\"https:\/\/editionslightmotiv.com\/en\/product-tag\/fleuve\/\" rel=\"tag\">fleuve<\/a>, <a href=\"https:\/\/editionslightmotiv.com\/en\/product-tag\/friche\/\" rel=\"tag\">friche<\/a>, <a href=\"https:\/\/editionslightmotiv.com\/en\/product-tag\/industrie\/\" rel=\"tag\">industrie<\/a>, <a href=\"https:\/\/editionslightmotiv.com\/en\/product-tag\/jeremie-lenoir\/\" rel=\"tag\">J\u00e9r\u00e9mie Lenoir<\/a>, <a href=\"https:\/\/editionslightmotiv.com\/en\/product-tag\/livre\/\" rel=\"tag\">livre<\/a>, <a href=\"https:\/\/editionslightmotiv.com\/en\/product-tag\/marges\/\" rel=\"tag\">marges<\/a>, <a href=\"https:\/\/editionslightmotiv.com\/en\/product-tag\/nord\/\" rel=\"tag\">Nord<\/a>, <a href=\"https:\/\/editionslightmotiv.com\/en\/product-tag\/painting\/\" rel=\"tag\">painting<\/a>, <a href=\"https:\/\/editionslightmotiv.com\/en\/product-tag\/paysage\/\" rel=\"tag\">paysage<\/a>, <a href=\"https:\/\/editionslightmotiv.com\/en\/product-tag\/peinture\/\" rel=\"tag\">peinture<\/a>, <a href=\"https:\/\/editionslightmotiv.com\/en\/product-tag\/photobook\/\" rel=\"tag\">photobook<\/a>, <a href=\"https:\/\/editionslightmotiv.com\/en\/product-tag\/photographie\/\" rel=\"tag\">photographie<\/a>, <a href=\"https:\/\/editionslightmotiv.com\/en\/product-tag\/photography\/\" rel=\"tag\">photography<\/a>, <a href=\"https:\/\/editionslightmotiv.com\/en\/product-tag\/platitude\/\" rel=\"tag\">platitude<\/a>, <a href=\"https:\/\/editionslightmotiv.com\/en\/product-tag\/print\/\" rel=\"tag\">print<\/a>, <a href=\"https:\/\/editionslightmotiv.com\/en\/product-tag\/river\/\" rel=\"tag\">river<\/a>, <a href=\"https:\/\/editionslightmotiv.com\/en\/product-tag\/riviere\/\" rel=\"tag\">riviere<\/a>, <a href=\"https:\/\/editionslightmotiv.com\/en\/product-tag\/seine\/\" rel=\"tag\">Seine<\/a>, <a href=\"https:\/\/editionslightmotiv.com\/en\/product-tag\/stockage\/\" rel=\"tag\">stockage<\/a>, <a href=\"https:\/\/editionslightmotiv.com\/en\/product-tag\/symbole\/\" rel=\"tag\">symbole<\/a>, <a href=\"https:\/\/editionslightmotiv.com\/en\/product-tag\/tirage\/\" rel=\"tag\">tirage<\/a>, <a href=\"https:\/\/editionslightmotiv.com\/en\/product-tag\/tirage-limite\/\" rel=\"tag\">tirage limit\u00e9<\/a>, <a href=\"https:\/\/editionslightmotiv.com\/en\/product-tag\/toiture\/\" rel=\"tag\">toiture<\/a>, <a href=\"https:\/\/editionslightmotiv.com\/en\/product-tag\/usine\/\" rel=\"tag\">usine<\/a><\/span>\n\t\n<\/div>\n              <a href=\"https:\/\/editionslightmotiv.com\/en\/product\/marges-avec-tirage\/\" class=\"button\" data-no-translation=\"\" data-trp-gettext=\"\">Read more<\/a>\n         <\/div>\n        <\/div>\n<\/div>\n<\/div>\n                        <div class=\"slide\" style=\"background-color:#FFF;\">  <div class=\"row row-collapse align-middle flip-slide\" style=\"width:100%\">\n        <div class=\"large-6 col flip-page-one\">\n        <div class=\"featured-product col-inner\">\n          <a href=\"https:\/\/editionslightmotiv.com\/en\/product\/marges\/\">\n                <div class=\"product-image relative\">\n                   <div class=\"front-image\">\n                    <img loading=\"lazy\" decoding=\"async\" width=\"900\" height=\"900\" src=\"https:\/\/editionslightmotiv.com\/wp-content\/uploads\/2025\/01\/couverture_MARGES_BD_Site-900x900.jpg\" class=\"attachment-woocommerce_single size-woocommerce_single wp-post-image\" alt=\"Couverture du livre photographique MARGES de J\u00e9r\u00e9mie Lenoir publi\u00e9 par les Editions Light Motiv en janvier 2025, sur son travail de paysages a\u00e9riens r\u00e9alis\u00e9 le long de la Seine depuis sa confluence avec l\u2019Yonne jusqu\u2019\u00e0 son embouchure au Havre\" srcset=\"https:\/\/editionslightmotiv.com\/wp-content\/uploads\/2025\/01\/couverture_MARGES_BD_Site-900x900.jpg 900w, https:\/\/editionslightmotiv.com\/wp-content\/uploads\/2025\/01\/couverture_MARGES_BD_Site-400x400.jpg 400w, https:\/\/editionslightmotiv.com\/wp-content\/uploads\/2025\/01\/couverture_MARGES_BD_Site-800x800.jpg 800w, https:\/\/editionslightmotiv.com\/wp-content\/uploads\/2025\/01\/couverture_MARGES_BD_Site-280x280.jpg 280w, https:\/\/editionslightmotiv.com\/wp-content\/uploads\/2025\/01\/couverture_MARGES_BD_Site-768x768.jpg 768w, https:\/\/editionslightmotiv.com\/wp-content\/uploads\/2025\/01\/couverture_MARGES_BD_Site-1536x1536.jpg 1536w, https:\/\/editionslightmotiv.com\/wp-content\/uploads\/2025\/01\/couverture_MARGES_BD_Site-12x12.jpg 12w, https:\/\/editionslightmotiv.com\/wp-content\/uploads\/2025\/01\/couverture_MARGES_BD_Site-100x100.jpg 100w, https:\/\/editionslightmotiv.com\/wp-content\/uploads\/2025\/01\/couverture_MARGES_BD_Site.jpg 1978w\" sizes=\"auto, (max-width: 900px) 100vw, 900px\" \/>                  <\/div>\n                  \n<div class=\"badge-container absolute left top z-1\">\n\n<\/div>\n                <\/div>\n          <\/a>\n        <\/div>\n        <\/div>\n       <div class=\"large-6 col flip-page-two\">\n        <div class=\"product-info col-inner inner-padding\">\n              <h1 class=\"entry-title\"><a href=\"https:\/\/editionslightmotiv.com\/en\/product\/marges\/\">MARGES<\/a><\/h1>\n              <div class=\"is-divider medium\"><\/div>\n              <div class=\"price-wrapper\">\n\t<p class=\"price product-page-price\">\n  <span class=\"woocommerce-Price-amount amount\"><bdi>44,00<span class=\"woocommerce-Price-currencySymbol\">&euro;<\/span><\/bdi><\/span><\/p>\n<\/div>\n<div class=\"product-short-description\">\n\t<p><em>J\u00e9r\u00e9mie Lenoir<br \/>\n<\/em><\/p>\n<h4><\/h4>\n<p>&nbsp;<\/p>\n<\/div>\n<div class=\"product_meta\">\n\n\t\n\t\n\t<span class=\"posted_in\">Category: <a href=\"https:\/\/editionslightmotiv.com\/en\/product-category\/livre\/\" rel=\"tag\">Books<\/a><\/span>\n\t<span class=\"tagged_as\">Tags: <a href=\"https:\/\/editionslightmotiv.com\/en\/product-tag\/abstraction\/\" rel=\"tag\">abstraction<\/a>, <a href=\"https:\/\/editionslightmotiv.com\/en\/product-tag\/aerien\/\" rel=\"tag\">a\u00e9rien<\/a>, <a href=\"https:\/\/editionslightmotiv.com\/en\/product-tag\/book\/\" rel=\"tag\">book<\/a>, <a href=\"https:\/\/editionslightmotiv.com\/en\/product-tag\/carriere\/\" rel=\"tag\">carri\u00e8re<\/a>, <a href=\"https:\/\/editionslightmotiv.com\/en\/product-tag\/chantier\/\" rel=\"tag\">chantier<\/a>, <a href=\"https:\/\/editionslightmotiv.com\/en\/product-tag\/classic\/\" rel=\"tag\">classic<\/a>, <a href=\"https:\/\/editionslightmotiv.com\/en\/product-tag\/dust\/\" rel=\"tag\">DUST<\/a>, <a href=\"https:\/\/editionslightmotiv.com\/en\/product-tag\/field\/\" rel=\"tag\">field<\/a>, <a href=\"https:\/\/editionslightmotiv.com\/en\/product-tag\/fieldwork\/\" rel=\"tag\">fieldwork<\/a>, <a href=\"https:\/\/editionslightmotiv.com\/en\/product-tag\/fleuve\/\" rel=\"tag\">fleuve<\/a>, <a href=\"https:\/\/editionslightmotiv.com\/en\/product-tag\/friche\/\" rel=\"tag\">friche<\/a>, <a href=\"https:\/\/editionslightmotiv.com\/en\/product-tag\/industrie\/\" rel=\"tag\">industrie<\/a>, <a href=\"https:\/\/editionslightmotiv.com\/en\/product-tag\/jeremie-lenoir\/\" rel=\"tag\">J\u00e9r\u00e9mie Lenoir<\/a>, <a href=\"https:\/\/editionslightmotiv.com\/en\/product-tag\/light-motiv\/\" rel=\"tag\">light motiv<\/a>, <a href=\"https:\/\/editionslightmotiv.com\/en\/product-tag\/livre\/\" rel=\"tag\">livre<\/a>, <a href=\"https:\/\/editionslightmotiv.com\/en\/product-tag\/marges\/\" rel=\"tag\">marges<\/a>, <a href=\"https:\/\/editionslightmotiv.com\/en\/product-tag\/marges-jeremie-lenoir\/\" rel=\"tag\">MARGES J\u00c9R\u00c9MIE LENOIR<\/a>, <a href=\"https:\/\/editionslightmotiv.com\/en\/product-tag\/nord\/\" rel=\"tag\">Nord<\/a>, <a href=\"https:\/\/editionslightmotiv.com\/en\/product-tag\/painting\/\" rel=\"tag\">painting<\/a>, <a href=\"https:\/\/editionslightmotiv.com\/en\/product-tag\/paysage\/\" rel=\"tag\">paysage<\/a>, <a href=\"https:\/\/editionslightmotiv.com\/en\/product-tag\/peinture\/\" rel=\"tag\">peinture<\/a>, <a href=\"https:\/\/editionslightmotiv.com\/en\/product-tag\/photobook\/\" rel=\"tag\">photobook<\/a>, <a href=\"https:\/\/editionslightmotiv.com\/en\/product-tag\/photographie\/\" rel=\"tag\">photographie<\/a>, <a href=\"https:\/\/editionslightmotiv.com\/en\/product-tag\/photography\/\" rel=\"tag\">photography<\/a>, <a href=\"https:\/\/editionslightmotiv.com\/en\/product-tag\/platitude\/\" rel=\"tag\">platitude<\/a>, <a href=\"https:\/\/editionslightmotiv.com\/en\/product-tag\/seine\/\" rel=\"tag\">Seine<\/a>, <a href=\"https:\/\/editionslightmotiv.com\/en\/product-tag\/stockage\/\" rel=\"tag\">stockage<\/a>, <a href=\"https:\/\/editionslightmotiv.com\/en\/product-tag\/toiture\/\" rel=\"tag\">toiture<\/a>, <a href=\"https:\/\/editionslightmotiv.com\/en\/product-tag\/usine\/\" rel=\"tag\">usine<\/a><\/span>\n\t\n<\/div>\n              <a href=\"https:\/\/editionslightmotiv.com\/en\/product\/marges\/\" class=\"button\" data-no-translation=\"\" data-trp-gettext=\"\">Read more<\/a>\n         <\/div>\n        <\/div>\n<\/div>\n<\/div>\n                        <div class=\"slide\" style=\"background-color:#FFF;\">  <div class=\"row row-collapse align-middle flip-slide\" style=\"width:100%\">\n        <div class=\"large-6 col flip-page-one\">\n        <div class=\"featured-product col-inner\">\n          <a href=\"https:\/\/editionslightmotiv.com\/en\/product\/our-son-my-moon-avec-tirage\/\">\n                <div class=\"product-image relative\">\n                   <div class=\"front-image\">\n                    <img loading=\"lazy\" decoding=\"async\" width=\"900\" height=\"900\" src=\"https:\/\/editionslightmotiv.com\/wp-content\/uploads\/2024\/08\/CouvMeskhi_OKBD_siteinternet-scaled-900x900.webp\" class=\"attachment-woocommerce_single size-woocommerce_single wp-post-image\" alt=\"Couverture du livre OUR SON, MY MOON du photographe David Meskhi en co-\u00e9dition avec le Mus\u00e9e d&#039;Art Moderne et Contemporain de Saint Etienne (MAMC+)\" srcset=\"https:\/\/editionslightmotiv.com\/wp-content\/uploads\/2024\/08\/CouvMeskhi_OKBD_siteinternet-scaled-900x900.webp 900w, https:\/\/editionslightmotiv.com\/wp-content\/uploads\/2024\/08\/CouvMeskhi_OKBD_siteinternet-scaled-400x400.webp 400w, https:\/\/editionslightmotiv.com\/wp-content\/uploads\/2024\/08\/CouvMeskhi_OKBD_siteinternet-scaled-800x800.webp 800w, https:\/\/editionslightmotiv.com\/wp-content\/uploads\/2024\/08\/CouvMeskhi_OKBD_siteinternet-scaled-280x280.webp 280w, https:\/\/editionslightmotiv.com\/wp-content\/uploads\/2024\/08\/CouvMeskhi_OKBD_siteinternet-scaled-768x768.webp 768w, https:\/\/editionslightmotiv.com\/wp-content\/uploads\/2024\/08\/CouvMeskhi_OKBD_siteinternet-scaled-1536x1536.webp 1536w, https:\/\/editionslightmotiv.com\/wp-content\/uploads\/2024\/08\/CouvMeskhi_OKBD_siteinternet-scaled-2048x2048.webp 2048w, https:\/\/editionslightmotiv.com\/wp-content\/uploads\/2024\/08\/CouvMeskhi_OKBD_siteinternet-scaled-12x12.webp 12w, https:\/\/editionslightmotiv.com\/wp-content\/uploads\/2024\/08\/CouvMeskhi_OKBD_siteinternet-scaled-100x100.webp 100w\" sizes=\"auto, (max-width: 900px) 100vw, 900px\" \/>                  <\/div>\n                  \n<div class=\"badge-container absolute left top z-1\">\n\n<\/div>\n                <\/div>\n          <\/a>\n        <\/div>\n        <\/div>\n       <div class=\"large-6 col flip-page-two\">\n        <div class=\"product-info col-inner inner-padding\">\n              <h1 class=\"entry-title\"><a href=\"https:\/\/editionslightmotiv.com\/en\/product\/our-son-my-moon-avec-tirage\/\">OUR SON, MY MOON avec tirage<\/a><\/h1>\n              <div class=\"is-divider medium\"><\/div>\n              <div class=\"price-wrapper\">\n\t<p class=\"price product-page-price\">\n  <span class=\"woocommerce-Price-amount amount\"><bdi>150,00<span class=\"woocommerce-Price-currencySymbol\">&euro;<\/span><\/bdi><\/span><\/p>\n<\/div>\n<div class=\"product-short-description\">\n\t<p><em>David Meskhi<\/em><\/p>\n<\/div>\n<div class=\"product_meta\">\n\n\t\n\t\n\t\t<span class=\"sku_wrapper\">SKU: <span class=\"sku\" data-no-translation=\"\" data-trp-gettext=\"\">N\/A<\/span><\/span>\n\n\t\n\t<span class=\"posted_in\">Category: <a href=\"https:\/\/editionslightmotiv.com\/en\/product-category\/livre-avec-tirage\/\" rel=\"tag\">Books with limited print<\/a><\/span>\n\t<span class=\"tagged_as\">Tags: <a href=\"https:\/\/editionslightmotiv.com\/en\/product-tag\/athletes\/\" rel=\"tag\">athl\u00e8tes<\/a>, <a href=\"https:\/\/editionslightmotiv.com\/en\/product-tag\/co-edition\/\" rel=\"tag\">co-\u00e9dition<\/a>, <a href=\"https:\/\/editionslightmotiv.com\/en\/product-tag\/documentaire\/\" rel=\"tag\">documentaire<\/a>, <a href=\"https:\/\/editionslightmotiv.com\/en\/product-tag\/gym\/\" rel=\"tag\">gym<\/a>, <a href=\"https:\/\/editionslightmotiv.com\/en\/product-tag\/gymnastique\/\" rel=\"tag\">gymnastique<\/a>, <a href=\"https:\/\/editionslightmotiv.com\/en\/product-tag\/livre\/\" rel=\"tag\">livre<\/a>, <a href=\"https:\/\/editionslightmotiv.com\/en\/product-tag\/musee\/\" rel=\"tag\">mus\u00e9e<\/a>, <a href=\"https:\/\/editionslightmotiv.com\/en\/product-tag\/museum\/\" rel=\"tag\">museum<\/a>, <a href=\"https:\/\/editionslightmotiv.com\/en\/product-tag\/ouvrage-dart\/\" rel=\"tag\">ouvrage d'art<\/a>, <a href=\"https:\/\/editionslightmotiv.com\/en\/product-tag\/photographie\/\" rel=\"tag\">photographie<\/a>, <a href=\"https:\/\/editionslightmotiv.com\/en\/product-tag\/photography\/\" rel=\"tag\">photography<\/a>, <a href=\"https:\/\/editionslightmotiv.com\/en\/product-tag\/societe\/\" rel=\"tag\">soci\u00e9t\u00e9<\/a>, <a href=\"https:\/\/editionslightmotiv.com\/en\/product-tag\/sport\/\" rel=\"tag\">sport<\/a><\/span>\n\t\n<\/div>\n              <a href=\"https:\/\/editionslightmotiv.com\/en\/product\/our-son-my-moon-avec-tirage\/\" class=\"button\" data-no-translation=\"\" data-trp-gettext=\"\">Read more<\/a>\n         <\/div>\n        <\/div>\n<\/div>\n<\/div>\n                        <div class=\"slide\" style=\"background-color:#FFF;\">  <div class=\"row row-collapse align-middle flip-slide\" style=\"width:100%\">\n        <div class=\"large-6 col flip-page-one\">\n        <div class=\"featured-product col-inner\">\n          <a href=\"https:\/\/editionslightmotiv.com\/en\/product\/lux-avec-tirage\/\">\n                <div class=\"product-image relative\">\n                   <div class=\"front-image\">\n                    <img loading=\"lazy\" decoding=\"async\" width=\"900\" height=\"964\" src=\"https:\/\/editionslightmotiv.com\/wp-content\/uploads\/2024\/08\/CouvertureLUX_BD_site4-900x964.jpg\" class=\"attachment-woocommerce_single size-woocommerce_single wp-post-image\" alt=\"Couverture du livre photographique LUX de Guillaume Perret publi\u00e9 par les Editions Light Motiv en novembre 2024 sur des r\u00e9sidents vivant \u00e0 l&#039;ann\u00e9e dans un camping en Suisse\" srcset=\"https:\/\/editionslightmotiv.com\/wp-content\/uploads\/2024\/08\/CouvertureLUX_BD_site4-900x964.jpg 900w, https:\/\/editionslightmotiv.com\/wp-content\/uploads\/2024\/08\/CouvertureLUX_BD_site4-373x400.jpg 373w, https:\/\/editionslightmotiv.com\/wp-content\/uploads\/2024\/08\/CouvertureLUX_BD_site4-747x800.jpg 747w, https:\/\/editionslightmotiv.com\/wp-content\/uploads\/2024\/08\/CouvertureLUX_BD_site4-768x823.jpg 768w, https:\/\/editionslightmotiv.com\/wp-content\/uploads\/2024\/08\/CouvertureLUX_BD_site4-1433x1536.jpg 1433w, https:\/\/editionslightmotiv.com\/wp-content\/uploads\/2024\/08\/CouvertureLUX_BD_site4-1911x2048.jpg 1911w, https:\/\/editionslightmotiv.com\/wp-content\/uploads\/2024\/08\/CouvertureLUX_BD_site4-11x12.jpg 11w, https:\/\/editionslightmotiv.com\/wp-content\/uploads\/2024\/08\/CouvertureLUX_BD_site4.jpg 1984w\" sizes=\"auto, (max-width: 900px) 100vw, 900px\" \/>                  <\/div>\n                  \n<div class=\"badge-container absolute left top z-1\">\n\n<\/div>\n                <\/div>\n          <\/a>\n        <\/div>\n        <\/div>\n       <div class=\"large-6 col flip-page-two\">\n        <div class=\"product-info col-inner inner-padding\">\n              <h1 class=\"entry-title\"><a href=\"https:\/\/editionslightmotiv.com\/en\/product\/lux-avec-tirage\/\">LUX avec tirage<\/a><\/h1>\n              <div class=\"is-divider medium\"><\/div>\n              <div class=\"price-wrapper\">\n\t<p class=\"price product-page-price\">\n  <span class=\"woocommerce-Price-amount amount\"><bdi>120,00<span class=\"woocommerce-Price-currencySymbol\">&euro;<\/span><\/bdi><\/span><\/p>\n<\/div>\n<div class=\"product-short-description\">\n\t<p><em>Guillaume Perret<\/em><\/p>\n<\/div>\n<div class=\"product_meta\">\n\n\t\n\t\n\t\t<span class=\"sku_wrapper\">SKU: <span class=\"sku\" data-no-translation=\"\" data-trp-gettext=\"\">N\/A<\/span><\/span>\n\n\t\n\t<span class=\"posted_in\">Category: <a href=\"https:\/\/editionslightmotiv.com\/en\/product-category\/livre-avec-tirage\/\" rel=\"tag\">Books with limited print<\/a><\/span>\n\t<span class=\"tagged_as\">Tags: <a href=\"https:\/\/editionslightmotiv.com\/en\/product-tag\/autonomie\/\" rel=\"tag\">autonomie<\/a>, <a href=\"https:\/\/editionslightmotiv.com\/en\/product-tag\/camping\/\" rel=\"tag\">camping<\/a>, <a href=\"https:\/\/editionslightmotiv.com\/en\/product-tag\/co-edition\/\" rel=\"tag\">co-\u00e9dition<\/a>, <a href=\"https:\/\/editionslightmotiv.com\/en\/product-tag\/documentaire\/\" rel=\"tag\">documentaire<\/a>, <a href=\"https:\/\/editionslightmotiv.com\/en\/product-tag\/documentary\/\" rel=\"tag\">documentary<\/a>, <a href=\"https:\/\/editionslightmotiv.com\/en\/product-tag\/feu\/\" rel=\"tag\">feu<\/a>, <a href=\"https:\/\/editionslightmotiv.com\/en\/product-tag\/fire\/\" rel=\"tag\">fire<\/a>, <a href=\"https:\/\/editionslightmotiv.com\/en\/product-tag\/freedom\/\" rel=\"tag\">freedom<\/a>, <a href=\"https:\/\/editionslightmotiv.com\/en\/product-tag\/guillaume-perret\/\" rel=\"tag\">guillaume perret<\/a>, <a href=\"https:\/\/editionslightmotiv.com\/en\/product-tag\/lausanne\/\" rel=\"tag\">lausanne<\/a>, <a href=\"https:\/\/editionslightmotiv.com\/en\/product-tag\/lauzanne\/\" rel=\"tag\">lauzanne<\/a>, <a href=\"https:\/\/editionslightmotiv.com\/en\/product-tag\/liberte\/\" rel=\"tag\">libert\u00e9<\/a>, <a href=\"https:\/\/editionslightmotiv.com\/en\/product-tag\/livre\/\" rel=\"tag\">livre<\/a>, <a href=\"https:\/\/editionslightmotiv.com\/en\/product-tag\/lux\/\" rel=\"tag\">lux<\/a>, <a href=\"https:\/\/editionslightmotiv.com\/en\/product-tag\/luxe\/\" rel=\"tag\">luxe<\/a>, <a href=\"https:\/\/editionslightmotiv.com\/en\/product-tag\/marginal\/\" rel=\"tag\">marginal<\/a>, <a href=\"https:\/\/editionslightmotiv.com\/en\/product-tag\/ouvrage-dart\/\" rel=\"tag\">ouvrage d'art<\/a>, <a href=\"https:\/\/editionslightmotiv.com\/en\/product-tag\/paix\/\" rel=\"tag\">paix<\/a>, <a href=\"https:\/\/editionslightmotiv.com\/en\/product-tag\/peace\/\" rel=\"tag\">peace<\/a>, <a href=\"https:\/\/editionslightmotiv.com\/en\/product-tag\/photographie\/\" rel=\"tag\">photographie<\/a>, <a href=\"https:\/\/editionslightmotiv.com\/en\/product-tag\/photography\/\" rel=\"tag\">photography<\/a>, <a href=\"https:\/\/editionslightmotiv.com\/en\/product-tag\/pra-collet\/\" rel=\"tag\">pra collet<\/a>, <a href=\"https:\/\/editionslightmotiv.com\/en\/product-tag\/precarite\/\" rel=\"tag\">pr\u00e9carit\u00e9<\/a>, <a href=\"https:\/\/editionslightmotiv.com\/en\/product-tag\/societe\/\" rel=\"tag\">soci\u00e9t\u00e9<\/a>, <a href=\"https:\/\/editionslightmotiv.com\/en\/product-tag\/suisse\/\" rel=\"tag\">suisse<\/a>, <a href=\"https:\/\/editionslightmotiv.com\/en\/product-tag\/vaud\/\" rel=\"tag\">vaud<\/a><\/span>\n\t\n<\/div>\n              <a href=\"https:\/\/editionslightmotiv.com\/en\/product\/lux-avec-tirage\/\" class=\"button\" data-no-translation=\"\" data-trp-gettext=\"\">Read more<\/a>\n         <\/div>\n        <\/div>\n<\/div>\n<\/div>\n                        <div class=\"slide\" style=\"background-color:#FFF;\">  <div class=\"row row-collapse align-middle flip-slide\" style=\"width:100%\">\n        <div class=\"large-6 col flip-page-one\">\n        <div class=\"featured-product col-inner\">\n          <a href=\"https:\/\/editionslightmotiv.com\/en\/product\/lux\/\">\n                <div class=\"product-image relative\">\n                   <div class=\"front-image\">\n                    <img loading=\"lazy\" decoding=\"async\" width=\"900\" height=\"964\" src=\"https:\/\/editionslightmotiv.com\/wp-content\/uploads\/2024\/08\/CouvertureLUX_BD_site4-900x964.jpg\" class=\"attachment-woocommerce_single size-woocommerce_single wp-post-image\" alt=\"Couverture du livre photographique LUX de Guillaume Perret publi\u00e9 par les Editions Light Motiv en novembre 2024 sur des r\u00e9sidents vivant \u00e0 l&#039;ann\u00e9e dans un camping en Suisse\" srcset=\"https:\/\/editionslightmotiv.com\/wp-content\/uploads\/2024\/08\/CouvertureLUX_BD_site4-900x964.jpg 900w, https:\/\/editionslightmotiv.com\/wp-content\/uploads\/2024\/08\/CouvertureLUX_BD_site4-373x400.jpg 373w, https:\/\/editionslightmotiv.com\/wp-content\/uploads\/2024\/08\/CouvertureLUX_BD_site4-747x800.jpg 747w, https:\/\/editionslightmotiv.com\/wp-content\/uploads\/2024\/08\/CouvertureLUX_BD_site4-768x823.jpg 768w, https:\/\/editionslightmotiv.com\/wp-content\/uploads\/2024\/08\/CouvertureLUX_BD_site4-1433x1536.jpg 1433w, https:\/\/editionslightmotiv.com\/wp-content\/uploads\/2024\/08\/CouvertureLUX_BD_site4-1911x2048.jpg 1911w, https:\/\/editionslightmotiv.com\/wp-content\/uploads\/2024\/08\/CouvertureLUX_BD_site4-11x12.jpg 11w, https:\/\/editionslightmotiv.com\/wp-content\/uploads\/2024\/08\/CouvertureLUX_BD_site4.jpg 1984w\" sizes=\"auto, (max-width: 900px) 100vw, 900px\" \/>                  <\/div>\n                  \n<div class=\"badge-container absolute left top z-1\">\n\n<\/div>\n                <\/div>\n          <\/a>\n        <\/div>\n        <\/div>\n       <div class=\"large-6 col flip-page-two\">\n        <div class=\"product-info col-inner inner-padding\">\n              <h1 class=\"entry-title\"><a href=\"https:\/\/editionslightmotiv.com\/en\/product\/lux\/\">LUX<\/a><\/h1>\n              <div class=\"is-divider medium\"><\/div>\n              <div class=\"price-wrapper\">\n\t<p class=\"price product-page-price\">\n  <span class=\"woocommerce-Price-amount amount\"><bdi>38,00<span class=\"woocommerce-Price-currencySymbol\">&euro;<\/span><\/bdi><\/span><\/p>\n<\/div>\n<div class=\"product-short-description\">\n\t<p><em>Guillaume Perret<\/em><\/p>\n<\/div>\n<div class=\"product_meta\">\n\n\t\n\t\n\t<span class=\"posted_in\">Category: <a href=\"https:\/\/editionslightmotiv.com\/en\/product-category\/livre\/\" rel=\"tag\">Books<\/a><\/span>\n\t<span class=\"tagged_as\">Tags: <a href=\"https:\/\/editionslightmotiv.com\/en\/product-tag\/autonomie\/\" rel=\"tag\">autonomie<\/a>, <a href=\"https:\/\/editionslightmotiv.com\/en\/product-tag\/camping\/\" rel=\"tag\">camping<\/a>, <a href=\"https:\/\/editionslightmotiv.com\/en\/product-tag\/co-edition\/\" rel=\"tag\">co-\u00e9dition<\/a>, <a href=\"https:\/\/editionslightmotiv.com\/en\/product-tag\/documentaire\/\" rel=\"tag\">documentaire<\/a>, <a href=\"https:\/\/editionslightmotiv.com\/en\/product-tag\/documentary\/\" rel=\"tag\">documentary<\/a>, <a href=\"https:\/\/editionslightmotiv.com\/en\/product-tag\/feu\/\" rel=\"tag\">feu<\/a>, <a href=\"https:\/\/editionslightmotiv.com\/en\/product-tag\/fire\/\" rel=\"tag\">fire<\/a>, <a href=\"https:\/\/editionslightmotiv.com\/en\/product-tag\/freedom\/\" rel=\"tag\">freedom<\/a>, <a href=\"https:\/\/editionslightmotiv.com\/en\/product-tag\/guillaume-perret\/\" rel=\"tag\">guillaume perret<\/a>, <a href=\"https:\/\/editionslightmotiv.com\/en\/product-tag\/lausanne\/\" rel=\"tag\">lausanne<\/a>, <a href=\"https:\/\/editionslightmotiv.com\/en\/product-tag\/lauzanne\/\" rel=\"tag\">lauzanne<\/a>, <a href=\"https:\/\/editionslightmotiv.com\/en\/product-tag\/liberte\/\" rel=\"tag\">libert\u00e9<\/a>, <a href=\"https:\/\/editionslightmotiv.com\/en\/product-tag\/livre\/\" rel=\"tag\">livre<\/a>, <a href=\"https:\/\/editionslightmotiv.com\/en\/product-tag\/lux\/\" rel=\"tag\">lux<\/a>, <a href=\"https:\/\/editionslightmotiv.com\/en\/product-tag\/luxe\/\" rel=\"tag\">luxe<\/a>, <a href=\"https:\/\/editionslightmotiv.com\/en\/product-tag\/marginal\/\" rel=\"tag\">marginal<\/a>, <a href=\"https:\/\/editionslightmotiv.com\/en\/product-tag\/ouvrage-dart\/\" rel=\"tag\">ouvrage d'art<\/a>, <a href=\"https:\/\/editionslightmotiv.com\/en\/product-tag\/paix\/\" rel=\"tag\">paix<\/a>, <a href=\"https:\/\/editionslightmotiv.com\/en\/product-tag\/peace\/\" rel=\"tag\">peace<\/a>, <a href=\"https:\/\/editionslightmotiv.com\/en\/product-tag\/photographie\/\" rel=\"tag\">photographie<\/a>, <a href=\"https:\/\/editionslightmotiv.com\/en\/product-tag\/photography\/\" rel=\"tag\">photography<\/a>, <a href=\"https:\/\/editionslightmotiv.com\/en\/product-tag\/pra-collet\/\" rel=\"tag\">pra collet<\/a>, <a href=\"https:\/\/editionslightmotiv.com\/en\/product-tag\/precarite\/\" rel=\"tag\">pr\u00e9carit\u00e9<\/a>, <a href=\"https:\/\/editionslightmotiv.com\/en\/product-tag\/societe\/\" rel=\"tag\">soci\u00e9t\u00e9<\/a>, <a href=\"https:\/\/editionslightmotiv.com\/en\/product-tag\/suisse\/\" rel=\"tag\">suisse<\/a>, <a href=\"https:\/\/editionslightmotiv.com\/en\/product-tag\/vaud\/\" rel=\"tag\">vaud<\/a><\/span>\n\t\n<\/div>\n              <a href=\"https:\/\/editionslightmotiv.com\/en\/product\/lux\/\" class=\"button\" data-no-translation=\"\" data-trp-gettext=\"\">Read more<\/a>\n         <\/div>\n        <\/div>\n<\/div>\n<\/div>\n                        <div class=\"slide\" style=\"background-color:#FFF;\">  <div class=\"row row-collapse align-middle flip-slide\" style=\"width:100%\">\n        <div class=\"large-6 col flip-page-one\">\n        <div class=\"featured-product col-inner\">\n          <a href=\"https:\/\/editionslightmotiv.com\/en\/product\/our-son-my-moon\/\">\n                <div class=\"product-image relative\">\n                   <div class=\"front-image\">\n                    <img loading=\"lazy\" decoding=\"async\" width=\"900\" height=\"900\" src=\"https:\/\/editionslightmotiv.com\/wp-content\/uploads\/2024\/08\/CouvMeskhi_OKBD_siteinternet-900x900.jpg\" class=\"attachment-woocommerce_single size-woocommerce_single wp-post-image\" alt=\"Couverture du livre photographique Our Son, My Moon de David Meskhi r\u00e9alis\u00e9 en co-\u00e9dition par Light Motiv et le MAMC+ (Mus\u00e9e d&#039;Art Moderne et Contemporain de Saint Etienne) paru le 7 novembre 2024, d\u00e9di\u00e9 aux athl\u00e8tes et gymnastes.\" srcset=\"https:\/\/editionslightmotiv.com\/wp-content\/uploads\/2024\/08\/CouvMeskhi_OKBD_siteinternet-900x900.jpg 900w, https:\/\/editionslightmotiv.com\/wp-content\/uploads\/2024\/08\/CouvMeskhi_OKBD_siteinternet-400x400.jpg 400w, https:\/\/editionslightmotiv.com\/wp-content\/uploads\/2024\/08\/CouvMeskhi_OKBD_siteinternet-800x800.jpg 800w, https:\/\/editionslightmotiv.com\/wp-content\/uploads\/2024\/08\/CouvMeskhi_OKBD_siteinternet-280x280.jpg 280w, https:\/\/editionslightmotiv.com\/wp-content\/uploads\/2024\/08\/CouvMeskhi_OKBD_siteinternet-768x768.jpg 768w, https:\/\/editionslightmotiv.com\/wp-content\/uploads\/2024\/08\/CouvMeskhi_OKBD_siteinternet-1536x1536.jpg 1536w, https:\/\/editionslightmotiv.com\/wp-content\/uploads\/2024\/08\/CouvMeskhi_OKBD_siteinternet-2048x2048.jpg 2048w, https:\/\/editionslightmotiv.com\/wp-content\/uploads\/2024\/08\/CouvMeskhi_OKBD_siteinternet-12x12.jpg 12w, https:\/\/editionslightmotiv.com\/wp-content\/uploads\/2024\/08\/CouvMeskhi_OKBD_siteinternet-100x100.jpg 100w\" sizes=\"auto, (max-width: 900px) 100vw, 900px\" \/>                  <\/div>\n                  \n<div class=\"badge-container absolute left top z-1\">\n\n<\/div>\n                <\/div>\n          <\/a>\n        <\/div>\n        <\/div>\n       <div class=\"large-6 col flip-page-two\">\n        <div class=\"product-info col-inner inner-padding\">\n              <h1 class=\"entry-title\"><a href=\"https:\/\/editionslightmotiv.com\/en\/product\/our-son-my-moon\/\">OUR SON, MY MOON<\/a><\/h1>\n              <div class=\"is-divider medium\"><\/div>\n              <div class=\"price-wrapper\">\n\t<p class=\"price product-page-price\">\n  <span class=\"woocommerce-Price-amount amount\"><bdi>35,00<span class=\"woocommerce-Price-currencySymbol\">&euro;<\/span><\/bdi><\/span><\/p>\n<\/div>\n<div class=\"product-short-description\">\n\t<p><em>David Meskhi<br \/>\n<\/em><\/p>\n<\/div>\n<div class=\"product_meta\">\n\n\t\n\t\n\t<span class=\"posted_in\">Category: <a href=\"https:\/\/editionslightmotiv.com\/en\/product-category\/livre\/\" rel=\"tag\">Books<\/a><\/span>\n\t<span class=\"tagged_as\">Tags: <a href=\"https:\/\/editionslightmotiv.com\/en\/product-tag\/athletes\/\" rel=\"tag\">athl\u00e8tes<\/a>, <a href=\"https:\/\/editionslightmotiv.com\/en\/product-tag\/co-edition\/\" rel=\"tag\">co-\u00e9dition<\/a>, <a href=\"https:\/\/editionslightmotiv.com\/en\/product-tag\/documentaire\/\" rel=\"tag\">documentaire<\/a>, <a href=\"https:\/\/editionslightmotiv.com\/en\/product-tag\/gym\/\" rel=\"tag\">gym<\/a>, <a href=\"https:\/\/editionslightmotiv.com\/en\/product-tag\/gymnastique\/\" rel=\"tag\">gymnastique<\/a>, <a href=\"https:\/\/editionslightmotiv.com\/en\/product-tag\/livre\/\" rel=\"tag\">livre<\/a>, <a href=\"https:\/\/editionslightmotiv.com\/en\/product-tag\/musee\/\" rel=\"tag\">mus\u00e9e<\/a>, <a href=\"https:\/\/editionslightmotiv.com\/en\/product-tag\/museum\/\" rel=\"tag\">museum<\/a>, <a href=\"https:\/\/editionslightmotiv.com\/en\/product-tag\/ouvrage-dart\/\" rel=\"tag\">ouvrage d'art<\/a>, <a href=\"https:\/\/editionslightmotiv.com\/en\/product-tag\/photographie\/\" rel=\"tag\">photographie<\/a>, <a href=\"https:\/\/editionslightmotiv.com\/en\/product-tag\/photography\/\" rel=\"tag\">photography<\/a>, <a href=\"https:\/\/editionslightmotiv.com\/en\/product-tag\/societe\/\" rel=\"tag\">soci\u00e9t\u00e9<\/a>, <a href=\"https:\/\/editionslightmotiv.com\/en\/product-tag\/sport\/\" rel=\"tag\">sport<\/a><\/span>\n\t\n<\/div>\n              <a href=\"https:\/\/editionslightmotiv.com\/en\/product\/our-son-my-moon\/\" class=\"button\" data-no-translation=\"\" data-trp-gettext=\"\">Read more<\/a>\n         <\/div>\n        <\/div>\n<\/div>\n<\/div>\n                    <\/div>\n          <\/div><\/div>\n          \n<div class=\"row\"  id=\"row-1340078666\">\n\n\t<div id=\"col-143627062\" class=\"col small-12 large-12\"  >\n\t\t\t\t<div class=\"col-inner\"  >\n\t\t\t\n\t\t\t\n<p class=\"lead\" style=\"text-align: center;\">Create a Flip Book for any product category. You can also select custom posts.<\/p>\n\t\t<\/div>\n\t\t\t\t\t<\/div>\n\n\t\n<\/div>\n\t\t<\/div>\n\n\t\t\n<style>\n#section_1996627318 {\n  padding-top: 30px;\n  padding-bottom: 30px;\n  background-color: rgb(246, 246, 246);\n}\n<\/style>\n\t<\/section>","protected":false},"excerpt":{"rendered":"","protected":false},"author":1,"featured_media":0,"parent":253,"menu_order":99,"comment_status":"closed","ping_status":"closed","template":"page-blank.php","meta":{"footnotes":""},"class_list":["post-181","page","type-page","status-publish","hentry"],"_links":{"self":[{"href":"https:\/\/editionslightmotiv.com\/en\/wp-json\/wp\/v2\/pages\/181","targetHints":{"allow":["GET"]}}],"collection":[{"href":"https:\/\/editionslightmotiv.com\/en\/wp-json\/wp\/v2\/pages"}],"about":[{"href":"https:\/\/editionslightmotiv.com\/en\/wp-json\/wp\/v2\/types\/page"}],"author":[{"embeddable":true,"href":"https:\/\/editionslightmotiv.com\/en\/wp-json\/wp\/v2\/users\/1"}],"replies":[{"embeddable":true,"href":"https:\/\/editionslightmotiv.com\/en\/wp-json\/wp\/v2\/comments?post=181"}],"version-history":[{"count":1,"href":"https:\/\/editionslightmotiv.com\/en\/wp-json\/wp\/v2\/pages\/181\/revisions"}],"predecessor-version":[{"id":256,"href":"https:\/\/editionslightmotiv.com\/en\/wp-json\/wp\/v2\/pages\/181\/revisions\/256"}],"up":[{"embeddable":true,"href":"https:\/\/editionslightmotiv.com\/en\/wp-json\/wp\/v2\/pages\/253"}],"wp:attachment":[{"href":"https:\/\/editionslightmotiv.com\/en\/wp-json\/wp\/v2\/media?parent=181"}],"curies":[{"name":"wp","href":"https:\/\/api.w.org\/{rel}","templated":true}]}}