{"id":1141,"date":"2018-09-28T09:27:36","date_gmt":"2018-09-28T09:27:36","guid":{"rendered":"https:\/\/editionslightmotiv.com\/?page_id=1141"},"modified":"2026-02-10T16:50:30","modified_gmt":"2026-02-10T15:50:30","slug":"ludovic_bertin","status":"publish","type":"page","link":"https:\/\/editionslightmotiv.com\/en\/auteurs-photographes\/ludovic_bertin\/","title":{"rendered":"Ludovic Bertin"},"content":{"rendered":"<a href=\"https:\/\/editionslightmotiv.com\/en\/auteurs-photographes\/\" class=\"button primary is-bevel\" >\n\t\t<span>Back<\/span>\n\t<\/a>\n\n\n<p style=\"text-align: center;\"><img loading=\"lazy\" decoding=\"async\" class=\"aligncenter wp-image-4528 size-medium\" src=\"https:\/\/editionslightmotiv.com\/wp-content\/uploads\/2025\/02\/Ludovic-Bertin-par-Olivier-Boyer-267x400.jpg\" alt=\"Portrait de Ludovic Bertin (par Olivier Boyer), auteur du texte du livre photographique QUAND VIENT LE CARNAVAL publi\u00e9 aux Editions Light Motiv\" width=\"267\" height=\"400\" srcset=\"https:\/\/editionslightmotiv.com\/wp-content\/uploads\/2025\/02\/Ludovic-Bertin-par-Olivier-Boyer-267x400.jpg 267w, https:\/\/editionslightmotiv.com\/wp-content\/uploads\/2025\/02\/Ludovic-Bertin-par-Olivier-Boyer-533x800.jpg 533w, https:\/\/editionslightmotiv.com\/wp-content\/uploads\/2025\/02\/Ludovic-Bertin-par-Olivier-Boyer-768x1152.jpg 768w, https:\/\/editionslightmotiv.com\/wp-content\/uploads\/2025\/02\/Ludovic-Bertin-par-Olivier-Boyer-1024x1536.jpg 1024w, https:\/\/editionslightmotiv.com\/wp-content\/uploads\/2025\/02\/Ludovic-Bertin-par-Olivier-Boyer-1366x2048.jpg 1366w, https:\/\/editionslightmotiv.com\/wp-content\/uploads\/2025\/02\/Ludovic-Bertin-par-Olivier-Boyer-8x12.jpg 8w, https:\/\/editionslightmotiv.com\/wp-content\/uploads\/2025\/02\/Ludovic-Bertin-par-Olivier-Boyer-900x1350.jpg 900w, https:\/\/editionslightmotiv.com\/wp-content\/uploads\/2025\/02\/Ludovic-Bertin-par-Olivier-Boyer.jpg 1707w\" sizes=\"auto, (max-width: 267px) 100vw, 267px\" \/><em><span style=\"font-size: 80%;\">\u00a9 Olivier Boyer<\/span><\/em><\/p>\n<h2 style=\"text-align: center;\"><strong><span style=\"color: #282828; font-size: 100%;\">Ludovic Bertin<\/span><br \/><\/strong><\/h2>\n<p style=\"text-align: center;\">N\u00e9 \u00e0 Dunkerque en 1976, Ludovic Bertin est solidement enracin\u00e9 dans la cit\u00e9 de Jean Bart. Depuis 1999, il pr\u00e9side l\u2019association philanthropique et carnavalesque\u00a0<em>Les Kiekeun Reusche<\/em>, organisatrice depuis 2012 du Kiekeun Festival, qui met en avant les musiques festives.<br \/>Les intrigues de ses romans prennent place dans sa ville\u00a0dont l\u2019histoire le passionne. En 2012, il publie\u00a0<em>La Lettre de Dunkerque<\/em>\u00a0(\u00e9d. Ravet-Anceau), immersion au coeur des ann\u00e9es 1970 et d\u2019un scandale judiciaire. En 2014,\u00a0<em>SOS Corsaire<\/em>\u00a0(\u00e9d. Ravet-Anceau) plonge les plus jeunes lecteurs dans une aventure tr\u00e9pidante qui m\u00eale g\u00e9ants du Nord, corsaires et carnaval.<\/p>\n<p style=\"text-align: center;\">Il \u00e9crit un texte in\u00e9dit pour le livre <a href=\"https:\/\/editionslightmotiv.com\/en\/product\/quand-vient-le-carnaval\/\"><em>Quand vient le carnaval<\/em><\/a>, paru aux Editions Light Motiv en novembre 2018, en s&rsquo;inspirant des chansons folkloriques et de l&rsquo;ambiance festive du carnaval de Dunkerque.<\/p>\n<p style=\"text-align: center;\">\u00a0<\/p>\n<h2 class=\"p1\" style=\"text-align: center;\">Autres publications<\/h2>\n<p style=\"text-align: center;\"><i>Le Jour de ma mort<\/i> (\u00e9d. Ravet-Anceau, 2017)<\/p>\n<p style=\"text-align: center;\"><em>Infiniment Polar<\/em> (Flag \u00e9ditions, 2021)<\/p>\n<p style=\"text-align: center;\"><em>Blood Horns<\/em> (\u00e9d. LBS, 2022)<\/p>\n<p>\u00a0<\/p>\n<h2 style=\"text-align: center;\">Ses livres aux Editions Light Motiv<\/h2>\n\t\n  \n    <div class=\"row large-columns-4 medium-columns-3 small-columns-2 row-small slider row-slider slider-nav-reveal slider-nav-push\"  data-flickity-options='{&quot;imagesLoaded&quot;: true, &quot;groupCells&quot;: &quot;100%&quot;, &quot;dragThreshold&quot; : 5, &quot;cellAlign&quot;: &quot;left&quot;,&quot;wrapAround&quot;: true,&quot;prevNextButtons&quot;: true,&quot;percentPosition&quot;: true,&quot;pageDots&quot;: false, &quot;rightToLeft&quot;: false, &quot;autoPlay&quot; : false}' >\n\n  \n\t     <div class=\"product-small col has-hover product type-product post-1518 status-publish first instock product_cat-livre product_tag-carnaval product_tag-carnaval-de-dunkerque product_tag-carnival product_tag-documentary-photography product_tag-dunkerque product_tag-hauts-de-france product_tag-livre-photographique product_tag-ludovic-bertin product_tag-marie-genel product_tag-nord product_tag-pascal-dessaint product_tag-photobook product_tag-photographie-documentaire product_tag-pierre-volot has-post-thumbnail shipping-taxable purchasable product-type-simple\">\n\t<div class=\"col-inner\">\n\t\n<div class=\"badge-container absolute left top z-1\">\n\n<\/div>\n\t<div class=\"product-small box\">\n\t\t<div class=\"box-image\">\n\t\t\t<div class=\"image-zoom-fade\">\n\t\t\t\t<a href=\"https:\/\/editionslightmotiv.com\/en\/product\/quand-vient-le-carnaval\/\">\n\t\t\t\t\t<img loading=\"lazy\" decoding=\"async\" width=\"600\" height=\"720\" src=\"https:\/\/editionslightmotiv.com\/wp-content\/uploads\/2015\/08\/Carnaval_STD_site-600x720.jpg\" class=\"attachment-woocommerce_thumbnail size-woocommerce_thumbnail\" alt=\"QUAND VIENT LE CARNAVAL\" \/>\t\t\t\t<\/a>\n\t\t\t<\/div>\n\t\t\t<div class=\"image-tools is-small top right show-on-hover\">\n\t\t\t\t\t\t\t<\/div>\n\t\t\t<div class=\"image-tools is-small hide-for-small bottom left show-on-hover\">\n\t\t\t\t\t\t\t<\/div>\n\t\t\t<div class=\"image-tools grid-tools text-center hide-for-small bottom hover-slide-in show-on-hover\">\n\t\t\t\t<a href=\"\/en\/wp-json\/wp\/v2\/pages\/1141?add-to-cart=1518\" aria-describedby=\"woocommerce_loop_add_to_cart_link_describedby_1518\" data-quantity=\"1\" class=\"add-to-cart-grid no-padding is-transparent product_type_simple add_to_cart_button ajax_add_to_cart\" data-product_id=\"1518\" data-product_sku=\"\" aria-label=\"Add to basket: \u201cQUAND VIENT LE CARNAVAL\u201d\" rel=\"nofollow\" data-success_message=\"\u201cQUAND VIENT LE CARNAVAL\u201d has been added to your basket\" role=\"button\" data-no-translation-aria-label=\"\" data-no-translation-data-success_message=\"\"><div class=\"cart-icon tooltip is-small\" title=\"Add to cart\" data-no-translation-title=\"\"><strong>+<\/strong><\/div><\/a>\t<span id=\"woocommerce_loop_add_to_cart_link_describedby_1518\" class=\"screen-reader-text\">\n\t\t\t<\/span>\n<a href=\"#quick-view\" class=\"quick-view\" role=\"button\" data-prod=\"1518\" aria-haspopup=\"dialog\" aria-expanded=\"false\" data-flatsome-role-button>Quick View<\/a>\t\t\t<\/div>\n\t\t\t\t\t<\/div>\n\n\t\t<div class=\"box-text box-text-products text-center grid-style-2\">\n\t\t\t<div class=\"title-wrapper\"><p class=\"name product-title woocommerce-loop-product__title\"><a href=\"https:\/\/editionslightmotiv.com\/en\/product\/quand-vient-le-carnaval\/\" class=\"woocommerce-LoopProduct-link woocommerce-loop-product__link\">QUAND VIENT LE CARNAVAL<\/a><\/p><\/div><div class=\"price-wrapper\">\n\t<span class=\"price\"><span class=\"woocommerce-Price-amount amount\"><bdi>29,50<span class=\"woocommerce-Price-currencySymbol\">&euro;<\/span><\/bdi><\/span><\/span>\n<\/div>\t\t<\/div>\n\t<\/div>\n\t\t<\/div>\n<\/div><div class=\"product-small col has-hover product type-product post-1539 status-publish instock product_cat-livre-avec-tirage product_tag-carnaval product_tag-carnaval-de-dunkerque product_tag-carnival product_tag-documentary-photography product_tag-dunkerque product_tag-hauts-de-france product_tag-livre-photo product_tag-livre-photographique product_tag-ludovic-bertin product_tag-marie-genel product_tag-nord product_tag-pascal-dessaint product_tag-photobook product_tag-photographie-documentaire product_tag-pierre-volot product_tag-print product_tag-tirage has-post-thumbnail shipping-taxable purchasable product-type-variable\">\n\t<div class=\"col-inner\">\n\t\n<div class=\"badge-container absolute left top z-1\">\n\n<\/div>\n\t<div class=\"product-small box\">\n\t\t<div class=\"box-image\">\n\t\t\t<div class=\"image-zoom-fade\">\n\t\t\t\t<a href=\"https:\/\/editionslightmotiv.com\/en\/product\/quand-vient-le-carnaval-tirage\/\">\n\t\t\t\t\t<img loading=\"lazy\" decoding=\"async\" width=\"600\" height=\"720\" src=\"https:\/\/editionslightmotiv.com\/wp-content\/uploads\/2015\/08\/Carnaval_LTD_site-600x720.jpg\" class=\"attachment-woocommerce_thumbnail size-woocommerce_thumbnail\" alt=\"Quand vient le carnaval - Livre avec tirage\" \/>\t\t\t\t<\/a>\n\t\t\t<\/div>\n\t\t\t<div class=\"image-tools is-small top right show-on-hover\">\n\t\t\t\t\t\t\t<\/div>\n\t\t\t<div class=\"image-tools is-small hide-for-small bottom left show-on-hover\">\n\t\t\t\t\t\t\t<\/div>\n\t\t\t<div class=\"image-tools grid-tools text-center hide-for-small bottom hover-slide-in show-on-hover\">\n\t\t\t\t<a href=\"https:\/\/editionslightmotiv.com\/en\/product\/quand-vient-le-carnaval-tirage\/\" aria-describedby=\"woocommerce_loop_add_to_cart_link_describedby_1539\" data-quantity=\"1\" class=\"add-to-cart-grid no-padding is-transparent product_type_variable add_to_cart_button\" data-product_id=\"1539\" data-product_sku=\"\" aria-label=\"Select options for \u201cQuand vient le carnaval - Livre avec tirage\u201d\" rel=\"nofollow\" data-no-translation-aria-label=\"\"><div class=\"cart-icon tooltip is-small\" title=\"Select options\" data-no-translation-title=\"\"><strong>+<\/strong><\/div><\/a>\t<span id=\"woocommerce_loop_add_to_cart_link_describedby_1539\" class=\"screen-reader-text\">\n\t\tThis product has multiple variants. The options may be chosen on the product page\t<\/span>\n<a href=\"#quick-view\" class=\"quick-view\" role=\"button\" data-prod=\"1539\" aria-haspopup=\"dialog\" aria-expanded=\"false\" data-flatsome-role-button>Quick View<\/a>\t\t\t<\/div>\n\t\t\t\t\t<\/div>\n\n\t\t<div class=\"box-text box-text-products text-center grid-style-2\">\n\t\t\t<div class=\"title-wrapper\"><p class=\"name product-title woocommerce-loop-product__title\"><a href=\"https:\/\/editionslightmotiv.com\/en\/product\/quand-vient-le-carnaval-tirage\/\" class=\"woocommerce-LoopProduct-link woocommerce-loop-product__link\">Quand vient le carnaval &#8211; Livre avec tirage<\/a><\/p><\/div><div class=\"price-wrapper\">\n\t<span class=\"price\"><span class=\"woocommerce-Price-amount amount\"><bdi>130,00<span class=\"woocommerce-Price-currencySymbol\">&euro;<\/span><\/bdi><\/span><\/span>\n<\/div>\t\t<\/div>\n\t<\/div>\n\t\t<\/div>\n<\/div><\/div>","protected":false},"excerpt":{"rendered":"","protected":false},"author":1,"featured_media":0,"parent":43,"menu_order":0,"comment_status":"closed","ping_status":"closed","template":"","meta":{"footnotes":""},"class_list":["post-1141","page","type-page","status-publish","hentry"],"_links":{"self":[{"href":"https:\/\/editionslightmotiv.com\/en\/wp-json\/wp\/v2\/pages\/1141","targetHints":{"allow":["GET"]}}],"collection":[{"href":"https:\/\/editionslightmotiv.com\/en\/wp-json\/wp\/v2\/pages"}],"about":[{"href":"https:\/\/editionslightmotiv.com\/en\/wp-json\/wp\/v2\/types\/page"}],"author":[{"embeddable":true,"href":"https:\/\/editionslightmotiv.com\/en\/wp-json\/wp\/v2\/users\/1"}],"replies":[{"embeddable":true,"href":"https:\/\/editionslightmotiv.com\/en\/wp-json\/wp\/v2\/comments?post=1141"}],"version-history":[{"count":17,"href":"https:\/\/editionslightmotiv.com\/en\/wp-json\/wp\/v2\/pages\/1141\/revisions"}],"predecessor-version":[{"id":5204,"href":"https:\/\/editionslightmotiv.com\/en\/wp-json\/wp\/v2\/pages\/1141\/revisions\/5204"}],"up":[{"embeddable":true,"href":"https:\/\/editionslightmotiv.com\/en\/wp-json\/wp\/v2\/pages\/43"}],"wp:attachment":[{"href":"https:\/\/editionslightmotiv.com\/en\/wp-json\/wp\/v2\/media?parent=1141"}],"curies":[{"name":"wp","href":"https:\/\/api.w.org\/{rel}","templated":true}]}}